{"id":2703,"date":"2024-03-27T20:00:24","date_gmt":"2024-03-27T19:00:24","guid":{"rendered":"https:\/\/www.mosigkau.net\/?page_id=2703"},"modified":"2024-03-27T20:00:25","modified_gmt":"2024-03-27T19:00:25","slug":"vergissmeinnicht","status":"publish","type":"page","link":"https:\/\/mosigkau-net.datel-dessau.de\/cms\/ueber-mosigkau\/gewerbe\/vergissmeinnicht\/","title":{"rendered":"Vergi\u00dfmeinnicht"},"content":{"rendered":"<h2>Seniorentagespflege &amp; Betreuung<br \/>\nVergi\u00dfmeinnicht<a href=\"https:\/\/mosigkau-net.datel-dessau.de\/cms\/ueber-mosigkau\/gewerbe\/vergissmeinnicht\/vergissmeinicht\/\" rel=\"attachment wp-att-2704\"><img loading=\"lazy\" decoding=\"async\" class=\"size-full wp-image-2704 alignright\" src=\"https:\/\/mosigkau-net.datel-dessau.de\/cms\/cms\/wp-content\/uploads\/2024\/03\/vergissmeinicht.png\" alt=\"\" width=\"517\" height=\"195\" srcset=\"https:\/\/mosigkau-net.datel-dessau.de\/cms\/wp-content\/uploads\/2024\/03\/vergissmeinicht.png 517w, https:\/\/mosigkau-net.datel-dessau.de\/cms\/wp-content\/uploads\/2024\/03\/vergissmeinicht-300x113.png 300w\" sizes=\"auto, (max-width: 517px) 100vw, 517px\" \/><\/a><\/h2>\n<p class=\"subtitle\">F\u00fcrsorgliche Betreuung in einem angenehmen Ambiente<\/p>\n<p>Viele pflegebed\u00fcrftige Menschen ben\u00f6tigen oder wollen keine station\u00e4re Pflege. Um trotzdem eine Betreuung auf einem hohen Niveau abzusichern und Langeweile sowie Vereinsamung vorzubeugen, bieten wir Ihnen eine ganzheitliche Tagespflege an. Gemeinsam mit unserem Team stehen zahlreiche und vielf\u00e4ltige Aktivit\u00e4ten im Vordergrund eines abwechslungsreichen Alltags.<\/p>\n<h3><span class=\"color_15\">Kontakt:<br \/>\n<\/span><\/h3>\n<p class=\"font_9\"><span class=\"color_15\">Inhaberin: Britta Hammermann<br \/>\nOrangeriestr. 28<br \/>\n<\/span><span class=\"color_15\">06847 Dessau-Ro\u00dflau<\/span><\/p>\n<div id=\"comp-jxatuux41\" class=\"_1Q9if\" data-testid=\"richTextElement\">\n<p class=\"font_9\"><span class=\"color_15\">Webseite: <a href=\"https:\/\/www.seniorentagespflege-mosigkau.de\" target=\"_blank\" rel=\"noopener\">www.seniorentagespflege-mosigkau.de<\/a><br \/>\nMail: <a href=\"mailto:seniorentagespflege-mosigkau@gmx.de\" data-track-event=\"click\" data-track-action=\"email_link\">seniorentagespflege-mosigkau@gmx.de<\/a><br \/>\nTel. <a href=\"tel:+493457116661\">0340- <span data-global=\"phone\">57116661<\/span><\/a><br \/>\n<\/span><\/p>\n<\/div>\n","protected":false},"excerpt":{"rendered":"<p>Seniorentagespflege &amp; Betreuung Vergi\u00dfmeinnicht F\u00fcrsorgliche Betreuung in einem angenehmen Ambiente Viele pflegebed\u00fcrftige Menschen ben\u00f6tigen oder wollen<\/p>\n","protected":false},"author":2,"featured_media":0,"parent":142,"menu_order":0,"comment_status":"closed","ping_status":"closed","template":"","meta":{"footnotes":""},"class_list":["post-2703","page","type-page","status-publish","hentry"],"yoast_head":"<!-- This site is optimized with the Yoast SEO plugin v28.3 - https:\/\/yoast.com\/product\/yoast-seo-wordpress\/ -->\n<title>Vergi\u00dfmeinnicht - Mosigkau NET(T)<\/title>\n<meta name=\"robots\" content=\"index, follow, max-snippet:-1, max-image-preview:large, max-video-preview:-1\" \/>\n<link rel=\"canonical\" href=\"https:\/\/mosigkau-net.datel-dessau.de\/cms\/ueber-mosigkau\/gewerbe\/vergissmeinnicht\/\" \/>\n<meta property=\"og:locale\" content=\"de_DE\" \/>\n<meta property=\"og:type\" content=\"article\" \/>\n<meta property=\"og:title\" content=\"Vergi\u00dfmeinnicht - Mosigkau NET(T)\" \/>\n<meta property=\"og:description\" content=\"Seniorentagespflege &amp; Betreuung Vergi\u00dfmeinnicht F\u00fcrsorgliche Betreuung in einem angenehmen Ambiente Viele pflegebed\u00fcrftige Menschen ben\u00f6tigen oder wollen\" \/>\n<meta property=\"og:url\" content=\"https:\/\/mosigkau-net.datel-dessau.de\/cms\/ueber-mosigkau\/gewerbe\/vergissmeinnicht\/\" \/>\n<meta property=\"og:site_name\" content=\"Mosigkau NET(T)\" \/>\n<meta property=\"article:modified_time\" content=\"2024-03-27T19:00:25+00:00\" \/>\n<meta property=\"og:image\" content=\"https:\/\/mosigkau-net.datel-dessau.de\/cms\/cms\/wp-content\/uploads\/2024\/03\/vergissmeinicht.png\" \/>\n<meta name=\"twitter:card\" content=\"summary_large_image\" \/>\n<meta name=\"twitter:label1\" content=\"Gesch\u00e4tzte Lesezeit\" \/>\n\t<meta name=\"twitter:data1\" content=\"1\u00a0Minute\" \/>\n<script type=\"application\/ld+json\" class=\"yoast-schema-graph\">{\"@context\":\"https:\\\/\\\/schema.org\",\"@graph\":[{\"@type\":\"WebPage\",\"@id\":\"https:\\\/\\\/mosigkau-net.datel-dessau.de\\\/cms\\\/ueber-mosigkau\\\/gewerbe\\\/vergissmeinnicht\\\/\",\"url\":\"https:\\\/\\\/mosigkau-net.datel-dessau.de\\\/cms\\\/ueber-mosigkau\\\/gewerbe\\\/vergissmeinnicht\\\/\",\"name\":\"Vergi\u00dfmeinnicht - Mosigkau NET(T)\",\"isPartOf\":{\"@id\":\"https:\\\/\\\/mosigkau-net.datel-dessau.de\\\/cms\\\/#website\"},\"primaryImageOfPage\":{\"@id\":\"https:\\\/\\\/mosigkau-net.datel-dessau.de\\\/cms\\\/ueber-mosigkau\\\/gewerbe\\\/vergissmeinnicht\\\/#primaryimage\"},\"image\":{\"@id\":\"https:\\\/\\\/mosigkau-net.datel-dessau.de\\\/cms\\\/ueber-mosigkau\\\/gewerbe\\\/vergissmeinnicht\\\/#primaryimage\"},\"thumbnailUrl\":\"https:\\\/\\\/mosigkau-net.datel-dessau.de\\\/cms\\\/cms\\\/wp-content\\\/uploads\\\/2024\\\/03\\\/vergissmeinicht.png\",\"datePublished\":\"2024-03-27T19:00:24+00:00\",\"dateModified\":\"2024-03-27T19:00:25+00:00\",\"breadcrumb\":{\"@id\":\"https:\\\/\\\/mosigkau-net.datel-dessau.de\\\/cms\\\/ueber-mosigkau\\\/gewerbe\\\/vergissmeinnicht\\\/#breadcrumb\"},\"inLanguage\":\"de\",\"potentialAction\":[{\"@type\":\"ReadAction\",\"target\":[\"https:\\\/\\\/mosigkau-net.datel-dessau.de\\\/cms\\\/ueber-mosigkau\\\/gewerbe\\\/vergissmeinnicht\\\/\"]}]},{\"@type\":\"ImageObject\",\"inLanguage\":\"de\",\"@id\":\"https:\\\/\\\/mosigkau-net.datel-dessau.de\\\/cms\\\/ueber-mosigkau\\\/gewerbe\\\/vergissmeinnicht\\\/#primaryimage\",\"url\":\"https:\\\/\\\/mosigkau-net.datel-dessau.de\\\/cms\\\/wp-content\\\/uploads\\\/2024\\\/03\\\/vergissmeinicht.png\",\"contentUrl\":\"https:\\\/\\\/mosigkau-net.datel-dessau.de\\\/cms\\\/wp-content\\\/uploads\\\/2024\\\/03\\\/vergissmeinicht.png\",\"width\":517,\"height\":195},{\"@type\":\"BreadcrumbList\",\"@id\":\"https:\\\/\\\/mosigkau-net.datel-dessau.de\\\/cms\\\/ueber-mosigkau\\\/gewerbe\\\/vergissmeinnicht\\\/#breadcrumb\",\"itemListElement\":[{\"@type\":\"ListItem\",\"position\":1,\"name\":\"Startseite\",\"item\":\"https:\\\/\\\/mosigkau-net.datel-dessau.de\\\/cms\\\/\"},{\"@type\":\"ListItem\",\"position\":2,\"name\":\"\u00dcber Mosigkau\",\"item\":\"https:\\\/\\\/mosigkau-net.datel-dessau.de\\\/cms\\\/ueber-mosigkau\\\/\"},{\"@type\":\"ListItem\",\"position\":3,\"name\":\"Gewerbe\",\"item\":\"https:\\\/\\\/mosigkau-net.datel-dessau.de\\\/cms\\\/ueber-mosigkau\\\/gewerbe\\\/\"},{\"@type\":\"ListItem\",\"position\":4,\"name\":\"Vergi\u00dfmeinnicht\"}]},{\"@type\":\"WebSite\",\"@id\":\"https:\\\/\\\/mosigkau-net.datel-dessau.de\\\/cms\\\/#website\",\"url\":\"https:\\\/\\\/mosigkau-net.datel-dessau.de\\\/cms\\\/\",\"name\":\"Mosigkau NET(T)\",\"description\":\"Informationen rund um Mosigkau\",\"publisher\":{\"@id\":\"https:\\\/\\\/mosigkau-net.datel-dessau.de\\\/cms\\\/#organization\"},\"potentialAction\":[{\"@type\":\"SearchAction\",\"target\":{\"@type\":\"EntryPoint\",\"urlTemplate\":\"https:\\\/\\\/mosigkau-net.datel-dessau.de\\\/cms\\\/?s={search_term_string}\"},\"query-input\":{\"@type\":\"PropertyValueSpecification\",\"valueRequired\":true,\"valueName\":\"search_term_string\"}}],\"inLanguage\":\"de\"},{\"@type\":\"Organization\",\"@id\":\"https:\\\/\\\/mosigkau-net.datel-dessau.de\\\/cms\\\/#organization\",\"name\":\"Mosigkau NET(T)\",\"url\":\"https:\\\/\\\/mosigkau-net.datel-dessau.de\\\/cms\\\/\",\"logo\":{\"@type\":\"ImageObject\",\"inLanguage\":\"de\",\"@id\":\"https:\\\/\\\/mosigkau-net.datel-dessau.de\\\/cms\\\/#\\\/schema\\\/logo\\\/image\\\/\",\"url\":\"https:\\\/\\\/mosigkau-net.datel-dessau.de\\\/cms\\\/cms\\\/wp-content\\\/uploads\\\/2021\\\/08\\\/wappen.png\",\"contentUrl\":\"https:\\\/\\\/mosigkau-net.datel-dessau.de\\\/cms\\\/cms\\\/wp-content\\\/uploads\\\/2021\\\/08\\\/wappen.png\",\"width\":512,\"height\":512,\"caption\":\"Mosigkau NET(T)\"},\"image\":{\"@id\":\"https:\\\/\\\/mosigkau-net.datel-dessau.de\\\/cms\\\/#\\\/schema\\\/logo\\\/image\\\/\"}}]}<\/script>\n<!-- \/ Yoast SEO plugin. -->","yoast_head_json":{"title":"Vergi\u00dfmeinnicht - Mosigkau NET(T)","robots":{"index":"index","follow":"follow","max-snippet":"max-snippet:-1","max-image-preview":"max-image-preview:large","max-video-preview":"max-video-preview:-1"},"canonical":"https:\/\/mosigkau-net.datel-dessau.de\/cms\/ueber-mosigkau\/gewerbe\/vergissmeinnicht\/","og_locale":"de_DE","og_type":"article","og_title":"Vergi\u00dfmeinnicht - Mosigkau NET(T)","og_description":"Seniorentagespflege &amp; Betreuung Vergi\u00dfmeinnicht F\u00fcrsorgliche Betreuung in einem angenehmen Ambiente Viele pflegebed\u00fcrftige Menschen ben\u00f6tigen oder wollen","og_url":"https:\/\/mosigkau-net.datel-dessau.de\/cms\/ueber-mosigkau\/gewerbe\/vergissmeinnicht\/","og_site_name":"Mosigkau NET(T)","article_modified_time":"2024-03-27T19:00:25+00:00","og_image":[{"url":"https:\/\/mosigkau-net.datel-dessau.de\/cms\/cms\/wp-content\/uploads\/2024\/03\/vergissmeinicht.png","type":"","width":"","height":""}],"twitter_card":"summary_large_image","twitter_misc":{"Gesch\u00e4tzte Lesezeit":"1\u00a0Minute"},"schema":{"@context":"https:\/\/schema.org","@graph":[{"@type":"WebPage","@id":"https:\/\/mosigkau-net.datel-dessau.de\/cms\/ueber-mosigkau\/gewerbe\/vergissmeinnicht\/","url":"https:\/\/mosigkau-net.datel-dessau.de\/cms\/ueber-mosigkau\/gewerbe\/vergissmeinnicht\/","name":"Vergi\u00dfmeinnicht - Mosigkau NET(T)","isPartOf":{"@id":"https:\/\/mosigkau-net.datel-dessau.de\/cms\/#website"},"primaryImageOfPage":{"@id":"https:\/\/mosigkau-net.datel-dessau.de\/cms\/ueber-mosigkau\/gewerbe\/vergissmeinnicht\/#primaryimage"},"image":{"@id":"https:\/\/mosigkau-net.datel-dessau.de\/cms\/ueber-mosigkau\/gewerbe\/vergissmeinnicht\/#primaryimage"},"thumbnailUrl":"https:\/\/mosigkau-net.datel-dessau.de\/cms\/cms\/wp-content\/uploads\/2024\/03\/vergissmeinicht.png","datePublished":"2024-03-27T19:00:24+00:00","dateModified":"2024-03-27T19:00:25+00:00","breadcrumb":{"@id":"https:\/\/mosigkau-net.datel-dessau.de\/cms\/ueber-mosigkau\/gewerbe\/vergissmeinnicht\/#breadcrumb"},"inLanguage":"de","potentialAction":[{"@type":"ReadAction","target":["https:\/\/mosigkau-net.datel-dessau.de\/cms\/ueber-mosigkau\/gewerbe\/vergissmeinnicht\/"]}]},{"@type":"ImageObject","inLanguage":"de","@id":"https:\/\/mosigkau-net.datel-dessau.de\/cms\/ueber-mosigkau\/gewerbe\/vergissmeinnicht\/#primaryimage","url":"https:\/\/mosigkau-net.datel-dessau.de\/cms\/wp-content\/uploads\/2024\/03\/vergissmeinicht.png","contentUrl":"https:\/\/mosigkau-net.datel-dessau.de\/cms\/wp-content\/uploads\/2024\/03\/vergissmeinicht.png","width":517,"height":195},{"@type":"BreadcrumbList","@id":"https:\/\/mosigkau-net.datel-dessau.de\/cms\/ueber-mosigkau\/gewerbe\/vergissmeinnicht\/#breadcrumb","itemListElement":[{"@type":"ListItem","position":1,"name":"Startseite","item":"https:\/\/mosigkau-net.datel-dessau.de\/cms\/"},{"@type":"ListItem","position":2,"name":"\u00dcber Mosigkau","item":"https:\/\/mosigkau-net.datel-dessau.de\/cms\/ueber-mosigkau\/"},{"@type":"ListItem","position":3,"name":"Gewerbe","item":"https:\/\/mosigkau-net.datel-dessau.de\/cms\/ueber-mosigkau\/gewerbe\/"},{"@type":"ListItem","position":4,"name":"Vergi\u00dfmeinnicht"}]},{"@type":"WebSite","@id":"https:\/\/mosigkau-net.datel-dessau.de\/cms\/#website","url":"https:\/\/mosigkau-net.datel-dessau.de\/cms\/","name":"Mosigkau NET(T)","description":"Informationen rund um Mosigkau","publisher":{"@id":"https:\/\/mosigkau-net.datel-dessau.de\/cms\/#organization"},"potentialAction":[{"@type":"SearchAction","target":{"@type":"EntryPoint","urlTemplate":"https:\/\/mosigkau-net.datel-dessau.de\/cms\/?s={search_term_string}"},"query-input":{"@type":"PropertyValueSpecification","valueRequired":true,"valueName":"search_term_string"}}],"inLanguage":"de"},{"@type":"Organization","@id":"https:\/\/mosigkau-net.datel-dessau.de\/cms\/#organization","name":"Mosigkau NET(T)","url":"https:\/\/mosigkau-net.datel-dessau.de\/cms\/","logo":{"@type":"ImageObject","inLanguage":"de","@id":"https:\/\/mosigkau-net.datel-dessau.de\/cms\/#\/schema\/logo\/image\/","url":"https:\/\/mosigkau-net.datel-dessau.de\/cms\/cms\/wp-content\/uploads\/2021\/08\/wappen.png","contentUrl":"https:\/\/mosigkau-net.datel-dessau.de\/cms\/cms\/wp-content\/uploads\/2021\/08\/wappen.png","width":512,"height":512,"caption":"Mosigkau NET(T)"},"image":{"@id":"https:\/\/mosigkau-net.datel-dessau.de\/cms\/#\/schema\/logo\/image\/"}}]}},"publishpress_future_action":{"enabled":false,"date":"2026-09-09 13:33:47","action":"change-status","newStatus":"draft","terms":[],"taxonomy":"","extraData":[]},"publishpress_future_workflow_manual_trigger":{"enabledWorkflows":[]},"_links":{"self":[{"href":"https:\/\/mosigkau-net.datel-dessau.de\/cms\/wp-json\/wp\/v2\/pages\/2703","targetHints":{"allow":["GET"]}}],"collection":[{"href":"https:\/\/mosigkau-net.datel-dessau.de\/cms\/wp-json\/wp\/v2\/pages"}],"about":[{"href":"https:\/\/mosigkau-net.datel-dessau.de\/cms\/wp-json\/wp\/v2\/types\/page"}],"author":[{"embeddable":true,"href":"https:\/\/mosigkau-net.datel-dessau.de\/cms\/wp-json\/wp\/v2\/users\/2"}],"replies":[{"embeddable":true,"href":"https:\/\/mosigkau-net.datel-dessau.de\/cms\/wp-json\/wp\/v2\/comments?post=2703"}],"version-history":[{"count":2,"href":"https:\/\/mosigkau-net.datel-dessau.de\/cms\/wp-json\/wp\/v2\/pages\/2703\/revisions"}],"predecessor-version":[{"id":2706,"href":"https:\/\/mosigkau-net.datel-dessau.de\/cms\/wp-json\/wp\/v2\/pages\/2703\/revisions\/2706"}],"up":[{"embeddable":true,"href":"https:\/\/mosigkau-net.datel-dessau.de\/cms\/wp-json\/wp\/v2\/pages\/142"}],"wp:attachment":[{"href":"https:\/\/mosigkau-net.datel-dessau.de\/cms\/wp-json\/wp\/v2\/media?parent=2703"}],"curies":[{"name":"wp","href":"https:\/\/api.w.org\/{rel}","templated":true}]}}