{"id":388,"date":"2021-08-29T18:22:30","date_gmt":"2021-08-29T18:22:30","guid":{"rendered":"https:\/\/www.mosigkau.net\/?page_id=388"},"modified":"2023-02-14T21:09:08","modified_gmt":"2023-02-14T20:09:08","slug":"behindertenverband-dessau-e-v","status":"publish","type":"page","link":"https:\/\/mosigkau-net.datel-dessau.de\/cms\/ueber-mosigkau\/vereine\/behindertenverband-dessau-e-v\/","title":{"rendered":"Behindertenverband Dessau e.V."},"content":{"rendered":"<h2>Behindertenverband Dessau e.V.<img loading=\"lazy\" decoding=\"async\" class=\"alignright size-medium wp-image-389\" src=\"https:\/\/mosigkau-net.datel-dessau.de\/cms\/cms\/wp-content\/uploads\/2021\/08\/mosigkauer_schlosskinder-300x120.png\" alt=\"\" width=\"300\" height=\"120\" srcset=\"https:\/\/mosigkau-net.datel-dessau.de\/cms\/wp-content\/uploads\/2021\/08\/mosigkauer_schlosskinder-300x120.png 300w, https:\/\/mosigkau-net.datel-dessau.de\/cms\/wp-content\/uploads\/2021\/08\/mosigkauer_schlosskinder-768x307.png 768w, https:\/\/mosigkau-net.datel-dessau.de\/cms\/wp-content\/uploads\/2021\/08\/mosigkauer_schlosskinder.png 800w\" sizes=\"auto, (max-width: 300px) 100vw, 300px\" \/><\/h2>\n<p>Mit zwei Kinderg\u00e4rten begann es \u2013 heute betreibt der Behindertenverband Dessau insgesamt sieben Kindereinrichtungen von der Kinderkrippe bis zum Schulhort. Dazu geh\u00f6ren auch zwei integrative Einrichtungen, die von behinderten und nicht behinderten Kindern gemeinsam besucht werden.<\/p>\n<p>Die Kita &#8222;Mosigkauer Schlosskinder&#8220;:<\/p>\n<p>Zusammen spielen, Die Welt Entdecken, malen und basteln, Lachen, Spa\u00df haben, Singen und tanzen \u2026\u2026alle diese Sachen konnten die Kinder in den Jahren, in denen sie unsere Einrichtung besuchten, erleben und hatten hoffentlich genauso viel Spa\u00df dabei wie wir. Am 26.06. hie\u00df es nun Abschied nehmen von der Kindergartenzeit, den verbleibenden Freunden und nat\u00fcrlich von uns Erzieherinnen und Erziehern&#8230;.<\/p>\n<p>Die Kinder suchten ihre Zuckert\u00fcten, bekamen ihre Portfolios und Abschiedsgeschenke, welche von den \u201eK\u00f6nigskindern\u201c liebevoll gestaltet wurden sind.<\/p>\n<h3><span class=\"color_15\">Kontakt:<br \/>\n<\/span><\/h3>\n<p class=\"font_9\"><span class=\"color_15\">Frau Antje Schumann<br \/>\n<span class=\"street-address\">Knobelsdorffallee <\/span>5<br \/>\n<\/span><span class=\"color_15\">06847 Dessau-Ro\u00dflau<\/span><\/p>\n<div id=\"comp-jxatuux41\" class=\"_1Q9if\" data-testid=\"richTextElement\">\n<p class=\"font_9\"><span class=\"color_15\">Webseite: <a href=\"https:\/\/www.behindertenverband.de\/kinder\/mosigkauer-schlosskinder.html\">https:\/\/www.behindertenverband.de\/kinder\/mosigkauer-schlosskinder.html<\/a><br \/>\nE-Mail: <a href=\"mailto:mosigkauer-schlosskinder@behindertenverband.de\">mosigkauer-schlosskinder@behindertenverband.de<\/a><br \/>\nTelefon: <span class=\"value\">0340 \/ 516\u00a075\u00a085<br \/>\n<\/span>Telefax: <span class=\"value\">0340 \/ 516\u00a074\u00a078<\/span><br \/>\n<\/span><\/p>\n<\/div>\n","protected":false},"excerpt":{"rendered":"<p>Behindertenverband Dessau e.V. Mit zwei Kinderg\u00e4rten begann es \u2013 heute betreibt der Behindertenverband Dessau insgesamt sieben<\/p>\n","protected":false},"author":2,"featured_media":0,"parent":372,"menu_order":0,"comment_status":"closed","ping_status":"closed","template":"","meta":{"footnotes":""},"class_list":["post-388","page","type-page","status-publish","hentry"],"yoast_head":"<!-- This site is optimized with the Yoast SEO plugin v28.3 - https:\/\/yoast.com\/product\/yoast-seo-wordpress\/ -->\n<title>Behindertenverband Dessau e.V. - Mosigkau NET(T)<\/title>\n<meta name=\"robots\" content=\"index, follow, max-snippet:-1, max-image-preview:large, max-video-preview:-1\" \/>\n<link rel=\"canonical\" href=\"https:\/\/mosigkau-net.datel-dessau.de\/cms\/ueber-mosigkau\/vereine\/behindertenverband-dessau-e-v\/\" \/>\n<meta property=\"og:locale\" content=\"de_DE\" \/>\n<meta property=\"og:type\" content=\"article\" \/>\n<meta property=\"og:title\" content=\"Behindertenverband Dessau e.V. - Mosigkau NET(T)\" \/>\n<meta property=\"og:description\" content=\"Behindertenverband Dessau e.V. Mit zwei Kinderg\u00e4rten begann es \u2013 heute betreibt der Behindertenverband Dessau insgesamt sieben\" \/>\n<meta property=\"og:url\" content=\"https:\/\/mosigkau-net.datel-dessau.de\/cms\/ueber-mosigkau\/vereine\/behindertenverband-dessau-e-v\/\" \/>\n<meta property=\"og:site_name\" content=\"Mosigkau NET(T)\" \/>\n<meta property=\"article:modified_time\" content=\"2023-02-14T20:09:08+00:00\" \/>\n<meta property=\"og:image\" content=\"https:\/\/mosigkau-net.datel-dessau.de\/cms\/cms\/wp-content\/uploads\/2021\/08\/mosigkauer_schlosskinder-300x120.png\" \/>\n<meta name=\"twitter:card\" content=\"summary_large_image\" \/>\n<meta name=\"twitter:label1\" content=\"Gesch\u00e4tzte Lesezeit\" \/>\n\t<meta name=\"twitter:data1\" content=\"1\u00a0Minute\" \/>\n<script type=\"application\/ld+json\" class=\"yoast-schema-graph\">{\"@context\":\"https:\\\/\\\/schema.org\",\"@graph\":[{\"@type\":\"WebPage\",\"@id\":\"https:\\\/\\\/mosigkau-net.datel-dessau.de\\\/cms\\\/ueber-mosigkau\\\/vereine\\\/behindertenverband-dessau-e-v\\\/\",\"url\":\"https:\\\/\\\/mosigkau-net.datel-dessau.de\\\/cms\\\/ueber-mosigkau\\\/vereine\\\/behindertenverband-dessau-e-v\\\/\",\"name\":\"Behindertenverband Dessau e.V. - Mosigkau NET(T)\",\"isPartOf\":{\"@id\":\"https:\\\/\\\/mosigkau-net.datel-dessau.de\\\/cms\\\/#website\"},\"primaryImageOfPage\":{\"@id\":\"https:\\\/\\\/mosigkau-net.datel-dessau.de\\\/cms\\\/ueber-mosigkau\\\/vereine\\\/behindertenverband-dessau-e-v\\\/#primaryimage\"},\"image\":{\"@id\":\"https:\\\/\\\/mosigkau-net.datel-dessau.de\\\/cms\\\/ueber-mosigkau\\\/vereine\\\/behindertenverband-dessau-e-v\\\/#primaryimage\"},\"thumbnailUrl\":\"https:\\\/\\\/mosigkau-net.datel-dessau.de\\\/cms\\\/cms\\\/wp-content\\\/uploads\\\/2021\\\/08\\\/mosigkauer_schlosskinder-300x120.png\",\"datePublished\":\"2021-08-29T18:22:30+00:00\",\"dateModified\":\"2023-02-14T20:09:08+00:00\",\"breadcrumb\":{\"@id\":\"https:\\\/\\\/mosigkau-net.datel-dessau.de\\\/cms\\\/ueber-mosigkau\\\/vereine\\\/behindertenverband-dessau-e-v\\\/#breadcrumb\"},\"inLanguage\":\"de\",\"potentialAction\":[{\"@type\":\"ReadAction\",\"target\":[\"https:\\\/\\\/mosigkau-net.datel-dessau.de\\\/cms\\\/ueber-mosigkau\\\/vereine\\\/behindertenverband-dessau-e-v\\\/\"]}]},{\"@type\":\"ImageObject\",\"inLanguage\":\"de\",\"@id\":\"https:\\\/\\\/mosigkau-net.datel-dessau.de\\\/cms\\\/ueber-mosigkau\\\/vereine\\\/behindertenverband-dessau-e-v\\\/#primaryimage\",\"url\":\"https:\\\/\\\/mosigkau-net.datel-dessau.de\\\/cms\\\/wp-content\\\/uploads\\\/2021\\\/08\\\/mosigkauer_schlosskinder.png\",\"contentUrl\":\"https:\\\/\\\/mosigkau-net.datel-dessau.de\\\/cms\\\/wp-content\\\/uploads\\\/2021\\\/08\\\/mosigkauer_schlosskinder.png\",\"width\":800,\"height\":320},{\"@type\":\"BreadcrumbList\",\"@id\":\"https:\\\/\\\/mosigkau-net.datel-dessau.de\\\/cms\\\/ueber-mosigkau\\\/vereine\\\/behindertenverband-dessau-e-v\\\/#breadcrumb\",\"itemListElement\":[{\"@type\":\"ListItem\",\"position\":1,\"name\":\"Startseite\",\"item\":\"https:\\\/\\\/mosigkau-net.datel-dessau.de\\\/cms\\\/\"},{\"@type\":\"ListItem\",\"position\":2,\"name\":\"\u00dcber Mosigkau\",\"item\":\"https:\\\/\\\/mosigkau-net.datel-dessau.de\\\/cms\\\/ueber-mosigkau\\\/\"},{\"@type\":\"ListItem\",\"position\":3,\"name\":\"Vereine\",\"item\":\"https:\\\/\\\/mosigkau-net.datel-dessau.de\\\/cms\\\/ueber-mosigkau\\\/vereine\\\/\"},{\"@type\":\"ListItem\",\"position\":4,\"name\":\"Behindertenverband Dessau e.V.\"}]},{\"@type\":\"WebSite\",\"@id\":\"https:\\\/\\\/mosigkau-net.datel-dessau.de\\\/cms\\\/#website\",\"url\":\"https:\\\/\\\/mosigkau-net.datel-dessau.de\\\/cms\\\/\",\"name\":\"Mosigkau NET(T)\",\"description\":\"Informationen rund um Mosigkau\",\"publisher\":{\"@id\":\"https:\\\/\\\/mosigkau-net.datel-dessau.de\\\/cms\\\/#organization\"},\"potentialAction\":[{\"@type\":\"SearchAction\",\"target\":{\"@type\":\"EntryPoint\",\"urlTemplate\":\"https:\\\/\\\/mosigkau-net.datel-dessau.de\\\/cms\\\/?s={search_term_string}\"},\"query-input\":{\"@type\":\"PropertyValueSpecification\",\"valueRequired\":true,\"valueName\":\"search_term_string\"}}],\"inLanguage\":\"de\"},{\"@type\":\"Organization\",\"@id\":\"https:\\\/\\\/mosigkau-net.datel-dessau.de\\\/cms\\\/#organization\",\"name\":\"Mosigkau NET(T)\",\"url\":\"https:\\\/\\\/mosigkau-net.datel-dessau.de\\\/cms\\\/\",\"logo\":{\"@type\":\"ImageObject\",\"inLanguage\":\"de\",\"@id\":\"https:\\\/\\\/mosigkau-net.datel-dessau.de\\\/cms\\\/#\\\/schema\\\/logo\\\/image\\\/\",\"url\":\"https:\\\/\\\/mosigkau-net.datel-dessau.de\\\/cms\\\/cms\\\/wp-content\\\/uploads\\\/2021\\\/08\\\/wappen.png\",\"contentUrl\":\"https:\\\/\\\/mosigkau-net.datel-dessau.de\\\/cms\\\/cms\\\/wp-content\\\/uploads\\\/2021\\\/08\\\/wappen.png\",\"width\":512,\"height\":512,\"caption\":\"Mosigkau NET(T)\"},\"image\":{\"@id\":\"https:\\\/\\\/mosigkau-net.datel-dessau.de\\\/cms\\\/#\\\/schema\\\/logo\\\/image\\\/\"}}]}<\/script>\n<!-- \/ Yoast SEO plugin. -->","yoast_head_json":{"title":"Behindertenverband Dessau e.V. - Mosigkau NET(T)","robots":{"index":"index","follow":"follow","max-snippet":"max-snippet:-1","max-image-preview":"max-image-preview:large","max-video-preview":"max-video-preview:-1"},"canonical":"https:\/\/mosigkau-net.datel-dessau.de\/cms\/ueber-mosigkau\/vereine\/behindertenverband-dessau-e-v\/","og_locale":"de_DE","og_type":"article","og_title":"Behindertenverband Dessau e.V. - Mosigkau NET(T)","og_description":"Behindertenverband Dessau e.V. Mit zwei Kinderg\u00e4rten begann es \u2013 heute betreibt der Behindertenverband Dessau insgesamt sieben","og_url":"https:\/\/mosigkau-net.datel-dessau.de\/cms\/ueber-mosigkau\/vereine\/behindertenverband-dessau-e-v\/","og_site_name":"Mosigkau NET(T)","article_modified_time":"2023-02-14T20:09:08+00:00","og_image":[{"url":"https:\/\/mosigkau-net.datel-dessau.de\/cms\/cms\/wp-content\/uploads\/2021\/08\/mosigkauer_schlosskinder-300x120.png","type":"","width":"","height":""}],"twitter_card":"summary_large_image","twitter_misc":{"Gesch\u00e4tzte Lesezeit":"1\u00a0Minute"},"schema":{"@context":"https:\/\/schema.org","@graph":[{"@type":"WebPage","@id":"https:\/\/mosigkau-net.datel-dessau.de\/cms\/ueber-mosigkau\/vereine\/behindertenverband-dessau-e-v\/","url":"https:\/\/mosigkau-net.datel-dessau.de\/cms\/ueber-mosigkau\/vereine\/behindertenverband-dessau-e-v\/","name":"Behindertenverband Dessau e.V. - Mosigkau NET(T)","isPartOf":{"@id":"https:\/\/mosigkau-net.datel-dessau.de\/cms\/#website"},"primaryImageOfPage":{"@id":"https:\/\/mosigkau-net.datel-dessau.de\/cms\/ueber-mosigkau\/vereine\/behindertenverband-dessau-e-v\/#primaryimage"},"image":{"@id":"https:\/\/mosigkau-net.datel-dessau.de\/cms\/ueber-mosigkau\/vereine\/behindertenverband-dessau-e-v\/#primaryimage"},"thumbnailUrl":"https:\/\/mosigkau-net.datel-dessau.de\/cms\/cms\/wp-content\/uploads\/2021\/08\/mosigkauer_schlosskinder-300x120.png","datePublished":"2021-08-29T18:22:30+00:00","dateModified":"2023-02-14T20:09:08+00:00","breadcrumb":{"@id":"https:\/\/mosigkau-net.datel-dessau.de\/cms\/ueber-mosigkau\/vereine\/behindertenverband-dessau-e-v\/#breadcrumb"},"inLanguage":"de","potentialAction":[{"@type":"ReadAction","target":["https:\/\/mosigkau-net.datel-dessau.de\/cms\/ueber-mosigkau\/vereine\/behindertenverband-dessau-e-v\/"]}]},{"@type":"ImageObject","inLanguage":"de","@id":"https:\/\/mosigkau-net.datel-dessau.de\/cms\/ueber-mosigkau\/vereine\/behindertenverband-dessau-e-v\/#primaryimage","url":"https:\/\/mosigkau-net.datel-dessau.de\/cms\/wp-content\/uploads\/2021\/08\/mosigkauer_schlosskinder.png","contentUrl":"https:\/\/mosigkau-net.datel-dessau.de\/cms\/wp-content\/uploads\/2021\/08\/mosigkauer_schlosskinder.png","width":800,"height":320},{"@type":"BreadcrumbList","@id":"https:\/\/mosigkau-net.datel-dessau.de\/cms\/ueber-mosigkau\/vereine\/behindertenverband-dessau-e-v\/#breadcrumb","itemListElement":[{"@type":"ListItem","position":1,"name":"Startseite","item":"https:\/\/mosigkau-net.datel-dessau.de\/cms\/"},{"@type":"ListItem","position":2,"name":"\u00dcber Mosigkau","item":"https:\/\/mosigkau-net.datel-dessau.de\/cms\/ueber-mosigkau\/"},{"@type":"ListItem","position":3,"name":"Vereine","item":"https:\/\/mosigkau-net.datel-dessau.de\/cms\/ueber-mosigkau\/vereine\/"},{"@type":"ListItem","position":4,"name":"Behindertenverband Dessau e.V."}]},{"@type":"WebSite","@id":"https:\/\/mosigkau-net.datel-dessau.de\/cms\/#website","url":"https:\/\/mosigkau-net.datel-dessau.de\/cms\/","name":"Mosigkau NET(T)","description":"Informationen rund um Mosigkau","publisher":{"@id":"https:\/\/mosigkau-net.datel-dessau.de\/cms\/#organization"},"potentialAction":[{"@type":"SearchAction","target":{"@type":"EntryPoint","urlTemplate":"https:\/\/mosigkau-net.datel-dessau.de\/cms\/?s={search_term_string}"},"query-input":{"@type":"PropertyValueSpecification","valueRequired":true,"valueName":"search_term_string"}}],"inLanguage":"de"},{"@type":"Organization","@id":"https:\/\/mosigkau-net.datel-dessau.de\/cms\/#organization","name":"Mosigkau NET(T)","url":"https:\/\/mosigkau-net.datel-dessau.de\/cms\/","logo":{"@type":"ImageObject","inLanguage":"de","@id":"https:\/\/mosigkau-net.datel-dessau.de\/cms\/#\/schema\/logo\/image\/","url":"https:\/\/mosigkau-net.datel-dessau.de\/cms\/cms\/wp-content\/uploads\/2021\/08\/wappen.png","contentUrl":"https:\/\/mosigkau-net.datel-dessau.de\/cms\/cms\/wp-content\/uploads\/2021\/08\/wappen.png","width":512,"height":512,"caption":"Mosigkau NET(T)"},"image":{"@id":"https:\/\/mosigkau-net.datel-dessau.de\/cms\/#\/schema\/logo\/image\/"}}]}},"publishpress_future_action":{"enabled":false,"date":"2026-09-09 11:32:41","action":"change-status","newStatus":"draft","terms":[],"taxonomy":"","extraData":[]},"publishpress_future_workflow_manual_trigger":{"enabledWorkflows":[]},"_links":{"self":[{"href":"https:\/\/mosigkau-net.datel-dessau.de\/cms\/wp-json\/wp\/v2\/pages\/388","targetHints":{"allow":["GET"]}}],"collection":[{"href":"https:\/\/mosigkau-net.datel-dessau.de\/cms\/wp-json\/wp\/v2\/pages"}],"about":[{"href":"https:\/\/mosigkau-net.datel-dessau.de\/cms\/wp-json\/wp\/v2\/types\/page"}],"author":[{"embeddable":true,"href":"https:\/\/mosigkau-net.datel-dessau.de\/cms\/wp-json\/wp\/v2\/users\/2"}],"replies":[{"embeddable":true,"href":"https:\/\/mosigkau-net.datel-dessau.de\/cms\/wp-json\/wp\/v2\/comments?post=388"}],"version-history":[{"count":3,"href":"https:\/\/mosigkau-net.datel-dessau.de\/cms\/wp-json\/wp\/v2\/pages\/388\/revisions"}],"predecessor-version":[{"id":1904,"href":"https:\/\/mosigkau-net.datel-dessau.de\/cms\/wp-json\/wp\/v2\/pages\/388\/revisions\/1904"}],"up":[{"embeddable":true,"href":"https:\/\/mosigkau-net.datel-dessau.de\/cms\/wp-json\/wp\/v2\/pages\/372"}],"wp:attachment":[{"href":"https:\/\/mosigkau-net.datel-dessau.de\/cms\/wp-json\/wp\/v2\/media?parent=388"}],"curies":[{"name":"wp","href":"https:\/\/api.w.org\/{rel}","templated":true}]}}