{"id":402,"date":"2021-08-29T18:33:25","date_gmt":"2021-08-29T18:33:25","guid":{"rendered":"https:\/\/www.mosigkau.net\/?page_id=402"},"modified":"2022-04-25T20:06:36","modified_gmt":"2022-04-25T20:06:36","slug":"verein-der-freien-waldorfschule-dessau-e-v","status":"publish","type":"page","link":"https:\/\/mosigkau-net.datel-dessau.de\/cms\/ueber-mosigkau\/vereine\/verein-der-freien-waldorfschule-dessau-e-v\/","title":{"rendered":"Verein der Freien Waldorfschule Dessau e.V."},"content":{"rendered":"<h1>Verein der Freien Waldorfschule Dessau e.V.<img loading=\"lazy\" decoding=\"async\" class=\"alignright wp-image-1119 size-medium\" src=\"https:\/\/mosigkau-net.datel-dessau.de\/cms\/cms\/wp-content\/uploads\/2022\/04\/freie_waldorfschule-300x225.png\" alt=\"\" width=\"300\" height=\"225\" srcset=\"https:\/\/mosigkau-net.datel-dessau.de\/cms\/wp-content\/uploads\/2022\/04\/freie_waldorfschule-300x225.png 300w, https:\/\/mosigkau-net.datel-dessau.de\/cms\/wp-content\/uploads\/2022\/04\/freie_waldorfschule-768x576.png 768w, https:\/\/mosigkau-net.datel-dessau.de\/cms\/wp-content\/uploads\/2022\/04\/freie_waldorfschule.png 800w\" sizes=\"auto, (max-width: 300px) 100vw, 300px\" \/><\/h1>\n<p>Seit 2019 ist das Schulgel\u00e4nde in der Ch\u00f6rauer Stra\u00dfe wieder mit Leben gef\u00fcllt. Mittlerweile lernen \u00fcber 110 Kinder in den R\u00e4umen der Waldorfschule Dessau und jedes Jahr werden es mehr. Die Schule wird getragen von einer engagierten Gemeinschaft aus Lehrern und Eltern und getragen von der Waldorfschule in Halle.<\/p>\n<p>Es werden wissenschaftliche , soziale und k\u00fcnstlerische Kompetenzen, sowie praktisch-handwerkliche Fertigkeiten gleichwertig ausgebildet.<\/p>\n<p><strong>Lernen mit Kopf, Herz und Hand<\/strong><br \/>\nDer Unterrichtsstoff und die Lernmethoden orientieren sich an der Entwicklungsphasen des Kindes in der jeweiligen Altersstufe. Die geistige, seelische und k\u00f6rperliche Entwicklung der Kinder und Jugendlichen werden im Unterricht gleicherma\u00dfen angesprochen.<\/p>\n<p><strong>Gemeinsames Lernen<\/strong><br \/>\nVon der 1. bis zur 12. Klasse wird im gleichbleibenden Klassenverband gelernt. Die Schule ist grunds\u00e4tzlich offen f\u00fcr alle schulpflichtigen Kinder. Je nach aktuellen r\u00e4umlichen, s\u00e4chlichen und personellen M\u00f6glichkeiten sind auch Kinder mit sonderp\u00e4dagogischen F\u00f6rderbedarf willkommen.<\/p>\n<p><strong>Naturverbundenes Lernen<\/strong><br \/>\nDurch Bez\u00fcge auf die Jahreszeiten, h\u00e4ufige Erlebnisse und Lernsituation in der Natur und das Feiern von Festen im Jahreslauf bildet sich die Grundlage f\u00fcr einen sorgsamen Umgang mit der Natur.<\/p>\n<p><strong>Lernen in Bewegung<\/strong><br \/>\nIn den Klassen 1 bis 4 ist das Lernen durch und in Bewegung zentraler Bestandteil des Unterrichts. Die Kinder lernen in den ersten Schuljahren im \u201ebewegten Klassenzimmer\u201c mit flexiblem Mobiliar und wechselnden Sozial- und Unterrichtsformen.<\/p>\n<p>Wer sich f\u00fcr die Arbeit der Schule interessiert, kann sich gern jederzeit an das Schulsekretariat wenden unter\u00a0<a href=\"https:\/\/mailto:sekretariat@waldorfschule-dessau.de\">sekretariat@waldorfschule-dessau.de<\/a> oder per Telefon unter 0340 556 180 80.<\/p>\n<div>\n<h3><span class=\"color_15\">Kontakt:<br \/>\n<\/span><\/h3>\n<p class=\"font_9\"><span class=\"color_15\"><span class=\"LrzXr\">Ch\u00f6rauer Str. 37<\/span><br \/>\n<\/span><span class=\"color_15\">06847 Dessau-Ro\u00dflau<\/span><\/p>\n<div id=\"comp-jxatuux41\" class=\"_1Q9if\" data-testid=\"richTextElement\">\n<p class=\"font_9\"><span class=\"color_15\">Mail: <a href=\"mailto:sekretariat@waldorfschule-dessau.de\">sekretariat@waldorfschule-dessau.de<\/a><br \/>\nWebseite: <a href=\"https:\/\/waldorfschule-dessau.de\/\" target=\"_blank\" rel=\"noopener\">https:\/\/waldorfschule-dessau.de\/<\/a><br \/>\nTel. 0340 55618080<br \/>\n<\/span><\/p>\n<\/div>\n<\/div>\n","protected":false},"excerpt":{"rendered":"<p>Verein der Freien Waldorfschule Dessau e.V. Seit 2019 ist das Schulgel\u00e4nde in der Ch\u00f6rauer Stra\u00dfe wieder<\/p>\n","protected":false},"author":2,"featured_media":0,"parent":372,"menu_order":0,"comment_status":"closed","ping_status":"closed","template":"","meta":{"footnotes":""},"class_list":["post-402","page","type-page","status-publish","hentry"],"yoast_head":"<!-- This site is optimized with the Yoast SEO plugin v28.3 - https:\/\/yoast.com\/product\/yoast-seo-wordpress\/ -->\n<title>Verein der Freien Waldorfschule Dessau e.V. - Mosigkau NET(T)<\/title>\n<meta name=\"robots\" content=\"index, follow, max-snippet:-1, max-image-preview:large, max-video-preview:-1\" \/>\n<link rel=\"canonical\" href=\"https:\/\/mosigkau-net.datel-dessau.de\/cms\/ueber-mosigkau\/vereine\/verein-der-freien-waldorfschule-dessau-e-v\/\" \/>\n<meta property=\"og:locale\" content=\"de_DE\" \/>\n<meta property=\"og:type\" content=\"article\" \/>\n<meta property=\"og:title\" content=\"Verein der Freien Waldorfschule Dessau e.V. - Mosigkau NET(T)\" \/>\n<meta property=\"og:description\" content=\"Verein der Freien Waldorfschule Dessau e.V. Seit 2019 ist das Schulgel\u00e4nde in der Ch\u00f6rauer Stra\u00dfe wieder\" \/>\n<meta property=\"og:url\" content=\"https:\/\/mosigkau-net.datel-dessau.de\/cms\/ueber-mosigkau\/vereine\/verein-der-freien-waldorfschule-dessau-e-v\/\" \/>\n<meta property=\"og:site_name\" content=\"Mosigkau NET(T)\" \/>\n<meta property=\"article:modified_time\" content=\"2022-04-25T20:06:36+00:00\" \/>\n<meta property=\"og:image\" content=\"https:\/\/mosigkau-net.datel-dessau.de\/cms\/cms\/wp-content\/uploads\/2022\/04\/freie_waldorfschule-300x225.png\" \/>\n<meta name=\"twitter:card\" content=\"summary_large_image\" \/>\n<meta name=\"twitter:label1\" content=\"Gesch\u00e4tzte Lesezeit\" \/>\n\t<meta name=\"twitter:data1\" content=\"1\u00a0Minute\" \/>\n<script type=\"application\/ld+json\" class=\"yoast-schema-graph\">{\"@context\":\"https:\\\/\\\/schema.org\",\"@graph\":[{\"@type\":\"WebPage\",\"@id\":\"https:\\\/\\\/mosigkau-net.datel-dessau.de\\\/cms\\\/ueber-mosigkau\\\/vereine\\\/verein-der-freien-waldorfschule-dessau-e-v\\\/\",\"url\":\"https:\\\/\\\/mosigkau-net.datel-dessau.de\\\/cms\\\/ueber-mosigkau\\\/vereine\\\/verein-der-freien-waldorfschule-dessau-e-v\\\/\",\"name\":\"Verein der Freien Waldorfschule Dessau e.V. - Mosigkau NET(T)\",\"isPartOf\":{\"@id\":\"https:\\\/\\\/mosigkau-net.datel-dessau.de\\\/cms\\\/#website\"},\"primaryImageOfPage\":{\"@id\":\"https:\\\/\\\/mosigkau-net.datel-dessau.de\\\/cms\\\/ueber-mosigkau\\\/vereine\\\/verein-der-freien-waldorfschule-dessau-e-v\\\/#primaryimage\"},\"image\":{\"@id\":\"https:\\\/\\\/mosigkau-net.datel-dessau.de\\\/cms\\\/ueber-mosigkau\\\/vereine\\\/verein-der-freien-waldorfschule-dessau-e-v\\\/#primaryimage\"},\"thumbnailUrl\":\"https:\\\/\\\/mosigkau-net.datel-dessau.de\\\/cms\\\/cms\\\/wp-content\\\/uploads\\\/2022\\\/04\\\/freie_waldorfschule-300x225.png\",\"datePublished\":\"2021-08-29T18:33:25+00:00\",\"dateModified\":\"2022-04-25T20:06:36+00:00\",\"breadcrumb\":{\"@id\":\"https:\\\/\\\/mosigkau-net.datel-dessau.de\\\/cms\\\/ueber-mosigkau\\\/vereine\\\/verein-der-freien-waldorfschule-dessau-e-v\\\/#breadcrumb\"},\"inLanguage\":\"de\",\"potentialAction\":[{\"@type\":\"ReadAction\",\"target\":[\"https:\\\/\\\/mosigkau-net.datel-dessau.de\\\/cms\\\/ueber-mosigkau\\\/vereine\\\/verein-der-freien-waldorfschule-dessau-e-v\\\/\"]}]},{\"@type\":\"ImageObject\",\"inLanguage\":\"de\",\"@id\":\"https:\\\/\\\/mosigkau-net.datel-dessau.de\\\/cms\\\/ueber-mosigkau\\\/vereine\\\/verein-der-freien-waldorfschule-dessau-e-v\\\/#primaryimage\",\"url\":\"https:\\\/\\\/mosigkau-net.datel-dessau.de\\\/cms\\\/wp-content\\\/uploads\\\/2022\\\/04\\\/freie_waldorfschule.png\",\"contentUrl\":\"https:\\\/\\\/mosigkau-net.datel-dessau.de\\\/cms\\\/wp-content\\\/uploads\\\/2022\\\/04\\\/freie_waldorfschule.png\",\"width\":800,\"height\":600},{\"@type\":\"BreadcrumbList\",\"@id\":\"https:\\\/\\\/mosigkau-net.datel-dessau.de\\\/cms\\\/ueber-mosigkau\\\/vereine\\\/verein-der-freien-waldorfschule-dessau-e-v\\\/#breadcrumb\",\"itemListElement\":[{\"@type\":\"ListItem\",\"position\":1,\"name\":\"Startseite\",\"item\":\"https:\\\/\\\/mosigkau-net.datel-dessau.de\\\/cms\\\/\"},{\"@type\":\"ListItem\",\"position\":2,\"name\":\"\u00dcber Mosigkau\",\"item\":\"https:\\\/\\\/mosigkau-net.datel-dessau.de\\\/cms\\\/ueber-mosigkau\\\/\"},{\"@type\":\"ListItem\",\"position\":3,\"name\":\"Vereine\",\"item\":\"https:\\\/\\\/mosigkau-net.datel-dessau.de\\\/cms\\\/ueber-mosigkau\\\/vereine\\\/\"},{\"@type\":\"ListItem\",\"position\":4,\"name\":\"Verein der Freien Waldorfschule Dessau e.V.\"}]},{\"@type\":\"WebSite\",\"@id\":\"https:\\\/\\\/mosigkau-net.datel-dessau.de\\\/cms\\\/#website\",\"url\":\"https:\\\/\\\/mosigkau-net.datel-dessau.de\\\/cms\\\/\",\"name\":\"Mosigkau NET(T)\",\"description\":\"Informationen rund um Mosigkau\",\"publisher\":{\"@id\":\"https:\\\/\\\/mosigkau-net.datel-dessau.de\\\/cms\\\/#organization\"},\"potentialAction\":[{\"@type\":\"SearchAction\",\"target\":{\"@type\":\"EntryPoint\",\"urlTemplate\":\"https:\\\/\\\/mosigkau-net.datel-dessau.de\\\/cms\\\/?s={search_term_string}\"},\"query-input\":{\"@type\":\"PropertyValueSpecification\",\"valueRequired\":true,\"valueName\":\"search_term_string\"}}],\"inLanguage\":\"de\"},{\"@type\":\"Organization\",\"@id\":\"https:\\\/\\\/mosigkau-net.datel-dessau.de\\\/cms\\\/#organization\",\"name\":\"Mosigkau NET(T)\",\"url\":\"https:\\\/\\\/mosigkau-net.datel-dessau.de\\\/cms\\\/\",\"logo\":{\"@type\":\"ImageObject\",\"inLanguage\":\"de\",\"@id\":\"https:\\\/\\\/mosigkau-net.datel-dessau.de\\\/cms\\\/#\\\/schema\\\/logo\\\/image\\\/\",\"url\":\"https:\\\/\\\/mosigkau-net.datel-dessau.de\\\/cms\\\/cms\\\/wp-content\\\/uploads\\\/2021\\\/08\\\/wappen.png\",\"contentUrl\":\"https:\\\/\\\/mosigkau-net.datel-dessau.de\\\/cms\\\/cms\\\/wp-content\\\/uploads\\\/2021\\\/08\\\/wappen.png\",\"width\":512,\"height\":512,\"caption\":\"Mosigkau NET(T)\"},\"image\":{\"@id\":\"https:\\\/\\\/mosigkau-net.datel-dessau.de\\\/cms\\\/#\\\/schema\\\/logo\\\/image\\\/\"}}]}<\/script>\n<!-- \/ Yoast SEO plugin. -->","yoast_head_json":{"title":"Verein der Freien Waldorfschule Dessau e.V. - Mosigkau NET(T)","robots":{"index":"index","follow":"follow","max-snippet":"max-snippet:-1","max-image-preview":"max-image-preview:large","max-video-preview":"max-video-preview:-1"},"canonical":"https:\/\/mosigkau-net.datel-dessau.de\/cms\/ueber-mosigkau\/vereine\/verein-der-freien-waldorfschule-dessau-e-v\/","og_locale":"de_DE","og_type":"article","og_title":"Verein der Freien Waldorfschule Dessau e.V. - Mosigkau NET(T)","og_description":"Verein der Freien Waldorfschule Dessau e.V. Seit 2019 ist das Schulgel\u00e4nde in der Ch\u00f6rauer Stra\u00dfe wieder","og_url":"https:\/\/mosigkau-net.datel-dessau.de\/cms\/ueber-mosigkau\/vereine\/verein-der-freien-waldorfschule-dessau-e-v\/","og_site_name":"Mosigkau NET(T)","article_modified_time":"2022-04-25T20:06:36+00:00","og_image":[{"url":"https:\/\/mosigkau-net.datel-dessau.de\/cms\/cms\/wp-content\/uploads\/2022\/04\/freie_waldorfschule-300x225.png","type":"","width":"","height":""}],"twitter_card":"summary_large_image","twitter_misc":{"Gesch\u00e4tzte Lesezeit":"1\u00a0Minute"},"schema":{"@context":"https:\/\/schema.org","@graph":[{"@type":"WebPage","@id":"https:\/\/mosigkau-net.datel-dessau.de\/cms\/ueber-mosigkau\/vereine\/verein-der-freien-waldorfschule-dessau-e-v\/","url":"https:\/\/mosigkau-net.datel-dessau.de\/cms\/ueber-mosigkau\/vereine\/verein-der-freien-waldorfschule-dessau-e-v\/","name":"Verein der Freien Waldorfschule Dessau e.V. - Mosigkau NET(T)","isPartOf":{"@id":"https:\/\/mosigkau-net.datel-dessau.de\/cms\/#website"},"primaryImageOfPage":{"@id":"https:\/\/mosigkau-net.datel-dessau.de\/cms\/ueber-mosigkau\/vereine\/verein-der-freien-waldorfschule-dessau-e-v\/#primaryimage"},"image":{"@id":"https:\/\/mosigkau-net.datel-dessau.de\/cms\/ueber-mosigkau\/vereine\/verein-der-freien-waldorfschule-dessau-e-v\/#primaryimage"},"thumbnailUrl":"https:\/\/mosigkau-net.datel-dessau.de\/cms\/cms\/wp-content\/uploads\/2022\/04\/freie_waldorfschule-300x225.png","datePublished":"2021-08-29T18:33:25+00:00","dateModified":"2022-04-25T20:06:36+00:00","breadcrumb":{"@id":"https:\/\/mosigkau-net.datel-dessau.de\/cms\/ueber-mosigkau\/vereine\/verein-der-freien-waldorfschule-dessau-e-v\/#breadcrumb"},"inLanguage":"de","potentialAction":[{"@type":"ReadAction","target":["https:\/\/mosigkau-net.datel-dessau.de\/cms\/ueber-mosigkau\/vereine\/verein-der-freien-waldorfschule-dessau-e-v\/"]}]},{"@type":"ImageObject","inLanguage":"de","@id":"https:\/\/mosigkau-net.datel-dessau.de\/cms\/ueber-mosigkau\/vereine\/verein-der-freien-waldorfschule-dessau-e-v\/#primaryimage","url":"https:\/\/mosigkau-net.datel-dessau.de\/cms\/wp-content\/uploads\/2022\/04\/freie_waldorfschule.png","contentUrl":"https:\/\/mosigkau-net.datel-dessau.de\/cms\/wp-content\/uploads\/2022\/04\/freie_waldorfschule.png","width":800,"height":600},{"@type":"BreadcrumbList","@id":"https:\/\/mosigkau-net.datel-dessau.de\/cms\/ueber-mosigkau\/vereine\/verein-der-freien-waldorfschule-dessau-e-v\/#breadcrumb","itemListElement":[{"@type":"ListItem","position":1,"name":"Startseite","item":"https:\/\/mosigkau-net.datel-dessau.de\/cms\/"},{"@type":"ListItem","position":2,"name":"\u00dcber Mosigkau","item":"https:\/\/mosigkau-net.datel-dessau.de\/cms\/ueber-mosigkau\/"},{"@type":"ListItem","position":3,"name":"Vereine","item":"https:\/\/mosigkau-net.datel-dessau.de\/cms\/ueber-mosigkau\/vereine\/"},{"@type":"ListItem","position":4,"name":"Verein der Freien Waldorfschule Dessau e.V."}]},{"@type":"WebSite","@id":"https:\/\/mosigkau-net.datel-dessau.de\/cms\/#website","url":"https:\/\/mosigkau-net.datel-dessau.de\/cms\/","name":"Mosigkau NET(T)","description":"Informationen rund um Mosigkau","publisher":{"@id":"https:\/\/mosigkau-net.datel-dessau.de\/cms\/#organization"},"potentialAction":[{"@type":"SearchAction","target":{"@type":"EntryPoint","urlTemplate":"https:\/\/mosigkau-net.datel-dessau.de\/cms\/?s={search_term_string}"},"query-input":{"@type":"PropertyValueSpecification","valueRequired":true,"valueName":"search_term_string"}}],"inLanguage":"de"},{"@type":"Organization","@id":"https:\/\/mosigkau-net.datel-dessau.de\/cms\/#organization","name":"Mosigkau NET(T)","url":"https:\/\/mosigkau-net.datel-dessau.de\/cms\/","logo":{"@type":"ImageObject","inLanguage":"de","@id":"https:\/\/mosigkau-net.datel-dessau.de\/cms\/#\/schema\/logo\/image\/","url":"https:\/\/mosigkau-net.datel-dessau.de\/cms\/cms\/wp-content\/uploads\/2021\/08\/wappen.png","contentUrl":"https:\/\/mosigkau-net.datel-dessau.de\/cms\/cms\/wp-content\/uploads\/2021\/08\/wappen.png","width":512,"height":512,"caption":"Mosigkau NET(T)"},"image":{"@id":"https:\/\/mosigkau-net.datel-dessau.de\/cms\/#\/schema\/logo\/image\/"}}]}},"publishpress_future_action":{"enabled":false,"date":"2026-09-09 10:26:55","action":"change-status","newStatus":"draft","terms":[],"taxonomy":"","extraData":[]},"publishpress_future_workflow_manual_trigger":{"enabledWorkflows":[]},"_links":{"self":[{"href":"https:\/\/mosigkau-net.datel-dessau.de\/cms\/wp-json\/wp\/v2\/pages\/402","targetHints":{"allow":["GET"]}}],"collection":[{"href":"https:\/\/mosigkau-net.datel-dessau.de\/cms\/wp-json\/wp\/v2\/pages"}],"about":[{"href":"https:\/\/mosigkau-net.datel-dessau.de\/cms\/wp-json\/wp\/v2\/types\/page"}],"author":[{"embeddable":true,"href":"https:\/\/mosigkau-net.datel-dessau.de\/cms\/wp-json\/wp\/v2\/users\/2"}],"replies":[{"embeddable":true,"href":"https:\/\/mosigkau-net.datel-dessau.de\/cms\/wp-json\/wp\/v2\/comments?post=402"}],"version-history":[{"count":5,"href":"https:\/\/mosigkau-net.datel-dessau.de\/cms\/wp-json\/wp\/v2\/pages\/402\/revisions"}],"predecessor-version":[{"id":1138,"href":"https:\/\/mosigkau-net.datel-dessau.de\/cms\/wp-json\/wp\/v2\/pages\/402\/revisions\/1138"}],"up":[{"embeddable":true,"href":"https:\/\/mosigkau-net.datel-dessau.de\/cms\/wp-json\/wp\/v2\/pages\/372"}],"wp:attachment":[{"href":"https:\/\/mosigkau-net.datel-dessau.de\/cms\/wp-json\/wp\/v2\/media?parent=402"}],"curies":[{"name":"wp","href":"https:\/\/api.w.org\/{rel}","templated":true}]}}