{"id":4649,"date":"2026-04-09T17:50:58","date_gmt":"2026-04-09T16:50:58","guid":{"rendered":"https:\/\/www.mosigkau.net\/?page_id=4649"},"modified":"2026-05-02T22:56:14","modified_gmt":"2026-05-02T21:56:14","slug":"144-jahre-feuerwehr","status":"publish","type":"page","link":"https:\/\/mosigkau-net.datel-dessau.de\/cms\/144-jahre-feuerwehr\/","title":{"rendered":"144 Jahre Feuerwehr"},"content":{"rendered":"<h1>144 Jahre Freiwillige Feuerwehr Mosigkau \u2013 vom Pferd zum 14-Tonner<\/h1>\n<p>Zum 144-j\u00e4hrigen Bestehen m\u00f6chten wir euch einen kurzen \u00dcberblick \u00fcber die Entwicklung unserer Einsatzfahrzeuge geben.<br \/>\nNach der Gr\u00fcndung am 11. April 1882 bestand der Fuhrpark zun\u00e4chst aus einem Spritzenwagen und einem Wasserwagen auf Kutschenbasis. Diese wurden von Pferden gezogen, die aus dem Schloss Mosigkau oder der Bauern des Ortes stammten; eine Praxis, die bis in die fr\u00fchen Jahre der DDR Bestand hatte.<br \/>\nMit der Einf\u00fchrung eines TSA-Anh\u00e4ngers endete die Zeit der Pferde. Stattdessen wurden nun LKW oder landwirtschaftliche Zugmaschinen aus dem Ort eingesetzt, die im Alarmfall erst zum Ger\u00e4tehaus fahren mussten, um Mannschaft und Technik zur Einsatzstelle zu bringen.<br \/>\nSp\u00e4testens 1979 \u2013 m\u00f6glicherweise auch etwas fr\u00fcher \u2013 erhielt die Feuerwehr Mosigkau ihr erstes eigenes Fahrzeug: einen H3A mit Pritsche und Plane. Dieses wurde von den Kameraden eigenst\u00e4ndig zum Feuerwehrfahrzeug umgebaut und blieb bis 1984 im Dienst.<\/p>\n<p><a href=\"https:\/\/mosigkau-net.datel-dessau.de\/cms\/cms\/wp-content\/uploads\/2026\/04\/1-H3A.jpg\"><img loading=\"lazy\" decoding=\"async\" class=\"alignnone wp-image-4644 size-large\" src=\"https:\/\/mosigkau-net.datel-dessau.de\/cms\/cms\/wp-content\/uploads\/2026\/04\/1-H3A-1024x689.jpg\" alt=\"\" width=\"840\" height=\"565\" srcset=\"https:\/\/mosigkau-net.datel-dessau.de\/cms\/wp-content\/uploads\/2026\/04\/1-H3A-1024x689.jpg 1024w, https:\/\/mosigkau-net.datel-dessau.de\/cms\/wp-content\/uploads\/2026\/04\/1-H3A-300x202.jpg 300w, https:\/\/mosigkau-net.datel-dessau.de\/cms\/wp-content\/uploads\/2026\/04\/1-H3A-768x517.jpg 768w, https:\/\/mosigkau-net.datel-dessau.de\/cms\/wp-content\/uploads\/2026\/04\/1-H3A-1536x1034.jpg 1536w, https:\/\/mosigkau-net.datel-dessau.de\/cms\/wp-content\/uploads\/2026\/04\/1-H3A-2048x1378.jpg 2048w, https:\/\/mosigkau-net.datel-dessau.de\/cms\/wp-content\/uploads\/2026\/04\/1-H3A-120x80.jpg 120w\" sizes=\"auto, (max-width: 840px) 100vw, 840px\" \/><\/a><\/p>\n<p>Von 1982 bis 1988 war zudem ein Kleinl\u00f6schfahrzeug vom Typ B 1000 im Einsatz. Es verf\u00fcgte erstmals \u00fcber Atemschutztechnik. Anfangs komplett rot lackiert, erhielt es sp\u00e4ter eine wei\u00dfe Bauchbinde.<\/p>\n<p><a href=\"https:\/\/mosigkau-net.datel-dessau.de\/cms\/cms\/wp-content\/uploads\/2026\/04\/2-KLF-B-1000.jpg\"><img loading=\"lazy\" decoding=\"async\" class=\"alignnone wp-image-4645 size-large\" src=\"https:\/\/mosigkau-net.datel-dessau.de\/cms\/cms\/wp-content\/uploads\/2026\/04\/2-KLF-B-1000-1024x686.jpg\" alt=\"\" width=\"840\" height=\"563\" srcset=\"https:\/\/mosigkau-net.datel-dessau.de\/cms\/wp-content\/uploads\/2026\/04\/2-KLF-B-1000-1024x686.jpg 1024w, https:\/\/mosigkau-net.datel-dessau.de\/cms\/wp-content\/uploads\/2026\/04\/2-KLF-B-1000-300x201.jpg 300w, https:\/\/mosigkau-net.datel-dessau.de\/cms\/wp-content\/uploads\/2026\/04\/2-KLF-B-1000-768x515.jpg 768w, https:\/\/mosigkau-net.datel-dessau.de\/cms\/wp-content\/uploads\/2026\/04\/2-KLF-B-1000-1536x1030.jpg 1536w, https:\/\/mosigkau-net.datel-dessau.de\/cms\/wp-content\/uploads\/2026\/04\/2-KLF-B-1000-2048x1373.jpg 2048w, https:\/\/mosigkau-net.datel-dessau.de\/cms\/wp-content\/uploads\/2026\/04\/2-KLF-B-1000-120x80.jpg 120w\" sizes=\"auto, (max-width: 840px) 100vw, 840px\" \/><\/a><br \/>\nParallel dazu stand von 1984 bis 1994 ein LF 8 auf Robur-Basis im Ger\u00e4tehaus, ebenfalls in Rot und sp\u00e4ter mit wei\u00dfer Bauchbinde. Damit verf\u00fcgte die Feuerwehr Mosigkau zeitweise \u00fcber zwei Einsatzfahrzeuge gleichzeitig.<\/p>\n<p><a href=\"https:\/\/mosigkau-net.datel-dessau.de\/cms\/cms\/wp-content\/uploads\/2026\/04\/5-B-1000-und-Robur-LO.jpg\"><img loading=\"lazy\" decoding=\"async\" class=\"alignnone wp-image-4647 size-large\" src=\"https:\/\/mosigkau-net.datel-dessau.de\/cms\/cms\/wp-content\/uploads\/2026\/04\/5-B-1000-und-Robur-LO-1024x711.jpg\" alt=\"\" width=\"840\" height=\"583\" srcset=\"https:\/\/mosigkau-net.datel-dessau.de\/cms\/wp-content\/uploads\/2026\/04\/5-B-1000-und-Robur-LO-1024x711.jpg 1024w, https:\/\/mosigkau-net.datel-dessau.de\/cms\/wp-content\/uploads\/2026\/04\/5-B-1000-und-Robur-LO-300x208.jpg 300w, https:\/\/mosigkau-net.datel-dessau.de\/cms\/wp-content\/uploads\/2026\/04\/5-B-1000-und-Robur-LO-768x534.jpg 768w, https:\/\/mosigkau-net.datel-dessau.de\/cms\/wp-content\/uploads\/2026\/04\/5-B-1000-und-Robur-LO-1536x1067.jpg 1536w, https:\/\/mosigkau-net.datel-dessau.de\/cms\/wp-content\/uploads\/2026\/04\/5-B-1000-und-Robur-LO-2048x1423.jpg 2048w\" sizes=\"auto, (max-width: 840px) 100vw, 840px\" \/><\/a><\/p>\n<p><a href=\"https:\/\/mosigkau-net.datel-dessau.de\/cms\/cms\/wp-content\/uploads\/2026\/04\/4-LF-8-Robur-LO.jpg\"><img loading=\"lazy\" decoding=\"async\" class=\"alignnone wp-image-4646 size-large\" src=\"https:\/\/mosigkau-net.datel-dessau.de\/cms\/cms\/wp-content\/uploads\/2026\/04\/4-LF-8-Robur-LO-1024x715.jpg\" alt=\"\" width=\"840\" height=\"587\" srcset=\"https:\/\/mosigkau-net.datel-dessau.de\/cms\/wp-content\/uploads\/2026\/04\/4-LF-8-Robur-LO-1024x715.jpg 1024w, https:\/\/mosigkau-net.datel-dessau.de\/cms\/wp-content\/uploads\/2026\/04\/4-LF-8-Robur-LO-300x209.jpg 300w, https:\/\/mosigkau-net.datel-dessau.de\/cms\/wp-content\/uploads\/2026\/04\/4-LF-8-Robur-LO-768x536.jpg 768w, https:\/\/mosigkau-net.datel-dessau.de\/cms\/wp-content\/uploads\/2026\/04\/4-LF-8-Robur-LO-1536x1072.jpg 1536w, https:\/\/mosigkau-net.datel-dessau.de\/cms\/wp-content\/uploads\/2026\/04\/4-LF-8-Robur-LO-2048x1430.jpg 2048w\" sizes=\"auto, (max-width: 840px) 100vw, 840px\" \/><\/a><\/p>\n<p>1994 begann mit der Anschaffung eines TSF-W eine neue \u00c4ra: Das erste \u201eWestfahrzeug\u201c brachte erstmals auch L\u00f6schwasser direkt\u00a0 zur Einsatzstelle mit. Der Mercedes-Benz pr\u00e4gte \u00fcber 25 Jahre hinweg das Erscheinungsbild der Wehr bis zu seiner Abgabe im Jahr 2019.<\/p>\n<p><a href=\"https:\/\/mosigkau-net.datel-dessau.de\/cms\/cms\/wp-content\/uploads\/2026\/04\/6-TSF-W.jpg\"><img loading=\"lazy\" decoding=\"async\" class=\"alignnone wp-image-4648 size-large\" src=\"https:\/\/mosigkau-net.datel-dessau.de\/cms\/cms\/wp-content\/uploads\/2026\/04\/6-TSF-W-1024x768.jpg\" alt=\"\" width=\"840\" height=\"630\" srcset=\"https:\/\/mosigkau-net.datel-dessau.de\/cms\/wp-content\/uploads\/2026\/04\/6-TSF-W-1024x768.jpg 1024w, https:\/\/mosigkau-net.datel-dessau.de\/cms\/wp-content\/uploads\/2026\/04\/6-TSF-W-300x225.jpg 300w, https:\/\/mosigkau-net.datel-dessau.de\/cms\/wp-content\/uploads\/2026\/04\/6-TSF-W-768x576.jpg 768w, https:\/\/mosigkau-net.datel-dessau.de\/cms\/wp-content\/uploads\/2026\/04\/6-TSF-W-1536x1152.jpg 1536w, https:\/\/mosigkau-net.datel-dessau.de\/cms\/wp-content\/uploads\/2026\/04\/6-TSF-W.jpg 1600w\" sizes=\"auto, (max-width: 840px) 100vw, 840px\" \/><\/a><\/p>\n<p>Im selben Jahr wurde ein gebrauchtes LF 8 vom Typ Iveco Euro-Fire \u00fcbernommen, das bis Februar 2025 im Einsatz war und auf den Spitznamen \u201eINGE\u201c h\u00f6rte.<\/p>\n<p><a href=\"https:\/\/mosigkau-net.datel-dessau.de\/cms\/cms\/wp-content\/uploads\/2026\/04\/9-LF-8-mit-TSF-W.jpg\"><img loading=\"lazy\" decoding=\"async\" class=\"alignnone wp-image-4650 size-large\" src=\"https:\/\/mosigkau-net.datel-dessau.de\/cms\/cms\/wp-content\/uploads\/2026\/04\/9-LF-8-mit-TSF-W-1024x768.jpg\" alt=\"\" width=\"840\" height=\"630\" srcset=\"https:\/\/mosigkau-net.datel-dessau.de\/cms\/wp-content\/uploads\/2026\/04\/9-LF-8-mit-TSF-W-1024x768.jpg 1024w, https:\/\/mosigkau-net.datel-dessau.de\/cms\/wp-content\/uploads\/2026\/04\/9-LF-8-mit-TSF-W-300x225.jpg 300w, https:\/\/mosigkau-net.datel-dessau.de\/cms\/wp-content\/uploads\/2026\/04\/9-LF-8-mit-TSF-W-768x576.jpg 768w, https:\/\/mosigkau-net.datel-dessau.de\/cms\/wp-content\/uploads\/2026\/04\/9-LF-8-mit-TSF-W-1536x1152.jpg 1536w, https:\/\/mosigkau-net.datel-dessau.de\/cms\/wp-content\/uploads\/2026\/04\/9-LF-8-mit-TSF-W.jpg 1600w\" sizes=\"auto, (max-width: 840px) 100vw, 840px\" \/><\/a><\/p>\n<p><a href=\"https:\/\/mosigkau-net.datel-dessau.de\/cms\/cms\/wp-content\/uploads\/2026\/04\/7-LF-8_1600.jpg\"><img loading=\"lazy\" decoding=\"async\" class=\"alignnone size-full wp-image-4652\" src=\"https:\/\/mosigkau-net.datel-dessau.de\/cms\/cms\/wp-content\/uploads\/2026\/04\/7-LF-8_1600.jpg\" alt=\"\" width=\"800\" height=\"600\" srcset=\"https:\/\/mosigkau-net.datel-dessau.de\/cms\/wp-content\/uploads\/2026\/04\/7-LF-8_1600.jpg 800w, https:\/\/mosigkau-net.datel-dessau.de\/cms\/wp-content\/uploads\/2026\/04\/7-LF-8_1600-300x225.jpg 300w, https:\/\/mosigkau-net.datel-dessau.de\/cms\/wp-content\/uploads\/2026\/04\/7-LF-8_1600-768x576.jpg 768w\" sizes=\"auto, (max-width: 800px) 100vw, 800px\" \/><\/a><\/p>\n<p>Seit dem 22. Februar 2025 steht nun ein modernes LF 10 von MAN mit Magirus-Aufbau zur Verf\u00fcgung. Das Fahrzeug verf\u00fcgt \u00fcber einen 1600-Liter-Wassertank, Atemschutzger\u00e4te in der Kabine sowie einen Teleskoplichtmast. Mit einem Gesamtgewicht von 14 Tonnen tr\u00e4gt es den Namen \u201eANNA\u201c.<\/p>\n<p><a href=\"https:\/\/mosigkau-net.datel-dessau.de\/cms\/cms\/wp-content\/uploads\/2026\/04\/10-LF-8-und-LF-10_1600.jpg\"><img loading=\"lazy\" decoding=\"async\" class=\"alignnone size-full wp-image-4653\" src=\"https:\/\/mosigkau-net.datel-dessau.de\/cms\/cms\/wp-content\/uploads\/2026\/04\/10-LF-8-und-LF-10_1600.jpg\" alt=\"\" width=\"1600\" height=\"1200\" srcset=\"https:\/\/mosigkau-net.datel-dessau.de\/cms\/wp-content\/uploads\/2026\/04\/10-LF-8-und-LF-10_1600.jpg 1600w, https:\/\/mosigkau-net.datel-dessau.de\/cms\/wp-content\/uploads\/2026\/04\/10-LF-8-und-LF-10_1600-300x225.jpg 300w, https:\/\/mosigkau-net.datel-dessau.de\/cms\/wp-content\/uploads\/2026\/04\/10-LF-8-und-LF-10_1600-1024x768.jpg 1024w, https:\/\/mosigkau-net.datel-dessau.de\/cms\/wp-content\/uploads\/2026\/04\/10-LF-8-und-LF-10_1600-768x576.jpg 768w, https:\/\/mosigkau-net.datel-dessau.de\/cms\/wp-content\/uploads\/2026\/04\/10-LF-8-und-LF-10_1600-1536x1152.jpg 1536w\" sizes=\"auto, (max-width: 1600px) 100vw, 1600px\" \/><\/a><a href=\"https:\/\/mosigkau-net.datel-dessau.de\/cms\/cms\/wp-content\/uploads\/2026\/04\/8-LF-10_1600.jpg\"><img loading=\"lazy\" decoding=\"async\" class=\"alignnone size-full wp-image-4654\" src=\"https:\/\/mosigkau-net.datel-dessau.de\/cms\/cms\/wp-content\/uploads\/2026\/04\/8-LF-10_1600.jpg\" alt=\"\" width=\"1200\" height=\"800\" srcset=\"https:\/\/mosigkau-net.datel-dessau.de\/cms\/wp-content\/uploads\/2026\/04\/8-LF-10_1600.jpg 1200w, https:\/\/mosigkau-net.datel-dessau.de\/cms\/wp-content\/uploads\/2026\/04\/8-LF-10_1600-300x200.jpg 300w, https:\/\/mosigkau-net.datel-dessau.de\/cms\/wp-content\/uploads\/2026\/04\/8-LF-10_1600-1024x683.jpg 1024w, https:\/\/mosigkau-net.datel-dessau.de\/cms\/wp-content\/uploads\/2026\/04\/8-LF-10_1600-768x512.jpg 768w, https:\/\/mosigkau-net.datel-dessau.de\/cms\/wp-content\/uploads\/2026\/04\/8-LF-10_1600-120x80.jpg 120w\" sizes=\"auto, (max-width: 1200px) 100vw, 1200px\" \/><\/a><\/p>\n<p>Insgesamt kamen bei der Feuerwehr Mosigkau drei Fahrzeuge aus DDR-Produktion sowie drei aus gesamtdeutscher Produktion zum Einsatz. Auch der TSA-Anh\u00e4nger ist bis heute in Gebrauch.<br \/>\nIm Februar dieses Jahres trafen sich drei Originalfahrzeuge sowie zwei baugleiche Modelle zu einem Fototermin auf der alten Landebahn. Lediglich der H3A konnte mangels fahrbereitem Exemplar nicht teilnehmen. Die beiden DDR-Fahrzeuge wurden freundlicherweise zur Verf\u00fcgung gestellt, w\u00e4hrend die Fahrzeuge von Mercedes, Iveco und MAN originale Einsatzfahrzeuge aus unserem Bestand sind. Ein Melder-Fahrrad symbolisierte dabei die Zeit der Pferdekutschen.<\/p>\n<p><a href=\"https:\/\/mosigkau-net.datel-dessau.de\/cms\/cms\/wp-content\/uploads\/2026\/04\/IMG_3613-scaled.jpg\"><img loading=\"lazy\" decoding=\"async\" class=\"alignnone size-full wp-image-4643\" src=\"https:\/\/mosigkau-net.datel-dessau.de\/cms\/cms\/wp-content\/uploads\/2026\/04\/IMG_3613-scaled.jpg\" alt=\"\" width=\"2560\" height=\"1707\" srcset=\"https:\/\/mosigkau-net.datel-dessau.de\/cms\/wp-content\/uploads\/2026\/04\/IMG_3613-scaled.jpg 2560w, https:\/\/mosigkau-net.datel-dessau.de\/cms\/wp-content\/uploads\/2026\/04\/IMG_3613-300x200.jpg 300w, https:\/\/mosigkau-net.datel-dessau.de\/cms\/wp-content\/uploads\/2026\/04\/IMG_3613-1024x683.jpg 1024w, https:\/\/mosigkau-net.datel-dessau.de\/cms\/wp-content\/uploads\/2026\/04\/IMG_3613-768x512.jpg 768w, https:\/\/mosigkau-net.datel-dessau.de\/cms\/wp-content\/uploads\/2026\/04\/IMG_3613-1536x1024.jpg 1536w, https:\/\/mosigkau-net.datel-dessau.de\/cms\/wp-content\/uploads\/2026\/04\/IMG_3613-2048x1365.jpg 2048w, https:\/\/mosigkau-net.datel-dessau.de\/cms\/wp-content\/uploads\/2026\/04\/IMG_3613-120x80.jpg 120w\" sizes=\"auto, (max-width: 2560px) 100vw, 2560px\" \/><\/a><br \/>\nEin besonderer Dank gilt Steven Reich f\u00fcr den Robur sowie den Kameraden aus Sollnitz f\u00fcr den B 1000. Alle ausgestellten Fahrzeuge trugen ihre historischen Kennzeichen.<\/p>\n<p>An diesem \u00dcberblick waren beteiligt:<br \/>\nSteven Reich<br \/>\nAndreas Stechert<br \/>\nUwe Meier<br \/>\nMatthias Lanckow<br \/>\nKarsten Stolzenburg<br \/>\nJulian Rockholz<br \/>\nG\u00fcnter K\u00f6rnig<br \/>\nCarina Guntern<br \/>\nJan Bresching<br \/>\nLena Bresching<br \/>\nMichael Guntern<\/p>\n<p>Freiwillige Feuerwehr Mosigkau<br \/>\nBerufsfeuerwehr Dessau-Ro\u00dflau<\/p>\n","protected":false},"excerpt":{"rendered":"<p>144 Jahre Freiwillige Feuerwehr Mosigkau \u2013 vom Pferd zum 14-Tonner Zum 144-j\u00e4hrigen Bestehen m\u00f6chten wir euch<\/p>\n","protected":false},"author":2,"featured_media":0,"parent":0,"menu_order":0,"comment_status":"closed","ping_status":"closed","template":"","meta":{"footnotes":""},"class_list":["post-4649","page","type-page","status-publish","hentry"],"yoast_head":"<!-- This site is optimized with the Yoast SEO plugin v28.3 - https:\/\/yoast.com\/product\/yoast-seo-wordpress\/ -->\n<title>144 Jahre Feuerwehr - Mosigkau NET(T)<\/title>\n<meta name=\"robots\" content=\"index, follow, max-snippet:-1, max-image-preview:large, max-video-preview:-1\" \/>\n<link rel=\"canonical\" href=\"https:\/\/mosigkau-net.datel-dessau.de\/cms\/144-jahre-feuerwehr\/\" \/>\n<meta property=\"og:locale\" content=\"de_DE\" \/>\n<meta property=\"og:type\" content=\"article\" \/>\n<meta property=\"og:title\" content=\"144 Jahre Feuerwehr - Mosigkau NET(T)\" \/>\n<meta property=\"og:description\" content=\"144 Jahre Freiwillige Feuerwehr Mosigkau \u2013 vom Pferd zum 14-Tonner Zum 144-j\u00e4hrigen Bestehen m\u00f6chten wir euch\" \/>\n<meta property=\"og:url\" content=\"https:\/\/mosigkau-net.datel-dessau.de\/cms\/144-jahre-feuerwehr\/\" \/>\n<meta property=\"og:site_name\" content=\"Mosigkau NET(T)\" \/>\n<meta property=\"article:modified_time\" content=\"2026-05-02T21:56:14+00:00\" \/>\n<meta property=\"og:image\" content=\"https:\/\/mosigkau-net.datel-dessau.de\/cms\/wp-content\/uploads\/2026\/04\/1-H3A.jpg\" \/>\n\t<meta property=\"og:image:width\" content=\"2333\" \/>\n\t<meta property=\"og:image:height\" content=\"1570\" \/>\n\t<meta property=\"og:image:type\" content=\"image\/jpeg\" \/>\n<meta name=\"twitter:card\" content=\"summary_large_image\" \/>\n<meta name=\"twitter:label1\" content=\"Gesch\u00e4tzte Lesezeit\" \/>\n\t<meta name=\"twitter:data1\" content=\"5\u00a0Minuten\" \/>\n<script type=\"application\/ld+json\" class=\"yoast-schema-graph\">{\"@context\":\"https:\\\/\\\/schema.org\",\"@graph\":[{\"@type\":\"WebPage\",\"@id\":\"https:\\\/\\\/mosigkau-net.datel-dessau.de\\\/cms\\\/144-jahre-feuerwehr\\\/\",\"url\":\"https:\\\/\\\/mosigkau-net.datel-dessau.de\\\/cms\\\/144-jahre-feuerwehr\\\/\",\"name\":\"144 Jahre Feuerwehr - Mosigkau NET(T)\",\"isPartOf\":{\"@id\":\"https:\\\/\\\/mosigkau-net.datel-dessau.de\\\/cms\\\/#website\"},\"primaryImageOfPage\":{\"@id\":\"https:\\\/\\\/mosigkau-net.datel-dessau.de\\\/cms\\\/144-jahre-feuerwehr\\\/#primaryimage\"},\"image\":{\"@id\":\"https:\\\/\\\/mosigkau-net.datel-dessau.de\\\/cms\\\/144-jahre-feuerwehr\\\/#primaryimage\"},\"thumbnailUrl\":\"https:\\\/\\\/mosigkau-net.datel-dessau.de\\\/cms\\\/cms\\\/wp-content\\\/uploads\\\/2026\\\/04\\\/1-H3A-1024x689.jpg\",\"datePublished\":\"2026-04-09T16:50:58+00:00\",\"dateModified\":\"2026-05-02T21:56:14+00:00\",\"breadcrumb\":{\"@id\":\"https:\\\/\\\/mosigkau-net.datel-dessau.de\\\/cms\\\/144-jahre-feuerwehr\\\/#breadcrumb\"},\"inLanguage\":\"de\",\"potentialAction\":[{\"@type\":\"ReadAction\",\"target\":[\"https:\\\/\\\/mosigkau-net.datel-dessau.de\\\/cms\\\/144-jahre-feuerwehr\\\/\"]}]},{\"@type\":\"ImageObject\",\"inLanguage\":\"de\",\"@id\":\"https:\\\/\\\/mosigkau-net.datel-dessau.de\\\/cms\\\/144-jahre-feuerwehr\\\/#primaryimage\",\"url\":\"https:\\\/\\\/mosigkau-net.datel-dessau.de\\\/cms\\\/wp-content\\\/uploads\\\/2026\\\/04\\\/1-H3A.jpg\",\"contentUrl\":\"https:\\\/\\\/mosigkau-net.datel-dessau.de\\\/cms\\\/wp-content\\\/uploads\\\/2026\\\/04\\\/1-H3A.jpg\",\"width\":2333,\"height\":1570},{\"@type\":\"BreadcrumbList\",\"@id\":\"https:\\\/\\\/mosigkau-net.datel-dessau.de\\\/cms\\\/144-jahre-feuerwehr\\\/#breadcrumb\",\"itemListElement\":[{\"@type\":\"ListItem\",\"position\":1,\"name\":\"Startseite\",\"item\":\"https:\\\/\\\/mosigkau-net.datel-dessau.de\\\/cms\\\/\"},{\"@type\":\"ListItem\",\"position\":2,\"name\":\"144 Jahre Feuerwehr\"}]},{\"@type\":\"WebSite\",\"@id\":\"https:\\\/\\\/mosigkau-net.datel-dessau.de\\\/cms\\\/#website\",\"url\":\"https:\\\/\\\/mosigkau-net.datel-dessau.de\\\/cms\\\/\",\"name\":\"Mosigkau NET(T)\",\"description\":\"Informationen rund um Mosigkau\",\"publisher\":{\"@id\":\"https:\\\/\\\/mosigkau-net.datel-dessau.de\\\/cms\\\/#organization\"},\"potentialAction\":[{\"@type\":\"SearchAction\",\"target\":{\"@type\":\"EntryPoint\",\"urlTemplate\":\"https:\\\/\\\/mosigkau-net.datel-dessau.de\\\/cms\\\/?s={search_term_string}\"},\"query-input\":{\"@type\":\"PropertyValueSpecification\",\"valueRequired\":true,\"valueName\":\"search_term_string\"}}],\"inLanguage\":\"de\"},{\"@type\":\"Organization\",\"@id\":\"https:\\\/\\\/mosigkau-net.datel-dessau.de\\\/cms\\\/#organization\",\"name\":\"Mosigkau NET(T)\",\"url\":\"https:\\\/\\\/mosigkau-net.datel-dessau.de\\\/cms\\\/\",\"logo\":{\"@type\":\"ImageObject\",\"inLanguage\":\"de\",\"@id\":\"https:\\\/\\\/mosigkau-net.datel-dessau.de\\\/cms\\\/#\\\/schema\\\/logo\\\/image\\\/\",\"url\":\"https:\\\/\\\/mosigkau-net.datel-dessau.de\\\/cms\\\/cms\\\/wp-content\\\/uploads\\\/2021\\\/08\\\/wappen.png\",\"contentUrl\":\"https:\\\/\\\/mosigkau-net.datel-dessau.de\\\/cms\\\/cms\\\/wp-content\\\/uploads\\\/2021\\\/08\\\/wappen.png\",\"width\":512,\"height\":512,\"caption\":\"Mosigkau NET(T)\"},\"image\":{\"@id\":\"https:\\\/\\\/mosigkau-net.datel-dessau.de\\\/cms\\\/#\\\/schema\\\/logo\\\/image\\\/\"}}]}<\/script>\n<!-- \/ Yoast SEO plugin. -->","yoast_head_json":{"title":"144 Jahre Feuerwehr - Mosigkau NET(T)","robots":{"index":"index","follow":"follow","max-snippet":"max-snippet:-1","max-image-preview":"max-image-preview:large","max-video-preview":"max-video-preview:-1"},"canonical":"https:\/\/mosigkau-net.datel-dessau.de\/cms\/144-jahre-feuerwehr\/","og_locale":"de_DE","og_type":"article","og_title":"144 Jahre Feuerwehr - Mosigkau NET(T)","og_description":"144 Jahre Freiwillige Feuerwehr Mosigkau \u2013 vom Pferd zum 14-Tonner Zum 144-j\u00e4hrigen Bestehen m\u00f6chten wir euch","og_url":"https:\/\/mosigkau-net.datel-dessau.de\/cms\/144-jahre-feuerwehr\/","og_site_name":"Mosigkau NET(T)","article_modified_time":"2026-05-02T21:56:14+00:00","og_image":[{"width":2333,"height":1570,"url":"https:\/\/mosigkau-net.datel-dessau.de\/cms\/wp-content\/uploads\/2026\/04\/1-H3A.jpg","type":"image\/jpeg"}],"twitter_card":"summary_large_image","twitter_misc":{"Gesch\u00e4tzte Lesezeit":"5\u00a0Minuten"},"schema":{"@context":"https:\/\/schema.org","@graph":[{"@type":"WebPage","@id":"https:\/\/mosigkau-net.datel-dessau.de\/cms\/144-jahre-feuerwehr\/","url":"https:\/\/mosigkau-net.datel-dessau.de\/cms\/144-jahre-feuerwehr\/","name":"144 Jahre Feuerwehr - Mosigkau NET(T)","isPartOf":{"@id":"https:\/\/mosigkau-net.datel-dessau.de\/cms\/#website"},"primaryImageOfPage":{"@id":"https:\/\/mosigkau-net.datel-dessau.de\/cms\/144-jahre-feuerwehr\/#primaryimage"},"image":{"@id":"https:\/\/mosigkau-net.datel-dessau.de\/cms\/144-jahre-feuerwehr\/#primaryimage"},"thumbnailUrl":"https:\/\/mosigkau-net.datel-dessau.de\/cms\/cms\/wp-content\/uploads\/2026\/04\/1-H3A-1024x689.jpg","datePublished":"2026-04-09T16:50:58+00:00","dateModified":"2026-05-02T21:56:14+00:00","breadcrumb":{"@id":"https:\/\/mosigkau-net.datel-dessau.de\/cms\/144-jahre-feuerwehr\/#breadcrumb"},"inLanguage":"de","potentialAction":[{"@type":"ReadAction","target":["https:\/\/mosigkau-net.datel-dessau.de\/cms\/144-jahre-feuerwehr\/"]}]},{"@type":"ImageObject","inLanguage":"de","@id":"https:\/\/mosigkau-net.datel-dessau.de\/cms\/144-jahre-feuerwehr\/#primaryimage","url":"https:\/\/mosigkau-net.datel-dessau.de\/cms\/wp-content\/uploads\/2026\/04\/1-H3A.jpg","contentUrl":"https:\/\/mosigkau-net.datel-dessau.de\/cms\/wp-content\/uploads\/2026\/04\/1-H3A.jpg","width":2333,"height":1570},{"@type":"BreadcrumbList","@id":"https:\/\/mosigkau-net.datel-dessau.de\/cms\/144-jahre-feuerwehr\/#breadcrumb","itemListElement":[{"@type":"ListItem","position":1,"name":"Startseite","item":"https:\/\/mosigkau-net.datel-dessau.de\/cms\/"},{"@type":"ListItem","position":2,"name":"144 Jahre Feuerwehr"}]},{"@type":"WebSite","@id":"https:\/\/mosigkau-net.datel-dessau.de\/cms\/#website","url":"https:\/\/mosigkau-net.datel-dessau.de\/cms\/","name":"Mosigkau NET(T)","description":"Informationen rund um Mosigkau","publisher":{"@id":"https:\/\/mosigkau-net.datel-dessau.de\/cms\/#organization"},"potentialAction":[{"@type":"SearchAction","target":{"@type":"EntryPoint","urlTemplate":"https:\/\/mosigkau-net.datel-dessau.de\/cms\/?s={search_term_string}"},"query-input":{"@type":"PropertyValueSpecification","valueRequired":true,"valueName":"search_term_string"}}],"inLanguage":"de"},{"@type":"Organization","@id":"https:\/\/mosigkau-net.datel-dessau.de\/cms\/#organization","name":"Mosigkau NET(T)","url":"https:\/\/mosigkau-net.datel-dessau.de\/cms\/","logo":{"@type":"ImageObject","inLanguage":"de","@id":"https:\/\/mosigkau-net.datel-dessau.de\/cms\/#\/schema\/logo\/image\/","url":"https:\/\/mosigkau-net.datel-dessau.de\/cms\/cms\/wp-content\/uploads\/2021\/08\/wappen.png","contentUrl":"https:\/\/mosigkau-net.datel-dessau.de\/cms\/cms\/wp-content\/uploads\/2021\/08\/wappen.png","width":512,"height":512,"caption":"Mosigkau NET(T)"},"image":{"@id":"https:\/\/mosigkau-net.datel-dessau.de\/cms\/#\/schema\/logo\/image\/"}}]}},"publishpress_future_action":{"enabled":false,"date":"2026-09-09 12:31:35","action":"change-status","newStatus":"draft","terms":[],"taxonomy":"","extraData":[]},"publishpress_future_workflow_manual_trigger":{"enabledWorkflows":[]},"_links":{"self":[{"href":"https:\/\/mosigkau-net.datel-dessau.de\/cms\/wp-json\/wp\/v2\/pages\/4649","targetHints":{"allow":["GET"]}}],"collection":[{"href":"https:\/\/mosigkau-net.datel-dessau.de\/cms\/wp-json\/wp\/v2\/pages"}],"about":[{"href":"https:\/\/mosigkau-net.datel-dessau.de\/cms\/wp-json\/wp\/v2\/types\/page"}],"author":[{"embeddable":true,"href":"https:\/\/mosigkau-net.datel-dessau.de\/cms\/wp-json\/wp\/v2\/users\/2"}],"replies":[{"embeddable":true,"href":"https:\/\/mosigkau-net.datel-dessau.de\/cms\/wp-json\/wp\/v2\/comments?post=4649"}],"version-history":[{"count":6,"href":"https:\/\/mosigkau-net.datel-dessau.de\/cms\/wp-json\/wp\/v2\/pages\/4649\/revisions"}],"predecessor-version":[{"id":4731,"href":"https:\/\/mosigkau-net.datel-dessau.de\/cms\/wp-json\/wp\/v2\/pages\/4649\/revisions\/4731"}],"wp:attachment":[{"href":"https:\/\/mosigkau-net.datel-dessau.de\/cms\/wp-json\/wp\/v2\/media?parent=4649"}],"curies":[{"name":"wp","href":"https:\/\/api.w.org\/{rel}","templated":true}]}}