{"id":4728,"date":"2026-04-29T21:01:00","date_gmt":"2026-04-29T20:01:00","guid":{"rendered":"https:\/\/www.mosigkau.net\/?page_id=4728"},"modified":"2026-04-29T21:01:00","modified_gmt":"2026-04-29T20:01:00","slug":"kunst-kultur-mosigkau-e-v","status":"publish","type":"page","link":"https:\/\/mosigkau-net.datel-dessau.de\/cms\/kunst-kultur-mosigkau-e-v\/","title":{"rendered":"Kunst &#038; Kultur Mosigkau e.V."},"content":{"rendered":"<div>\n<div class=\"SPZz6b\">\n<h2 class=\"qrShPb kno-ecr-pt PZPZlf mfMhoc PPT5v hNKfZe\" data-dtype=\"d3ifr\" data-local-attribute=\"d3bn\" data-attrid=\"title\" data-ved=\"2ahUKEwiHrqul79byAhWQxYUKHYSLD08Q3B0oADAAegQICBAB\">Kunst &amp; Kultur Mosigkau e.V.<a href=\"https:\/\/mosigkau-net.datel-dessau.de\/cms\/cms\/wp-content\/uploads\/2025\/08\/5.kkf_.jpeg\"><img loading=\"lazy\" decoding=\"async\" class=\"alignright wp-image-4727 size-medium\" src=\"https:\/\/mosigkau-net.datel-dessau.de\/cms\/cms\/wp-content\/uploads\/2025\/08\/5.kkf_-300x300.jpeg\" alt=\"\" width=\"300\" height=\"300\" \/><\/a><\/h2>\n<\/div>\n<p>Der am 02.02.2023 gegr\u00fcndete Verein\u00a0<span class=\"x193iq5w xeuugli x13faqbe x1vvkbs x10flsy6 x1lliihq x1s928wv xhkezso x1gmr53x x1cpjm7i x1fgarty x1943h6x x4zkp8e x41vudc x6prxxf xvq8zen xo1l8bm xzsf02u\" dir=\"auto\">bietet Amateur-K\u00fcnstler*innen eine B\u00fchne im Sch\u00e4fergarten in Dessau-Mosigkau mit einem Kleinkunstfestival bestehend aus einem<\/span><span class=\"x193iq5w xeuugli x13faqbe x1vvkbs x10flsy6 x1lliihq x1s928wv xhkezso x1gmr53x x1cpjm7i x1fgarty x1943h6x x4zkp8e x41vudc x6prxxf xvq8zen xo1l8bm xzsf02u\" dir=\"auto\"> Mix aus Musik, Theater &amp; Literatur.<\/span><\/p>\n<h3><span class=\"color_15\">Kontakt:<br \/>\n<\/span><\/h3>\n<p class=\"font_9\"><span class=\"color_15\"><span class=\"marginLeft20\">Kunst &amp; Kultur Mosigkau e.V.<\/span><br \/>\n06847 Dessau-Ro\u00dflau<\/span><\/p>\n<div id=\"comp-jxatuux41\" class=\"_1Q9if\" data-testid=\"richTextElement\">\n<p class=\"font_9\"><span class=\"color_15\">Webseite: <a href=\"https:\/\/www.facebook.com\/mosigkauer.kleinkunstfestival\/\" target=\"_blank\" rel=\"noopener\">https:\/\/www.facebook.com\/mosigkauer.kleinkunstfestival\/<\/a><br \/>\nMail: <a href=\"mailto:kleinkunstfestival.mosigkau@gmx.de\">kleinkunstfestival.mosigkau@gmx.de<\/a><\/span><\/p>\n<\/div>\n<\/div>\n","protected":false},"excerpt":{"rendered":"<p>Kunst &amp; Kultur Mosigkau e.V. Der am 02.02.2023 gegr\u00fcndete Verein\u00a0bietet Amateur-K\u00fcnstler*innen eine B\u00fchne im Sch\u00e4fergarten in<\/p>\n","protected":false},"author":2,"featured_media":0,"parent":0,"menu_order":0,"comment_status":"closed","ping_status":"closed","template":"","meta":{"footnotes":""},"class_list":["post-4728","page","type-page","status-publish","hentry"],"yoast_head":"<!-- This site is optimized with the Yoast SEO plugin v28.3 - https:\/\/yoast.com\/product\/yoast-seo-wordpress\/ -->\n<title>Kunst &amp; Kultur Mosigkau e.V. - Mosigkau NET(T)<\/title>\n<meta name=\"robots\" content=\"index, follow, max-snippet:-1, max-image-preview:large, max-video-preview:-1\" \/>\n<link rel=\"canonical\" href=\"https:\/\/mosigkau-net.datel-dessau.de\/cms\/kunst-kultur-mosigkau-e-v\/\" \/>\n<meta property=\"og:locale\" content=\"de_DE\" \/>\n<meta property=\"og:type\" content=\"article\" \/>\n<meta property=\"og:title\" content=\"Kunst &amp; Kultur Mosigkau e.V. - Mosigkau NET(T)\" \/>\n<meta property=\"og:description\" content=\"Kunst &amp; Kultur Mosigkau e.V. Der am 02.02.2023 gegr\u00fcndete Verein\u00a0bietet Amateur-K\u00fcnstler*innen eine B\u00fchne im Sch\u00e4fergarten in\" \/>\n<meta property=\"og:url\" content=\"https:\/\/mosigkau-net.datel-dessau.de\/cms\/kunst-kultur-mosigkau-e-v\/\" \/>\n<meta property=\"og:site_name\" content=\"Mosigkau NET(T)\" \/>\n<meta name=\"twitter:card\" content=\"summary_large_image\" \/>\n<meta name=\"twitter:label1\" content=\"Gesch\u00e4tzte Lesezeit\" \/>\n\t<meta name=\"twitter:data1\" content=\"1\u00a0Minute\" \/>\n<script type=\"application\/ld+json\" class=\"yoast-schema-graph\">{\"@context\":\"https:\\\/\\\/schema.org\",\"@graph\":[{\"@type\":\"WebPage\",\"@id\":\"https:\\\/\\\/mosigkau-net.datel-dessau.de\\\/cms\\\/kunst-kultur-mosigkau-e-v\\\/\",\"url\":\"https:\\\/\\\/mosigkau-net.datel-dessau.de\\\/cms\\\/kunst-kultur-mosigkau-e-v\\\/\",\"name\":\"Kunst & Kultur Mosigkau e.V. - Mosigkau NET(T)\",\"isPartOf\":{\"@id\":\"https:\\\/\\\/mosigkau-net.datel-dessau.de\\\/cms\\\/#website\"},\"primaryImageOfPage\":{\"@id\":\"https:\\\/\\\/mosigkau-net.datel-dessau.de\\\/cms\\\/kunst-kultur-mosigkau-e-v\\\/#primaryimage\"},\"image\":{\"@id\":\"https:\\\/\\\/mosigkau-net.datel-dessau.de\\\/cms\\\/kunst-kultur-mosigkau-e-v\\\/#primaryimage\"},\"thumbnailUrl\":\"https:\\\/\\\/mosigkau-net.datel-dessau.de\\\/cms\\\/cms\\\/wp-content\\\/uploads\\\/2025\\\/08\\\/5.kkf_-300x300.jpeg\",\"datePublished\":\"2026-04-29T20:01:00+00:00\",\"breadcrumb\":{\"@id\":\"https:\\\/\\\/mosigkau-net.datel-dessau.de\\\/cms\\\/kunst-kultur-mosigkau-e-v\\\/#breadcrumb\"},\"inLanguage\":\"de\",\"potentialAction\":[{\"@type\":\"ReadAction\",\"target\":[\"https:\\\/\\\/mosigkau-net.datel-dessau.de\\\/cms\\\/kunst-kultur-mosigkau-e-v\\\/\"]}]},{\"@type\":\"ImageObject\",\"inLanguage\":\"de\",\"@id\":\"https:\\\/\\\/mosigkau-net.datel-dessau.de\\\/cms\\\/kunst-kultur-mosigkau-e-v\\\/#primaryimage\",\"url\":\"\",\"contentUrl\":\"\"},{\"@type\":\"BreadcrumbList\",\"@id\":\"https:\\\/\\\/mosigkau-net.datel-dessau.de\\\/cms\\\/kunst-kultur-mosigkau-e-v\\\/#breadcrumb\",\"itemListElement\":[{\"@type\":\"ListItem\",\"position\":1,\"name\":\"Startseite\",\"item\":\"https:\\\/\\\/mosigkau-net.datel-dessau.de\\\/cms\\\/\"},{\"@type\":\"ListItem\",\"position\":2,\"name\":\"Kunst &#038; Kultur Mosigkau e.V.\"}]},{\"@type\":\"WebSite\",\"@id\":\"https:\\\/\\\/mosigkau-net.datel-dessau.de\\\/cms\\\/#website\",\"url\":\"https:\\\/\\\/mosigkau-net.datel-dessau.de\\\/cms\\\/\",\"name\":\"Mosigkau NET(T)\",\"description\":\"Informationen rund um Mosigkau\",\"publisher\":{\"@id\":\"https:\\\/\\\/mosigkau-net.datel-dessau.de\\\/cms\\\/#organization\"},\"potentialAction\":[{\"@type\":\"SearchAction\",\"target\":{\"@type\":\"EntryPoint\",\"urlTemplate\":\"https:\\\/\\\/mosigkau-net.datel-dessau.de\\\/cms\\\/?s={search_term_string}\"},\"query-input\":{\"@type\":\"PropertyValueSpecification\",\"valueRequired\":true,\"valueName\":\"search_term_string\"}}],\"inLanguage\":\"de\"},{\"@type\":\"Organization\",\"@id\":\"https:\\\/\\\/mosigkau-net.datel-dessau.de\\\/cms\\\/#organization\",\"name\":\"Mosigkau NET(T)\",\"url\":\"https:\\\/\\\/mosigkau-net.datel-dessau.de\\\/cms\\\/\",\"logo\":{\"@type\":\"ImageObject\",\"inLanguage\":\"de\",\"@id\":\"https:\\\/\\\/mosigkau-net.datel-dessau.de\\\/cms\\\/#\\\/schema\\\/logo\\\/image\\\/\",\"url\":\"https:\\\/\\\/mosigkau-net.datel-dessau.de\\\/cms\\\/cms\\\/wp-content\\\/uploads\\\/2021\\\/08\\\/wappen.png\",\"contentUrl\":\"https:\\\/\\\/mosigkau-net.datel-dessau.de\\\/cms\\\/cms\\\/wp-content\\\/uploads\\\/2021\\\/08\\\/wappen.png\",\"width\":512,\"height\":512,\"caption\":\"Mosigkau NET(T)\"},\"image\":{\"@id\":\"https:\\\/\\\/mosigkau-net.datel-dessau.de\\\/cms\\\/#\\\/schema\\\/logo\\\/image\\\/\"}}]}<\/script>\n<!-- \/ Yoast SEO plugin. -->","yoast_head_json":{"title":"Kunst & Kultur Mosigkau e.V. - Mosigkau NET(T)","robots":{"index":"index","follow":"follow","max-snippet":"max-snippet:-1","max-image-preview":"max-image-preview:large","max-video-preview":"max-video-preview:-1"},"canonical":"https:\/\/mosigkau-net.datel-dessau.de\/cms\/kunst-kultur-mosigkau-e-v\/","og_locale":"de_DE","og_type":"article","og_title":"Kunst & Kultur Mosigkau e.V. - Mosigkau NET(T)","og_description":"Kunst &amp; Kultur Mosigkau e.V. Der am 02.02.2023 gegr\u00fcndete Verein\u00a0bietet Amateur-K\u00fcnstler*innen eine B\u00fchne im Sch\u00e4fergarten in","og_url":"https:\/\/mosigkau-net.datel-dessau.de\/cms\/kunst-kultur-mosigkau-e-v\/","og_site_name":"Mosigkau NET(T)","twitter_card":"summary_large_image","twitter_misc":{"Gesch\u00e4tzte Lesezeit":"1\u00a0Minute"},"schema":{"@context":"https:\/\/schema.org","@graph":[{"@type":"WebPage","@id":"https:\/\/mosigkau-net.datel-dessau.de\/cms\/kunst-kultur-mosigkau-e-v\/","url":"https:\/\/mosigkau-net.datel-dessau.de\/cms\/kunst-kultur-mosigkau-e-v\/","name":"Kunst & Kultur Mosigkau e.V. - Mosigkau NET(T)","isPartOf":{"@id":"https:\/\/mosigkau-net.datel-dessau.de\/cms\/#website"},"primaryImageOfPage":{"@id":"https:\/\/mosigkau-net.datel-dessau.de\/cms\/kunst-kultur-mosigkau-e-v\/#primaryimage"},"image":{"@id":"https:\/\/mosigkau-net.datel-dessau.de\/cms\/kunst-kultur-mosigkau-e-v\/#primaryimage"},"thumbnailUrl":"https:\/\/mosigkau-net.datel-dessau.de\/cms\/cms\/wp-content\/uploads\/2025\/08\/5.kkf_-300x300.jpeg","datePublished":"2026-04-29T20:01:00+00:00","breadcrumb":{"@id":"https:\/\/mosigkau-net.datel-dessau.de\/cms\/kunst-kultur-mosigkau-e-v\/#breadcrumb"},"inLanguage":"de","potentialAction":[{"@type":"ReadAction","target":["https:\/\/mosigkau-net.datel-dessau.de\/cms\/kunst-kultur-mosigkau-e-v\/"]}]},{"@type":"ImageObject","inLanguage":"de","@id":"https:\/\/mosigkau-net.datel-dessau.de\/cms\/kunst-kultur-mosigkau-e-v\/#primaryimage","url":"","contentUrl":""},{"@type":"BreadcrumbList","@id":"https:\/\/mosigkau-net.datel-dessau.de\/cms\/kunst-kultur-mosigkau-e-v\/#breadcrumb","itemListElement":[{"@type":"ListItem","position":1,"name":"Startseite","item":"https:\/\/mosigkau-net.datel-dessau.de\/cms\/"},{"@type":"ListItem","position":2,"name":"Kunst &#038; Kultur Mosigkau e.V."}]},{"@type":"WebSite","@id":"https:\/\/mosigkau-net.datel-dessau.de\/cms\/#website","url":"https:\/\/mosigkau-net.datel-dessau.de\/cms\/","name":"Mosigkau NET(T)","description":"Informationen rund um Mosigkau","publisher":{"@id":"https:\/\/mosigkau-net.datel-dessau.de\/cms\/#organization"},"potentialAction":[{"@type":"SearchAction","target":{"@type":"EntryPoint","urlTemplate":"https:\/\/mosigkau-net.datel-dessau.de\/cms\/?s={search_term_string}"},"query-input":{"@type":"PropertyValueSpecification","valueRequired":true,"valueName":"search_term_string"}}],"inLanguage":"de"},{"@type":"Organization","@id":"https:\/\/mosigkau-net.datel-dessau.de\/cms\/#organization","name":"Mosigkau NET(T)","url":"https:\/\/mosigkau-net.datel-dessau.de\/cms\/","logo":{"@type":"ImageObject","inLanguage":"de","@id":"https:\/\/mosigkau-net.datel-dessau.de\/cms\/#\/schema\/logo\/image\/","url":"https:\/\/mosigkau-net.datel-dessau.de\/cms\/cms\/wp-content\/uploads\/2021\/08\/wappen.png","contentUrl":"https:\/\/mosigkau-net.datel-dessau.de\/cms\/cms\/wp-content\/uploads\/2021\/08\/wappen.png","width":512,"height":512,"caption":"Mosigkau NET(T)"},"image":{"@id":"https:\/\/mosigkau-net.datel-dessau.de\/cms\/#\/schema\/logo\/image\/"}}]}},"publishpress_future_action":{"enabled":false,"date":"2026-09-09 11:33:06","action":"change-status","newStatus":"draft","terms":[],"taxonomy":"","extraData":[]},"publishpress_future_workflow_manual_trigger":{"enabledWorkflows":[]},"_links":{"self":[{"href":"https:\/\/mosigkau-net.datel-dessau.de\/cms\/wp-json\/wp\/v2\/pages\/4728","targetHints":{"allow":["GET"]}}],"collection":[{"href":"https:\/\/mosigkau-net.datel-dessau.de\/cms\/wp-json\/wp\/v2\/pages"}],"about":[{"href":"https:\/\/mosigkau-net.datel-dessau.de\/cms\/wp-json\/wp\/v2\/types\/page"}],"author":[{"embeddable":true,"href":"https:\/\/mosigkau-net.datel-dessau.de\/cms\/wp-json\/wp\/v2\/users\/2"}],"replies":[{"embeddable":true,"href":"https:\/\/mosigkau-net.datel-dessau.de\/cms\/wp-json\/wp\/v2\/comments?post=4728"}],"version-history":[{"count":1,"href":"https:\/\/mosigkau-net.datel-dessau.de\/cms\/wp-json\/wp\/v2\/pages\/4728\/revisions"}],"predecessor-version":[{"id":4729,"href":"https:\/\/mosigkau-net.datel-dessau.de\/cms\/wp-json\/wp\/v2\/pages\/4728\/revisions\/4729"}],"wp:attachment":[{"href":"https:\/\/mosigkau-net.datel-dessau.de\/cms\/wp-json\/wp\/v2\/media?parent=4728"}],"curies":[{"name":"wp","href":"https:\/\/api.w.org\/{rel}","templated":true}]}}