{"id":634,"date":"2022-03-03T12:23:21","date_gmt":"2022-03-03T12:23:21","guid":{"rendered":"https:\/\/www.mosigkau.net\/?page_id=634"},"modified":"2023-01-24T21:18:54","modified_gmt":"2023-01-24T20:18:54","slug":"chronik","status":"publish","type":"page","link":"https:\/\/mosigkau-net.datel-dessau.de\/cms\/ueber-mosigkau\/chronik\/","title":{"rendered":"Chronik"},"content":{"rendered":"<table width=\"756\">\n<tbody>\n<tr>\n<td width=\"189\"><strong>1272<\/strong><\/td>\n<td width=\"567\">erste urkundliche Erw\u00e4hnung als Mosecowe; seit dem 19. Jh. Mosigkau<\/td>\n<\/tr>\n<tr>\n<td><strong>1283<\/strong><\/td>\n<td>erstmalige Erw\u00e4hnung der Kirche <img loading=\"lazy\" decoding=\"async\" class=\"alignright size-medium wp-image-153\" src=\"https:\/\/mosigkau-net.datel-dessau.de\/cms\/cms\/wp-content\/uploads\/2018\/12\/Martin-Luther-Kirche_Mosigkau-300x225.jpg\" alt=\"\" width=\"300\" height=\"225\" srcset=\"https:\/\/mosigkau-net.datel-dessau.de\/cms\/wp-content\/uploads\/2018\/12\/Martin-Luther-Kirche_Mosigkau-300x225.jpg 300w, https:\/\/mosigkau-net.datel-dessau.de\/cms\/wp-content\/uploads\/2018\/12\/Martin-Luther-Kirche_Mosigkau-768x576.jpg 768w, https:\/\/mosigkau-net.datel-dessau.de\/cms\/wp-content\/uploads\/2018\/12\/Martin-Luther-Kirche_Mosigkau-1024x768.jpg 1024w, https:\/\/mosigkau-net.datel-dessau.de\/cms\/wp-content\/uploads\/2018\/12\/Martin-Luther-Kirche_Mosigkau.jpg 1280w\" sizes=\"auto, (max-width: 300px) 100vw, 300px\" \/><\/td>\n<\/tr>\n<tr>\n<td><strong>1657<\/strong><\/td>\n<td>erste Erw\u00e4hnung eines Schulmeisters in Mosigkau<\/td>\n<\/tr>\n<tr>\n<td><strong>1705<\/strong><\/td>\n<td>Bau einer neuen Schule (Standort Ecke Anhalter- \/ Ch\u00f6rauer Stra\u00dfe)<\/td>\n<\/tr>\n<tr>\n<td><strong>1715<\/strong><\/td>\n<td>Anna Wilhelmine von Dessau-Anhalt geboren<\/td>\n<\/tr>\n<tr>\n<td><strong>1742<\/strong><\/td>\n<td>erhielt Prinzessin Anna Wilhelmine von Dessau-Anhalt, als Tochter des F\u00fcrsten Leopold von Anhalt-Dessau (\u201eDer Alte Dessauer\u201c) und dessen Gemahlin F\u00fcrstin Anna-Luise, das Stubenrausche Gut in Mosigkau mit den dazugeh\u00f6rigen L\u00e4ndereien von ihrem Vater geschenkt.<\/td>\n<\/tr>\n<tr>\n<td><strong>1752<\/strong><\/td>\n<td>Auf Veranlassung der Prinzessin wurde mit dem Schlossbau in Mosigkau begonnen.<\/td>\n<\/tr>\n<tr>\n<td><strong>1757<\/strong><\/td>\n<td>Fertigstellung des \u201eSchloss Mosigkau\u201c Sommerresidenz der Anna Wilhelmine von Dessau-Anhalt <img loading=\"lazy\" decoding=\"async\" class=\"alignright size-medium wp-image-643\" src=\"https:\/\/mosigkau-net.datel-dessau.de\/cms\/cms\/wp-content\/uploads\/2022\/03\/Schloss_mosigkau-300x121.png\" alt=\"\" width=\"300\" height=\"121\" srcset=\"https:\/\/mosigkau-net.datel-dessau.de\/cms\/wp-content\/uploads\/2022\/03\/Schloss_mosigkau-300x121.png 300w, https:\/\/mosigkau-net.datel-dessau.de\/cms\/wp-content\/uploads\/2022\/03\/Schloss_mosigkau.png 648w\" sizes=\"auto, (max-width: 300px) 100vw, 300px\" \/><\/td>\n<\/tr>\n<tr>\n<td><strong>1780<\/strong><\/td>\n<td>starb Prinzessin Anna-Wilhelmine von Anhalt.<\/td>\n<\/tr>\n<tr>\n<td><\/td>\n<td>Sie hinterlie\u00df ein Testament, nach welchem sie aus ihrem Privatbesitz ein Hochadliges Fr\u00e4uleinstift gr\u00fcndete.<\/td>\n<\/tr>\n<tr>\n<td><strong>1788<\/strong><\/td>\n<td>Mosigkauer Schule wird zweiklassige Einlehrerschule<\/td>\n<\/tr>\n<tr>\n<td><strong>1834<\/strong><\/td>\n<td>Errichtung eines zweiten Schulgeb\u00e4udes (Standort Ecke Anhalter- \/ Ch\u00f6rauer Stra\u00dfe)<\/td>\n<\/tr>\n<tr>\n<td><strong>1840<\/strong><\/td>\n<td>Durch Mosigkau f\u00fchrt eine der \u00e4ltesten Bahnstrecken Deutschlands. (Berlin-Anhaltische-Eisenbahngesellschaft) <img loading=\"lazy\" decoding=\"async\" class=\"size-full wp-image-1257 alignright\" src=\"https:\/\/mosigkau-net.datel-dessau.de\/cms\/cms\/wp-content\/uploads\/2022\/04\/ausstellung2.png\" alt=\"\" width=\"264\" height=\"257\" \/><\/td>\n<\/tr>\n<tr>\n<td><strong>1862<\/strong><\/td>\n<td>Er\u00f6ffnung der Haltestelle (Bahnhof) Mosigkau \u2013 Strecke Dessau-K\u00f6then <img loading=\"lazy\" decoding=\"async\" class=\"aligncenter size-tortuga-thumbnail-large wp-image-645\" src=\"https:\/\/mosigkau-net.datel-dessau.de\/cms\/cms\/wp-content\/uploads\/2022\/03\/bahnhof_mosigkau2-600x330.jpg\" alt=\"\" width=\"600\" height=\"330\" \/><\/td>\n<\/tr>\n<tr>\n<td><strong>1863<\/strong><\/td>\n<td>Lebrecht Diener geboren \u2013 Gemeindevorsteher 1915-1927<\/td>\n<\/tr>\n<tr>\n<td><strong>1874<\/strong><\/td>\n<td>Heinrich Deist geboren \u2013 erster Anhaltischer Ministerpr\u00e4sident.<\/td>\n<\/tr>\n<tr>\n<td><strong>1882<\/strong><\/td>\n<td>Gr\u00fcndung der Freiwilligen Feuerwehr in Mosigkau<img loading=\"lazy\" decoding=\"async\" class=\"alignright wp-image-1015 size-medium\" src=\"https:\/\/mosigkau-net.datel-dessau.de\/cms\/cms\/wp-content\/uploads\/2022\/03\/Mosigkau-1912-300x225.jpg\" alt=\"\" width=\"300\" height=\"225\" srcset=\"https:\/\/mosigkau-net.datel-dessau.de\/cms\/wp-content\/uploads\/2022\/03\/Mosigkau-1912-300x225.jpg 300w, https:\/\/mosigkau-net.datel-dessau.de\/cms\/wp-content\/uploads\/2022\/03\/Mosigkau-1912-768x576.jpg 768w, https:\/\/mosigkau-net.datel-dessau.de\/cms\/wp-content\/uploads\/2022\/03\/Mosigkau-1912.jpg 800w\" sizes=\"auto, (max-width: 300px) 100vw, 300px\" \/><\/td>\n<\/tr>\n<tr>\n<td><strong>1894<\/strong><\/td>\n<td>Gr\u00fcndung des heutigen TSV 1894 Mosigkau e.V. <img loading=\"lazy\" decoding=\"async\" class=\"alignright size-full wp-image-78\" src=\"https:\/\/mosigkau-net.datel-dessau.de\/cms\/cms\/wp-content\/uploads\/2018\/12\/tsv.png\" alt=\"\" width=\"100\" height=\"99\" \/><\/td>\n<\/tr>\n<tr>\n<td><strong>1896<\/strong><\/td>\n<td>Fritz Horn geboren \u2013 wohnte sp\u00e4ter in Mosigkau (Pilot, Flugkapit\u00e4n, Pionier der zivilen Luftfahrt)<\/td>\n<\/tr>\n<tr>\n<td><strong>1899<\/strong><\/td>\n<td>Errichtung der Mosigkauer Kleinkindschule (heute Domizil der Mosigkauer Schlosskinder)<\/td>\n<\/tr>\n<tr>\n<td><strong>1910<\/strong><\/td>\n<td>Der gesamte Ort Mosigkau verf\u00fcgt \u00fcber einen elektrischen Stromanschluss.<\/td>\n<\/tr>\n<tr>\n<td><strong>1913<\/strong><\/td>\n<td>Bau der neuen Schule in der Ch\u00f6rauer Stra\u00dfe<\/td>\n<\/tr>\n<tr>\n<td><strong>1926<\/strong><\/td>\n<td>Teile des R\u00f6\u00dflings werden als Naturschutzgebiet ausgewiesen. Der R\u00f6\u00dfling ist eines der \u00e4ltesten Naturschutzgebiete in Anhalt.<\/td>\n<\/tr>\n<tr>\n<td><strong>1926<\/strong><\/td>\n<td>Einweihung des Freibades in der Ch\u00f6rauer Stra\u00dfe (Alte Badeanstalt)<\/td>\n<\/tr>\n<tr>\n<td><strong>1927<\/strong><\/td>\n<td>Kauf der Mosigkauer Heide durch den Staat<\/td>\n<\/tr>\n<tr>\n<td><strong>1928<\/strong><\/td>\n<td>erste Autobuslinie von Dessau nach Mosigkau<\/td>\n<\/tr>\n<tr>\n<td><strong>1934<\/strong><\/td>\n<td>Er\u00f6ffnung des \u201eWald- und Strandbad Mosigkau\u201c<\/td>\n<\/tr>\n<tr>\n<td><\/td>\n<td>Der M\u00fchlteich wurde zu einem Wald- und Strandbad umgestaltet.<\/td>\n<\/tr>\n<tr>\n<td><strong>1945<\/strong><\/td>\n<td>Am 16. April Einnahme Mosigkau durch US-amerikanische Truppen<\/td>\n<\/tr>\n<tr>\n<td><strong>1948<\/strong><\/td>\n<td>Er\u00f6ffnung der Anhaltischen Gem\u00e4ldegalerie im Schloss Mosigkau<\/td>\n<\/tr>\n<tr>\n<td><strong>1949<\/strong><\/td>\n<td>Umbau der \u201eAlten Sch\u00e4ferei\u201c zum Rathaus Mosigkau. Es erfolgt u. a. ein Turmanbau.<\/td>\n<\/tr>\n<tr>\n<td><strong>1950<\/strong><\/td>\n<td>Er\u00f6ffnung des neuen Gemeindeamtes (heute B\u00fcrgerhaus)<\/td>\n<\/tr>\n<tr>\n<td><\/td>\n<td>Er\u00f6ffnung der Anhaltischen Gem\u00e4ldegalerie in neuen R\u00e4umen am Neumarkt<\/td>\n<\/tr>\n<tr>\n<td><strong>1951<\/strong><\/td>\n<td>Dr. Walther Pflug wird erster Direktor des Mosigkauer Schlosses bis 1954<\/td>\n<\/tr>\n<tr>\n<td><\/td>\n<td>Er\u00f6ffnung eines Museums der Rokokozeit im Schloss Mosigkau<\/td>\n<\/tr>\n<tr>\n<td><strong>1952<\/strong><\/td>\n<td>Eingemeindung Mosigkau<\/td>\n<\/tr>\n<tr>\n<td><strong>1954<\/strong><\/td>\n<td>Elbhochwasser dringt bis Mosigkau vor. Unterdorf steht teilweise unter Wasser.<\/td>\n<\/tr>\n<tr>\n<td><strong>1956<\/strong><\/td>\n<td>Hochwasser in Mosigkau. Im Juli 1956 regnete es vier Tage (200 Liter). Die Teiche des Libbesdorfer Baches verhinderten gr\u00f6\u00dferen Schaden.<\/td>\n<\/tr>\n<tr>\n<td><strong>1967<\/strong><\/td>\n<td>erh\u00e4lt die Evangelische Kirche in Mosigkau den Namen \u201eMartin Luther\u201c.<\/td>\n<\/tr>\n<tr>\n<td><strong>1978<\/strong><\/td>\n<td>Fertigstellung eines Mehrzweckgeb\u00e4udes auf dem Sportgel\u00e4nde in Mosigkau (Sportheim)<\/td>\n<\/tr>\n<tr>\n<td><\/td>\n<td>Er\u00f6ffnung eines Verbrauchermarktes in der Ch\u00f6rauer Str.<\/td>\n<\/tr>\n<tr>\n<td><strong>1979<\/strong><\/td>\n<td>Mosigkau braucht Wasser!<br \/>\nBeginn des Ausbaus der zentralen Wasserversorgung<a href=\"https:\/\/mosigkau-net.datel-dessau.de\/cms\/cms\/wp-content\/uploads\/2023\/01\/wasser_bis_1981.png\"><img loading=\"lazy\" decoding=\"async\" class=\"wp-image-1802 size-medium alignright\" src=\"https:\/\/mosigkau-net.datel-dessau.de\/cms\/cms\/wp-content\/uploads\/2023\/01\/wasser_bis_1981-300x227.png\" alt=\"\" width=\"300\" height=\"227\" srcset=\"https:\/\/mosigkau-net.datel-dessau.de\/cms\/wp-content\/uploads\/2023\/01\/wasser_bis_1981-300x227.png 300w, https:\/\/mosigkau-net.datel-dessau.de\/cms\/wp-content\/uploads\/2023\/01\/wasser_bis_1981-768x580.png 768w, https:\/\/mosigkau-net.datel-dessau.de\/cms\/wp-content\/uploads\/2023\/01\/wasser_bis_1981.png 800w\" sizes=\"auto, (max-width: 300px) 100vw, 300px\" \/><\/a><\/td>\n<\/tr>\n<tr>\n<td><strong>1981<\/strong><\/td>\n<td>Die neue Schulturnhalle wird fertiggestellt.<\/td>\n<\/tr>\n<tr>\n<td><strong>1982<\/strong><\/td>\n<td>Es wurde der Anschluss des Vorortes Dessau-Mosigkau an die zentrale Wasserversorgung der Stadt Dessau-Ro\u00dflau beendet.<\/td>\n<\/tr>\n<tr>\n<td><strong>1997<\/strong><\/td>\n<td>Wiederer\u00f6ffnung des Naturbades<img loading=\"lazy\" decoding=\"async\" class=\"alignright size-medium wp-image-79\" src=\"https:\/\/mosigkau-net.datel-dessau.de\/cms\/cms\/wp-content\/uploads\/2018\/12\/der-m\u00fchlteich-in-dessau-mosigkau-300x169.jpg\" alt=\"\" width=\"300\" height=\"169\" srcset=\"https:\/\/mosigkau-net.datel-dessau.de\/cms\/wp-content\/uploads\/2018\/12\/der-m\u00fchlteich-in-dessau-mosigkau-300x169.jpg 300w, https:\/\/mosigkau-net.datel-dessau.de\/cms\/wp-content\/uploads\/2018\/12\/der-m\u00fchlteich-in-dessau-mosigkau.jpg 523w\" sizes=\"auto, (max-width: 300px) 100vw, 300px\" \/><\/td>\n<\/tr>\n<tr>\n<td><strong>2002<\/strong><\/td>\n<td>Das Hochwasser in Dessau bedroht auch Mosigkau. Vorsichtshalber werden die Durchl\u00e4sse der Bahn verschlossen.<\/td>\n<\/tr>\n<tr>\n<td><strong>2007<\/strong><\/td>\n<td>Erstmals Durchf\u00fchrung von \u201eAdvent in den H\u00f6fen\u201c durch den Heimatverein.<\/td>\n<\/tr>\n<tr>\n<td><strong>2010<\/strong><\/td>\n<td>Schlie\u00dfung des Schulstandortes Mosigkau<\/td>\n<\/tr>\n<tr>\n<td><\/td>\n<td>Im September erneut Hochwasser in Mosigkau \u00e4hnlich wie 1956 (120 Liter).<\/td>\n<\/tr>\n<tr>\n<td><strong>2012<\/strong><\/td>\n<td>Fertigstellung der Kindertagesst\u00e4tte \u201eMosigkauer Schlosskinder\u201c durch Umbau und Sanierung des ehem. Stiftskindergarten<\/td>\n<\/tr>\n<tr>\n<td><strong>2013<\/strong><\/td>\n<td>Beginn der Bauarbeiten am Kindergarten (ehemals \u201eAlte Sch\u00e4ferei\u201c) zum B\u00fcrgerhaus<img loading=\"lazy\" decoding=\"async\" class=\"alignright size-medium wp-image-59\" src=\"https:\/\/mosigkau-net.datel-dessau.de\/cms\/cms\/wp-content\/uploads\/2018\/12\/haus1_neu-300x180.jpg\" alt=\"\" width=\"300\" height=\"180\" srcset=\"https:\/\/mosigkau-net.datel-dessau.de\/cms\/wp-content\/uploads\/2018\/12\/haus1_neu-300x180.jpg 300w, https:\/\/mosigkau-net.datel-dessau.de\/cms\/wp-content\/uploads\/2018\/12\/haus1_neu-768x461.jpg 768w, https:\/\/mosigkau-net.datel-dessau.de\/cms\/wp-content\/uploads\/2018\/12\/haus1_neu-1024x614.jpg 1024w, https:\/\/mosigkau-net.datel-dessau.de\/cms\/wp-content\/uploads\/2018\/12\/haus1_neu.jpg 2000w\" sizes=\"auto, (max-width: 300px) 100vw, 300px\" \/><\/td>\n<\/tr>\n<tr>\n<td><strong>2016<\/strong><\/td>\n<td>Am 23.05.2016 nachts heftige Gewitter. Es fallen 99 Liter Regen. Orangeriestra\u00dfe \/ Hanfgarten unter Wasser.<\/td>\n<\/tr>\n<tr>\n<td><strong>2019<\/strong><\/td>\n<td>Fertigstellung des \u201eSch\u00e4fergarten\u201c<\/td>\n<\/tr>\n<tr>\n<td><\/td>\n<td>Er\u00f6ffnung der Freien Waldorfschule Dessau am alten Schulstandort Mosigkau<img loading=\"lazy\" decoding=\"async\" class=\"wp-image-1119 size-medium alignright\" src=\"https:\/\/mosigkau-net.datel-dessau.de\/cms\/cms\/wp-content\/uploads\/2022\/04\/freie_waldorfschule-300x225.png\" alt=\"\" width=\"300\" height=\"225\" srcset=\"https:\/\/mosigkau-net.datel-dessau.de\/cms\/wp-content\/uploads\/2022\/04\/freie_waldorfschule-300x225.png 300w, https:\/\/mosigkau-net.datel-dessau.de\/cms\/wp-content\/uploads\/2022\/04\/freie_waldorfschule-768x576.png 768w, https:\/\/mosigkau-net.datel-dessau.de\/cms\/wp-content\/uploads\/2022\/04\/freie_waldorfschule.png 800w\" sizes=\"auto, (max-width: 300px) 100vw, 300px\" \/><\/td>\n<\/tr>\n<tr>\n<td><strong>2021<\/strong><\/td>\n<td>Im Juni dreimal Starkregenereignisse und \u00dcberflutung im Bereich Bruchbreite<\/td>\n<\/tr>\n<\/tbody>\n<\/table>\n","protected":false},"excerpt":{"rendered":"<p>1272 erste urkundliche Erw\u00e4hnung als Mosecowe; seit dem 19. Jh. Mosigkau 1283 erstmalige Erw\u00e4hnung der Kirche<\/p>\n","protected":false},"author":2,"featured_media":0,"parent":254,"menu_order":0,"comment_status":"closed","ping_status":"closed","template":"","meta":{"footnotes":""},"class_list":["post-634","page","type-page","status-publish","hentry"],"yoast_head":"<!-- This site is optimized with the Yoast SEO plugin v28.3 - https:\/\/yoast.com\/product\/yoast-seo-wordpress\/ -->\n<title>Chronik - Mosigkau NET(T)<\/title>\n<meta name=\"robots\" content=\"index, follow, max-snippet:-1, max-image-preview:large, max-video-preview:-1\" \/>\n<link rel=\"canonical\" href=\"https:\/\/mosigkau-net.datel-dessau.de\/cms\/ueber-mosigkau\/chronik\/\" \/>\n<meta property=\"og:locale\" content=\"de_DE\" \/>\n<meta property=\"og:type\" content=\"article\" \/>\n<meta property=\"og:title\" content=\"Chronik - Mosigkau NET(T)\" \/>\n<meta property=\"og:description\" content=\"1272 erste urkundliche Erw\u00e4hnung als Mosecowe; seit dem 19. Jh. Mosigkau 1283 erstmalige Erw\u00e4hnung der Kirche\" \/>\n<meta property=\"og:url\" content=\"https:\/\/mosigkau-net.datel-dessau.de\/cms\/ueber-mosigkau\/chronik\/\" \/>\n<meta property=\"og:site_name\" content=\"Mosigkau NET(T)\" \/>\n<meta property=\"article:modified_time\" content=\"2023-01-24T20:18:54+00:00\" \/>\n<meta property=\"og:image\" content=\"https:\/\/mosigkau-net.datel-dessau.de\/cms\/cms\/wp-content\/uploads\/2018\/12\/Martin-Luther-Kirche_Mosigkau-300x225.jpg\" \/>\n<meta name=\"twitter:card\" content=\"summary_large_image\" \/>\n<meta name=\"twitter:label1\" content=\"Gesch\u00e4tzte Lesezeit\" \/>\n\t<meta name=\"twitter:data1\" content=\"6\u00a0Minuten\" \/>\n<script type=\"application\/ld+json\" class=\"yoast-schema-graph\">{\"@context\":\"https:\\\/\\\/schema.org\",\"@graph\":[{\"@type\":\"WebPage\",\"@id\":\"https:\\\/\\\/mosigkau-net.datel-dessau.de\\\/cms\\\/ueber-mosigkau\\\/chronik\\\/\",\"url\":\"https:\\\/\\\/mosigkau-net.datel-dessau.de\\\/cms\\\/ueber-mosigkau\\\/chronik\\\/\",\"name\":\"Chronik - Mosigkau NET(T)\",\"isPartOf\":{\"@id\":\"https:\\\/\\\/mosigkau-net.datel-dessau.de\\\/cms\\\/#website\"},\"primaryImageOfPage\":{\"@id\":\"https:\\\/\\\/mosigkau-net.datel-dessau.de\\\/cms\\\/ueber-mosigkau\\\/chronik\\\/#primaryimage\"},\"image\":{\"@id\":\"https:\\\/\\\/mosigkau-net.datel-dessau.de\\\/cms\\\/ueber-mosigkau\\\/chronik\\\/#primaryimage\"},\"thumbnailUrl\":\"https:\\\/\\\/mosigkau-net.datel-dessau.de\\\/cms\\\/cms\\\/wp-content\\\/uploads\\\/2018\\\/12\\\/Martin-Luther-Kirche_Mosigkau-300x225.jpg\",\"datePublished\":\"2022-03-03T12:23:21+00:00\",\"dateModified\":\"2023-01-24T20:18:54+00:00\",\"breadcrumb\":{\"@id\":\"https:\\\/\\\/mosigkau-net.datel-dessau.de\\\/cms\\\/ueber-mosigkau\\\/chronik\\\/#breadcrumb\"},\"inLanguage\":\"de\",\"potentialAction\":[{\"@type\":\"ReadAction\",\"target\":[\"https:\\\/\\\/mosigkau-net.datel-dessau.de\\\/cms\\\/ueber-mosigkau\\\/chronik\\\/\"]}]},{\"@type\":\"ImageObject\",\"inLanguage\":\"de\",\"@id\":\"https:\\\/\\\/mosigkau-net.datel-dessau.de\\\/cms\\\/ueber-mosigkau\\\/chronik\\\/#primaryimage\",\"url\":\"https:\\\/\\\/mosigkau-net.datel-dessau.de\\\/cms\\\/wp-content\\\/uploads\\\/2018\\\/12\\\/Martin-Luther-Kirche_Mosigkau.jpg\",\"contentUrl\":\"https:\\\/\\\/mosigkau-net.datel-dessau.de\\\/cms\\\/wp-content\\\/uploads\\\/2018\\\/12\\\/Martin-Luther-Kirche_Mosigkau.jpg\",\"width\":1280,\"height\":960},{\"@type\":\"BreadcrumbList\",\"@id\":\"https:\\\/\\\/mosigkau-net.datel-dessau.de\\\/cms\\\/ueber-mosigkau\\\/chronik\\\/#breadcrumb\",\"itemListElement\":[{\"@type\":\"ListItem\",\"position\":1,\"name\":\"Startseite\",\"item\":\"https:\\\/\\\/mosigkau-net.datel-dessau.de\\\/cms\\\/\"},{\"@type\":\"ListItem\",\"position\":2,\"name\":\"\u00dcber Mosigkau\",\"item\":\"https:\\\/\\\/mosigkau-net.datel-dessau.de\\\/cms\\\/ueber-mosigkau\\\/\"},{\"@type\":\"ListItem\",\"position\":3,\"name\":\"Chronik\"}]},{\"@type\":\"WebSite\",\"@id\":\"https:\\\/\\\/mosigkau-net.datel-dessau.de\\\/cms\\\/#website\",\"url\":\"https:\\\/\\\/mosigkau-net.datel-dessau.de\\\/cms\\\/\",\"name\":\"Mosigkau NET(T)\",\"description\":\"Informationen rund um Mosigkau\",\"publisher\":{\"@id\":\"https:\\\/\\\/mosigkau-net.datel-dessau.de\\\/cms\\\/#organization\"},\"potentialAction\":[{\"@type\":\"SearchAction\",\"target\":{\"@type\":\"EntryPoint\",\"urlTemplate\":\"https:\\\/\\\/mosigkau-net.datel-dessau.de\\\/cms\\\/?s={search_term_string}\"},\"query-input\":{\"@type\":\"PropertyValueSpecification\",\"valueRequired\":true,\"valueName\":\"search_term_string\"}}],\"inLanguage\":\"de\"},{\"@type\":\"Organization\",\"@id\":\"https:\\\/\\\/mosigkau-net.datel-dessau.de\\\/cms\\\/#organization\",\"name\":\"Mosigkau NET(T)\",\"url\":\"https:\\\/\\\/mosigkau-net.datel-dessau.de\\\/cms\\\/\",\"logo\":{\"@type\":\"ImageObject\",\"inLanguage\":\"de\",\"@id\":\"https:\\\/\\\/mosigkau-net.datel-dessau.de\\\/cms\\\/#\\\/schema\\\/logo\\\/image\\\/\",\"url\":\"https:\\\/\\\/mosigkau-net.datel-dessau.de\\\/cms\\\/cms\\\/wp-content\\\/uploads\\\/2021\\\/08\\\/wappen.png\",\"contentUrl\":\"https:\\\/\\\/mosigkau-net.datel-dessau.de\\\/cms\\\/cms\\\/wp-content\\\/uploads\\\/2021\\\/08\\\/wappen.png\",\"width\":512,\"height\":512,\"caption\":\"Mosigkau NET(T)\"},\"image\":{\"@id\":\"https:\\\/\\\/mosigkau-net.datel-dessau.de\\\/cms\\\/#\\\/schema\\\/logo\\\/image\\\/\"}}]}<\/script>\n<!-- \/ Yoast SEO plugin. -->","yoast_head_json":{"title":"Chronik - Mosigkau NET(T)","robots":{"index":"index","follow":"follow","max-snippet":"max-snippet:-1","max-image-preview":"max-image-preview:large","max-video-preview":"max-video-preview:-1"},"canonical":"https:\/\/mosigkau-net.datel-dessau.de\/cms\/ueber-mosigkau\/chronik\/","og_locale":"de_DE","og_type":"article","og_title":"Chronik - Mosigkau NET(T)","og_description":"1272 erste urkundliche Erw\u00e4hnung als Mosecowe; seit dem 19. Jh. Mosigkau 1283 erstmalige Erw\u00e4hnung der Kirche","og_url":"https:\/\/mosigkau-net.datel-dessau.de\/cms\/ueber-mosigkau\/chronik\/","og_site_name":"Mosigkau NET(T)","article_modified_time":"2023-01-24T20:18:54+00:00","og_image":[{"url":"https:\/\/mosigkau-net.datel-dessau.de\/cms\/cms\/wp-content\/uploads\/2018\/12\/Martin-Luther-Kirche_Mosigkau-300x225.jpg","type":"","width":"","height":""}],"twitter_card":"summary_large_image","twitter_misc":{"Gesch\u00e4tzte Lesezeit":"6\u00a0Minuten"},"schema":{"@context":"https:\/\/schema.org","@graph":[{"@type":"WebPage","@id":"https:\/\/mosigkau-net.datel-dessau.de\/cms\/ueber-mosigkau\/chronik\/","url":"https:\/\/mosigkau-net.datel-dessau.de\/cms\/ueber-mosigkau\/chronik\/","name":"Chronik - Mosigkau NET(T)","isPartOf":{"@id":"https:\/\/mosigkau-net.datel-dessau.de\/cms\/#website"},"primaryImageOfPage":{"@id":"https:\/\/mosigkau-net.datel-dessau.de\/cms\/ueber-mosigkau\/chronik\/#primaryimage"},"image":{"@id":"https:\/\/mosigkau-net.datel-dessau.de\/cms\/ueber-mosigkau\/chronik\/#primaryimage"},"thumbnailUrl":"https:\/\/mosigkau-net.datel-dessau.de\/cms\/cms\/wp-content\/uploads\/2018\/12\/Martin-Luther-Kirche_Mosigkau-300x225.jpg","datePublished":"2022-03-03T12:23:21+00:00","dateModified":"2023-01-24T20:18:54+00:00","breadcrumb":{"@id":"https:\/\/mosigkau-net.datel-dessau.de\/cms\/ueber-mosigkau\/chronik\/#breadcrumb"},"inLanguage":"de","potentialAction":[{"@type":"ReadAction","target":["https:\/\/mosigkau-net.datel-dessau.de\/cms\/ueber-mosigkau\/chronik\/"]}]},{"@type":"ImageObject","inLanguage":"de","@id":"https:\/\/mosigkau-net.datel-dessau.de\/cms\/ueber-mosigkau\/chronik\/#primaryimage","url":"https:\/\/mosigkau-net.datel-dessau.de\/cms\/wp-content\/uploads\/2018\/12\/Martin-Luther-Kirche_Mosigkau.jpg","contentUrl":"https:\/\/mosigkau-net.datel-dessau.de\/cms\/wp-content\/uploads\/2018\/12\/Martin-Luther-Kirche_Mosigkau.jpg","width":1280,"height":960},{"@type":"BreadcrumbList","@id":"https:\/\/mosigkau-net.datel-dessau.de\/cms\/ueber-mosigkau\/chronik\/#breadcrumb","itemListElement":[{"@type":"ListItem","position":1,"name":"Startseite","item":"https:\/\/mosigkau-net.datel-dessau.de\/cms\/"},{"@type":"ListItem","position":2,"name":"\u00dcber Mosigkau","item":"https:\/\/mosigkau-net.datel-dessau.de\/cms\/ueber-mosigkau\/"},{"@type":"ListItem","position":3,"name":"Chronik"}]},{"@type":"WebSite","@id":"https:\/\/mosigkau-net.datel-dessau.de\/cms\/#website","url":"https:\/\/mosigkau-net.datel-dessau.de\/cms\/","name":"Mosigkau NET(T)","description":"Informationen rund um Mosigkau","publisher":{"@id":"https:\/\/mosigkau-net.datel-dessau.de\/cms\/#organization"},"potentialAction":[{"@type":"SearchAction","target":{"@type":"EntryPoint","urlTemplate":"https:\/\/mosigkau-net.datel-dessau.de\/cms\/?s={search_term_string}"},"query-input":{"@type":"PropertyValueSpecification","valueRequired":true,"valueName":"search_term_string"}}],"inLanguage":"de"},{"@type":"Organization","@id":"https:\/\/mosigkau-net.datel-dessau.de\/cms\/#organization","name":"Mosigkau NET(T)","url":"https:\/\/mosigkau-net.datel-dessau.de\/cms\/","logo":{"@type":"ImageObject","inLanguage":"de","@id":"https:\/\/mosigkau-net.datel-dessau.de\/cms\/#\/schema\/logo\/image\/","url":"https:\/\/mosigkau-net.datel-dessau.de\/cms\/cms\/wp-content\/uploads\/2021\/08\/wappen.png","contentUrl":"https:\/\/mosigkau-net.datel-dessau.de\/cms\/cms\/wp-content\/uploads\/2021\/08\/wappen.png","width":512,"height":512,"caption":"Mosigkau NET(T)"},"image":{"@id":"https:\/\/mosigkau-net.datel-dessau.de\/cms\/#\/schema\/logo\/image\/"}}]}},"publishpress_future_action":{"enabled":false,"date":"2026-09-09 10:26:56","action":"change-status","newStatus":"draft","terms":[],"taxonomy":"","extraData":[]},"publishpress_future_workflow_manual_trigger":{"enabledWorkflows":[]},"_links":{"self":[{"href":"https:\/\/mosigkau-net.datel-dessau.de\/cms\/wp-json\/wp\/v2\/pages\/634","targetHints":{"allow":["GET"]}}],"collection":[{"href":"https:\/\/mosigkau-net.datel-dessau.de\/cms\/wp-json\/wp\/v2\/pages"}],"about":[{"href":"https:\/\/mosigkau-net.datel-dessau.de\/cms\/wp-json\/wp\/v2\/types\/page"}],"author":[{"embeddable":true,"href":"https:\/\/mosigkau-net.datel-dessau.de\/cms\/wp-json\/wp\/v2\/users\/2"}],"replies":[{"embeddable":true,"href":"https:\/\/mosigkau-net.datel-dessau.de\/cms\/wp-json\/wp\/v2\/comments?post=634"}],"version-history":[{"count":20,"href":"https:\/\/mosigkau-net.datel-dessau.de\/cms\/wp-json\/wp\/v2\/pages\/634\/revisions"}],"predecessor-version":[{"id":1850,"href":"https:\/\/mosigkau-net.datel-dessau.de\/cms\/wp-json\/wp\/v2\/pages\/634\/revisions\/1850"}],"up":[{"embeddable":true,"href":"https:\/\/mosigkau-net.datel-dessau.de\/cms\/wp-json\/wp\/v2\/pages\/254"}],"wp:attachment":[{"href":"https:\/\/mosigkau-net.datel-dessau.de\/cms\/wp-json\/wp\/v2\/media?parent=634"}],"curies":[{"name":"wp","href":"https:\/\/api.w.org\/{rel}","templated":true}]}}