{"id":685,"date":"2022-03-06T12:14:25","date_gmt":"2022-03-06T12:14:25","guid":{"rendered":"https:\/\/www.mosigkau.net\/?page_id=685"},"modified":"2025-08-10T14:35:37","modified_gmt":"2025-08-10T13:35:37","slug":"station2","status":"publish","type":"page","link":"https:\/\/mosigkau-net.datel-dessau.de\/cms\/fahrradtour\/station2\/","title":{"rendered":"Station2"},"content":{"rendered":"<p><a href=\"https:\/\/mosigkau-net.datel-dessau.de\/cms\/fahrradtour\/station1\/\">&lt;&lt; Station 1<\/a> <a style=\"float: right;\" href=\"https:\/\/mosigkau-net.datel-dessau.de\/cms\/fahrradtour\/station3\/\">Station 3 &gt;&gt;<\/a><\/p>\n<h2><span style=\"font-family: var(--title-font), serif;\"><span style=\"font-size: xx-large;\">Die Kindertagesst\u00e4tte<a href=\"https:\/\/mosigkau-net.datel-dessau.de\/cms\/cms\/wp-content\/uploads\/2025\/08\/KITA.jpg\"><img loading=\"lazy\" decoding=\"async\" class=\"size-medium wp-image-3925 alignright\" src=\"https:\/\/mosigkau-net.datel-dessau.de\/cms\/cms\/wp-content\/uploads\/2025\/08\/KITA-300x200.jpg\" alt=\"\" width=\"300\" height=\"200\" srcset=\"https:\/\/mosigkau-net.datel-dessau.de\/cms\/wp-content\/uploads\/2025\/08\/KITA-300x200.jpg 300w, https:\/\/mosigkau-net.datel-dessau.de\/cms\/wp-content\/uploads\/2025\/08\/KITA-768x512.jpg 768w, https:\/\/mosigkau-net.datel-dessau.de\/cms\/wp-content\/uploads\/2025\/08\/KITA-120x80.jpg 120w, https:\/\/mosigkau-net.datel-dessau.de\/cms\/wp-content\/uploads\/2025\/08\/KITA.jpg 800w\" sizes=\"auto, (max-width: 300px) 100vw, 300px\" \/><\/a><br \/>\n<\/span><\/span>\u201e<span style=\"font-family: var(--title-font), serif;\"><span style=\"font-size: x-large;\"><b>Mosigkauer Schlosskinder\u201c <\/b><\/span><\/span><\/h2>\n<p><span style=\"font-family: Arial, serif;\"><span style=\"font-size: medium;\">Ein Ort f\u00fcr die Kleinsten \u2013 die Geschichte der Kindertagesst\u00e4tte in Mosigkau.<\/span><\/span><\/p>\n<p><span style=\"font-family: Arial, serif;\"><span style=\"font-size: medium;\">Bereits im Januar 1899 wurde der Grundstein f\u00fcr die Mosigkauer Kleinkindschule gelegt \u2013 initiiert vom Adligen Fr\u00e4uleinstift zu Mosigkau. Damals war der Kindergarten Teil der historischen Schlossparkanlage, ebenso wie das sogenannte Sch\u00e4ferhaus, das sp\u00e4ter \u00fcber viele Jahrzehnte als Einrichtung f\u00fcr Kinder diente \u2013 bis Ende November 2012.<\/span><\/span><\/p>\n<p><span style=\"font-family: Arial, serif;\"><span style=\"font-size: medium;\">Im April 2005 wurde die Kindertagesst\u00e4tte in freie Tr\u00e4gerschaft \u00fcbergeben \u2013 an den Behindertenverband Dessau e.V., der seither f\u00fcr den Betrieb verantwortlich ist.<\/span><\/span><\/p>\n<p><span style=\"font-family: Arial, serif;\"><span style=\"font-size: medium;\">Nach einem umfangreichen Um- und Neubau konnte die Kita schlie\u00dflich am 26. November 2012 feierlich wiederer\u00f6ffnet werden. Heute bietet sie Platz f\u00fcr bis zu 64 Kinder \u2013 vom S\u00e4uglingsalter bis zum Schuleintritt \u2013 und ist damit ein wichtiger Teil des modernen Dorflebens in Mosigkau.<\/span><\/span><\/p>\n<audio class=\"wp-audio-shortcode\" id=\"audio-685-1\" autoplay preload=\"none\" style=\"width: 100%;\" controls=\"controls\"><source type=\"audio\/mpeg\" src=\"https:\/\/mosigkau-net.datel-dessau.de\/cms\/cms\/wp-content\/uploads\/2025\/08\/05-Kindertagesstaette-Mosigkauer-Schlosskinder.mp3?_=1\" \/><a href=\"https:\/\/mosigkau-net.datel-dessau.de\/cms\/cms\/wp-content\/uploads\/2025\/08\/05-Kindertagesstaette-Mosigkauer-Schlosskinder.mp3\">https:\/\/mosigkau-net.datel-dessau.de\/cms\/cms\/wp-content\/uploads\/2025\/08\/05-Kindertagesstaette-Mosigkauer-Schlosskinder.mp3<\/a><\/audio>\n<p><strong>Wir sind die \u201eMosigkauer Schlosskinder\u201c<img loading=\"lazy\" decoding=\"async\" class=\"size-medium wp-image-389 alignnone\" src=\"https:\/\/mosigkau-net.datel-dessau.de\/cms\/cms\/wp-content\/uploads\/2021\/08\/mosigkauer_schlosskinder-300x120.png\" alt=\"\" width=\"300\" height=\"120\" srcset=\"https:\/\/mosigkau-net.datel-dessau.de\/cms\/wp-content\/uploads\/2021\/08\/mosigkauer_schlosskinder-300x120.png 300w, https:\/\/mosigkau-net.datel-dessau.de\/cms\/wp-content\/uploads\/2021\/08\/mosigkauer_schlosskinder-768x307.png 768w, https:\/\/mosigkau-net.datel-dessau.de\/cms\/wp-content\/uploads\/2021\/08\/mosigkauer_schlosskinder.png 800w\" sizes=\"auto, (max-width: 300px) 100vw, 300px\" \/><\/strong><\/p>\n<p>Die Betreuung nichtschulpflichtiger Kinder hat in Mosigkau schon eine lange Tradition.<br \/>\nSo wurde im Januar 1899 der Grundstein f\u00fcr die Mosigkauer Kleinkindschule gelegt und vom Adligen Fr\u00e4uleinstift zu Mosigkau ins Leben gerufen.<br \/>\nIn diesen Zeiten geh\u00f6rten der Kindergarten und das Sch\u00e4ferhaus zur Schlossparkanlage.<br \/>\nDer Wandel der Zeit brachte viele Ver\u00e4nderungen, es kam zu Schlie\u00dfungen und Wiederer\u00f6ffnungen des Kindergartens. Auch das Sch\u00e4ferhaus diente lange als Kinderkrippe und wurde nach der Wende 1990 zur Kindertagesst\u00e4tte umprofiliert und war unser Domizil.<br \/>\nNach langen Bem\u00fchungen und Verhandlungen erfolgte zum April 2005 die \u00dcbernahme der Einrichtung und des Personals in Freie Tr\u00e4gerschaft durch den Behindertenverband Dessau e.V.<\/p>\n<p>Viele Jahre gab es Bem\u00fchungen f\u00fcr eine neue Einrichtung, da die Bedingungen nicht mehr den Anforderungen entsprachen und die Pl\u00e4tze nicht ausreichten.<br \/>\nBis Ende November 2012 befand sich unsere Einrichtung im alten Sch\u00e4ferhaus. Ab dem 26.11.2012 begann neues Leben im sanierten alten traditionellen Kindergartenstandort.<\/p>\n<p>Die angemeldeten Kinder und Familien wohnen in Mosigkau, Kochstedt und ein paar Vereinzelte in umliegenden Orten. Aufgenommen werden Kinder aus allen sozialen Schichten und Nationalit\u00e4ten.<\/p>\n<p>Die historische und l\u00e4ndliche Umgebung Mosigkaus bietet vielseitige, reizvolle M\u00f6glichkeiten f\u00fcr die Bildung und Erziehung unserer zu betreuenden Kinder.<br \/>\nSo befindet sich die sp\u00e4tbarocke Schloss- und Parkanlage in unmittelbarer N\u00e4he der Kindertagesst\u00e4tte (sie wurde im Jahre 1752-57 als Sommersitz der Prinzessin Anna-Wilhelmine von Anhalt-Dessau erbaut).<\/p>\n<p>Wald, Wiesen, B\u00e4che und Felder umgeben unseren Ort. Der Spielplatz bietet eine nat\u00fcrliche Umgebung mit gro\u00dfen alten B\u00e4umen und Heckenb\u00fcschen.<br \/>\nIm ca. 800 m entfernten \u201eW\u00e4ldchen\u201c mit Kriegerdenkmal befindet sich ein Spielplatz des Ortes, den wir, ebenso wie das \u201eNaturbad Mosigkau\u201c nutzen.<\/p>\n<p>Mosigkau hat einen kleinen Bahnhof, die Zugstrecke verl\u00e4uft am Ortsrand entlang. Eine Bushaltestelle befindet sich auch unmittelbar am KITA Gel\u00e4nde.<\/p>\n<p>Unsere Kindertagesst\u00e4tte ist am 26.11.2012 nach Um- und Neubau er\u00f6ffnet worden. Im ehemaligen sanierten Kindergarten sind die Krippenkinder, die K\u00fcche, der Erzieherraum und das B\u00fcro untergebracht.<br \/>\nIm Neubau, der mit einem Verbinder anschlie\u00dft, sind die Kindergartenkinder in 2 gro\u00dfen Gruppenr\u00e4umen, integriertem Sanit\u00e4rbereich und weitr\u00e4umigen Flurbereich zu haus.<br \/>\nIn unserer Einrichtung k\u00f6nnen wir maximal 64 Kinder im Alter von 0 Jahren bis zum Schuleintritt betreuen.<\/p>\n<h3><span class=\"color_15\">Kontakt:<br \/>\n<\/span><\/h3>\n<p class=\"font_9\"><span class=\"color_15\">Frau Antje Schumann<br \/>\n<span class=\"street-address\">Knobelsdorffallee <\/span>5<br \/>\n<\/span><span class=\"color_15\">06847 Dessau-Ro\u00dflau<br \/>\nWebseite: <a href=\"https:\/\/www.behindertenverband.de\/kinder\/mosigkauer-schlosskinder.html\" target=\"_blank\" rel=\"noopener\">https:\/\/www.behindertenverband.de\/kinder\/mosigkauer-schlosskinder.html<\/a><br \/>\nTelefon: <span class=\"value\"><a href=\"tel:+493405167585\">0340 5167585<\/a><br \/>\n<\/span><br \/>\n<\/span><\/p>\n<p><a href=\"https:\/\/mosigkau-net.datel-dessau.de\/cms\/fahrradtour\/station1\/\">&lt;&lt; Station 1<\/a> <a style=\"float: right;\" href=\"https:\/\/mosigkau-net.datel-dessau.de\/cms\/fahrradtour\/station3\/\">Station 3 &gt;&gt;<\/a><\/p>\n","protected":false},"excerpt":{"rendered":"<p>&lt;&lt; Station 1 Station 3 &gt;&gt; Die Kindertagesst\u00e4tte \u201eMosigkauer Schlosskinder\u201c Ein Ort f\u00fcr die Kleinsten \u2013<\/p>\n","protected":false},"author":2,"featured_media":0,"parent":652,"menu_order":0,"comment_status":"closed","ping_status":"closed","template":"","meta":{"footnotes":""},"class_list":["post-685","page","type-page","status-publish","hentry"],"yoast_head":"<!-- This site is optimized with the Yoast SEO plugin v28.3 - https:\/\/yoast.com\/product\/yoast-seo-wordpress\/ -->\n<title>Station2 - Mosigkau NET(T)<\/title>\n<meta name=\"robots\" content=\"index, follow, max-snippet:-1, max-image-preview:large, max-video-preview:-1\" \/>\n<link rel=\"canonical\" href=\"https:\/\/mosigkau-net.datel-dessau.de\/cms\/fahrradtour\/station2\/\" \/>\n<meta property=\"og:locale\" content=\"de_DE\" \/>\n<meta property=\"og:type\" content=\"article\" \/>\n<meta property=\"og:title\" content=\"Station2 - Mosigkau NET(T)\" \/>\n<meta property=\"og:description\" content=\"&lt;&lt; Station 1 Station 3 &gt;&gt; Die Kindertagesst\u00e4tte \u201eMosigkauer Schlosskinder\u201c Ein Ort f\u00fcr die Kleinsten \u2013\" \/>\n<meta property=\"og:url\" content=\"https:\/\/mosigkau-net.datel-dessau.de\/cms\/fahrradtour\/station2\/\" \/>\n<meta property=\"og:site_name\" content=\"Mosigkau NET(T)\" \/>\n<meta property=\"article:modified_time\" content=\"2025-08-10T13:35:37+00:00\" \/>\n<meta property=\"og:image\" content=\"https:\/\/mosigkau-net.datel-dessau.de\/cms\/wp-content\/uploads\/2025\/08\/KITA.jpg\" \/>\n\t<meta property=\"og:image:width\" content=\"800\" \/>\n\t<meta property=\"og:image:height\" content=\"533\" \/>\n\t<meta property=\"og:image:type\" content=\"image\/jpeg\" \/>\n<meta name=\"twitter:card\" content=\"summary_large_image\" \/>\n<meta name=\"twitter:label1\" content=\"Gesch\u00e4tzte Lesezeit\" \/>\n\t<meta name=\"twitter:data1\" content=\"4\u00a0Minuten\" \/>\n<script type=\"application\/ld+json\" class=\"yoast-schema-graph\">{\"@context\":\"https:\\\/\\\/schema.org\",\"@graph\":[{\"@type\":\"WebPage\",\"@id\":\"https:\\\/\\\/mosigkau-net.datel-dessau.de\\\/cms\\\/fahrradtour\\\/station2\\\/\",\"url\":\"https:\\\/\\\/mosigkau-net.datel-dessau.de\\\/cms\\\/fahrradtour\\\/station2\\\/\",\"name\":\"Station2 - Mosigkau NET(T)\",\"isPartOf\":{\"@id\":\"https:\\\/\\\/mosigkau-net.datel-dessau.de\\\/cms\\\/#website\"},\"primaryImageOfPage\":{\"@id\":\"https:\\\/\\\/mosigkau-net.datel-dessau.de\\\/cms\\\/fahrradtour\\\/station2\\\/#primaryimage\"},\"image\":{\"@id\":\"https:\\\/\\\/mosigkau-net.datel-dessau.de\\\/cms\\\/fahrradtour\\\/station2\\\/#primaryimage\"},\"thumbnailUrl\":\"https:\\\/\\\/mosigkau-net.datel-dessau.de\\\/cms\\\/cms\\\/wp-content\\\/uploads\\\/2025\\\/08\\\/KITA-300x200.jpg\",\"datePublished\":\"2022-03-06T12:14:25+00:00\",\"dateModified\":\"2025-08-10T13:35:37+00:00\",\"breadcrumb\":{\"@id\":\"https:\\\/\\\/mosigkau-net.datel-dessau.de\\\/cms\\\/fahrradtour\\\/station2\\\/#breadcrumb\"},\"inLanguage\":\"de\",\"potentialAction\":[{\"@type\":\"ReadAction\",\"target\":[\"https:\\\/\\\/mosigkau-net.datel-dessau.de\\\/cms\\\/fahrradtour\\\/station2\\\/\"]}]},{\"@type\":\"ImageObject\",\"inLanguage\":\"de\",\"@id\":\"https:\\\/\\\/mosigkau-net.datel-dessau.de\\\/cms\\\/fahrradtour\\\/station2\\\/#primaryimage\",\"url\":\"https:\\\/\\\/mosigkau-net.datel-dessau.de\\\/cms\\\/wp-content\\\/uploads\\\/2025\\\/08\\\/KITA.jpg\",\"contentUrl\":\"https:\\\/\\\/mosigkau-net.datel-dessau.de\\\/cms\\\/wp-content\\\/uploads\\\/2025\\\/08\\\/KITA.jpg\",\"width\":800,\"height\":533},{\"@type\":\"BreadcrumbList\",\"@id\":\"https:\\\/\\\/mosigkau-net.datel-dessau.de\\\/cms\\\/fahrradtour\\\/station2\\\/#breadcrumb\",\"itemListElement\":[{\"@type\":\"ListItem\",\"position\":1,\"name\":\"Startseite\",\"item\":\"https:\\\/\\\/mosigkau-net.datel-dessau.de\\\/cms\\\/\"},{\"@type\":\"ListItem\",\"position\":2,\"name\":\"Fahrradtour\",\"item\":\"https:\\\/\\\/mosigkau-net.datel-dessau.de\\\/cms\\\/fahrradtour\\\/\"},{\"@type\":\"ListItem\",\"position\":3,\"name\":\"Station2\"}]},{\"@type\":\"WebSite\",\"@id\":\"https:\\\/\\\/mosigkau-net.datel-dessau.de\\\/cms\\\/#website\",\"url\":\"https:\\\/\\\/mosigkau-net.datel-dessau.de\\\/cms\\\/\",\"name\":\"Mosigkau NET(T)\",\"description\":\"Informationen rund um Mosigkau\",\"publisher\":{\"@id\":\"https:\\\/\\\/mosigkau-net.datel-dessau.de\\\/cms\\\/#organization\"},\"potentialAction\":[{\"@type\":\"SearchAction\",\"target\":{\"@type\":\"EntryPoint\",\"urlTemplate\":\"https:\\\/\\\/mosigkau-net.datel-dessau.de\\\/cms\\\/?s={search_term_string}\"},\"query-input\":{\"@type\":\"PropertyValueSpecification\",\"valueRequired\":true,\"valueName\":\"search_term_string\"}}],\"inLanguage\":\"de\"},{\"@type\":\"Organization\",\"@id\":\"https:\\\/\\\/mosigkau-net.datel-dessau.de\\\/cms\\\/#organization\",\"name\":\"Mosigkau NET(T)\",\"url\":\"https:\\\/\\\/mosigkau-net.datel-dessau.de\\\/cms\\\/\",\"logo\":{\"@type\":\"ImageObject\",\"inLanguage\":\"de\",\"@id\":\"https:\\\/\\\/mosigkau-net.datel-dessau.de\\\/cms\\\/#\\\/schema\\\/logo\\\/image\\\/\",\"url\":\"https:\\\/\\\/mosigkau-net.datel-dessau.de\\\/cms\\\/cms\\\/wp-content\\\/uploads\\\/2021\\\/08\\\/wappen.png\",\"contentUrl\":\"https:\\\/\\\/mosigkau-net.datel-dessau.de\\\/cms\\\/cms\\\/wp-content\\\/uploads\\\/2021\\\/08\\\/wappen.png\",\"width\":512,\"height\":512,\"caption\":\"Mosigkau NET(T)\"},\"image\":{\"@id\":\"https:\\\/\\\/mosigkau-net.datel-dessau.de\\\/cms\\\/#\\\/schema\\\/logo\\\/image\\\/\"}}]}<\/script>\n<!-- \/ Yoast SEO plugin. -->","yoast_head_json":{"title":"Station2 - Mosigkau NET(T)","robots":{"index":"index","follow":"follow","max-snippet":"max-snippet:-1","max-image-preview":"max-image-preview:large","max-video-preview":"max-video-preview:-1"},"canonical":"https:\/\/mosigkau-net.datel-dessau.de\/cms\/fahrradtour\/station2\/","og_locale":"de_DE","og_type":"article","og_title":"Station2 - Mosigkau NET(T)","og_description":"&lt;&lt; Station 1 Station 3 &gt;&gt; Die Kindertagesst\u00e4tte \u201eMosigkauer Schlosskinder\u201c Ein Ort f\u00fcr die Kleinsten \u2013","og_url":"https:\/\/mosigkau-net.datel-dessau.de\/cms\/fahrradtour\/station2\/","og_site_name":"Mosigkau NET(T)","article_modified_time":"2025-08-10T13:35:37+00:00","og_image":[{"width":800,"height":533,"url":"https:\/\/mosigkau-net.datel-dessau.de\/cms\/wp-content\/uploads\/2025\/08\/KITA.jpg","type":"image\/jpeg"}],"twitter_card":"summary_large_image","twitter_misc":{"Gesch\u00e4tzte Lesezeit":"4\u00a0Minuten"},"schema":{"@context":"https:\/\/schema.org","@graph":[{"@type":"WebPage","@id":"https:\/\/mosigkau-net.datel-dessau.de\/cms\/fahrradtour\/station2\/","url":"https:\/\/mosigkau-net.datel-dessau.de\/cms\/fahrradtour\/station2\/","name":"Station2 - Mosigkau NET(T)","isPartOf":{"@id":"https:\/\/mosigkau-net.datel-dessau.de\/cms\/#website"},"primaryImageOfPage":{"@id":"https:\/\/mosigkau-net.datel-dessau.de\/cms\/fahrradtour\/station2\/#primaryimage"},"image":{"@id":"https:\/\/mosigkau-net.datel-dessau.de\/cms\/fahrradtour\/station2\/#primaryimage"},"thumbnailUrl":"https:\/\/mosigkau-net.datel-dessau.de\/cms\/cms\/wp-content\/uploads\/2025\/08\/KITA-300x200.jpg","datePublished":"2022-03-06T12:14:25+00:00","dateModified":"2025-08-10T13:35:37+00:00","breadcrumb":{"@id":"https:\/\/mosigkau-net.datel-dessau.de\/cms\/fahrradtour\/station2\/#breadcrumb"},"inLanguage":"de","potentialAction":[{"@type":"ReadAction","target":["https:\/\/mosigkau-net.datel-dessau.de\/cms\/fahrradtour\/station2\/"]}]},{"@type":"ImageObject","inLanguage":"de","@id":"https:\/\/mosigkau-net.datel-dessau.de\/cms\/fahrradtour\/station2\/#primaryimage","url":"https:\/\/mosigkau-net.datel-dessau.de\/cms\/wp-content\/uploads\/2025\/08\/KITA.jpg","contentUrl":"https:\/\/mosigkau-net.datel-dessau.de\/cms\/wp-content\/uploads\/2025\/08\/KITA.jpg","width":800,"height":533},{"@type":"BreadcrumbList","@id":"https:\/\/mosigkau-net.datel-dessau.de\/cms\/fahrradtour\/station2\/#breadcrumb","itemListElement":[{"@type":"ListItem","position":1,"name":"Startseite","item":"https:\/\/mosigkau-net.datel-dessau.de\/cms\/"},{"@type":"ListItem","position":2,"name":"Fahrradtour","item":"https:\/\/mosigkau-net.datel-dessau.de\/cms\/fahrradtour\/"},{"@type":"ListItem","position":3,"name":"Station2"}]},{"@type":"WebSite","@id":"https:\/\/mosigkau-net.datel-dessau.de\/cms\/#website","url":"https:\/\/mosigkau-net.datel-dessau.de\/cms\/","name":"Mosigkau NET(T)","description":"Informationen rund um Mosigkau","publisher":{"@id":"https:\/\/mosigkau-net.datel-dessau.de\/cms\/#organization"},"potentialAction":[{"@type":"SearchAction","target":{"@type":"EntryPoint","urlTemplate":"https:\/\/mosigkau-net.datel-dessau.de\/cms\/?s={search_term_string}"},"query-input":{"@type":"PropertyValueSpecification","valueRequired":true,"valueName":"search_term_string"}}],"inLanguage":"de"},{"@type":"Organization","@id":"https:\/\/mosigkau-net.datel-dessau.de\/cms\/#organization","name":"Mosigkau NET(T)","url":"https:\/\/mosigkau-net.datel-dessau.de\/cms\/","logo":{"@type":"ImageObject","inLanguage":"de","@id":"https:\/\/mosigkau-net.datel-dessau.de\/cms\/#\/schema\/logo\/image\/","url":"https:\/\/mosigkau-net.datel-dessau.de\/cms\/cms\/wp-content\/uploads\/2021\/08\/wappen.png","contentUrl":"https:\/\/mosigkau-net.datel-dessau.de\/cms\/cms\/wp-content\/uploads\/2021\/08\/wappen.png","width":512,"height":512,"caption":"Mosigkau NET(T)"},"image":{"@id":"https:\/\/mosigkau-net.datel-dessau.de\/cms\/#\/schema\/logo\/image\/"}}]}},"publishpress_future_action":{"enabled":false,"date":"2026-09-09 14:16:52","action":"change-status","newStatus":"draft","terms":[],"taxonomy":"","extraData":[]},"publishpress_future_workflow_manual_trigger":{"enabledWorkflows":[]},"_links":{"self":[{"href":"https:\/\/mosigkau-net.datel-dessau.de\/cms\/wp-json\/wp\/v2\/pages\/685","targetHints":{"allow":["GET"]}}],"collection":[{"href":"https:\/\/mosigkau-net.datel-dessau.de\/cms\/wp-json\/wp\/v2\/pages"}],"about":[{"href":"https:\/\/mosigkau-net.datel-dessau.de\/cms\/wp-json\/wp\/v2\/types\/page"}],"author":[{"embeddable":true,"href":"https:\/\/mosigkau-net.datel-dessau.de\/cms\/wp-json\/wp\/v2\/users\/2"}],"replies":[{"embeddable":true,"href":"https:\/\/mosigkau-net.datel-dessau.de\/cms\/wp-json\/wp\/v2\/comments?post=685"}],"version-history":[{"count":11,"href":"https:\/\/mosigkau-net.datel-dessau.de\/cms\/wp-json\/wp\/v2\/pages\/685\/revisions"}],"predecessor-version":[{"id":3926,"href":"https:\/\/mosigkau-net.datel-dessau.de\/cms\/wp-json\/wp\/v2\/pages\/685\/revisions\/3926"}],"up":[{"embeddable":true,"href":"https:\/\/mosigkau-net.datel-dessau.de\/cms\/wp-json\/wp\/v2\/pages\/652"}],"wp:attachment":[{"href":"https:\/\/mosigkau-net.datel-dessau.de\/cms\/wp-json\/wp\/v2\/media?parent=685"}],"curies":[{"name":"wp","href":"https:\/\/api.w.org\/{rel}","templated":true}]}}