{"id":2420,"date":"2023-11-06T17:02:57","date_gmt":"2023-11-06T16:02:57","guid":{"rendered":"https:\/\/www.mosigkau.net\/?post_type=tribe_events&#038;p=2420"},"modified":"2025-03-17T21:57:28","modified_gmt":"2025-03-17T20:57:28","slug":"2-genussmesse-mosigkauer-fruehlingszauber","status":"publish","type":"tribe_events","link":"https:\/\/mosigkau-net.datel-dessau.de\/cms\/event\/2-genussmesse-mosigkauer-fruehlingszauber\/","title":{"rendered":"2. Genussmesse &#8211; Mosigkauer Fr\u00fchlingszauber"},"content":{"rendered":"<h2><b>2. Genussmesse in Mosigkau:\u00a0 &#8222;Mosigkauer Fr\u00fchlingszauber&#8220; am 22.03.2025<br \/>\n<\/b><\/h2>\n<p>Nach dem vollen Erfolg im vorletzten Jahr findet am 22. M\u00e4rz 2025 erneut die Genussmesse in Mosigkau statt \u2013 ein wahres Fest f\u00fcr alle Liebhaber regionaler K\u00f6stlichkeiten! Ab 9 Uhr l\u00e4dt der Verein Schrot und Korn e.V. die Besucher dazu ein, sich von einer Vielfalt an Genussprodukten verf\u00fchren zu lassen und dies auf dem historischen Gutshof vom Schloss Mosigkau.<\/p>\n<p>Das Motto der diesj\u00e4hrigen Messe \u201eMosigkauer Fr\u00fchlingszauber\u201c steht wie kein anderes f\u00fcr die besonderen Leckereien, die die Region zu bieten hat.<\/p>\n<div id=\"metaslider-id-3056\" style=\"max-width: 800px;\" class=\"ml-slider-3-111-2 metaslider metaslider-responsive metaslider-3056 ml-slider ms-theme-default\" role=\"region\" aria-label=\"genussmesse2024\" data-height=\"600\" data-width=\"800\">\n    <div id=\"metaslider_container_3056\">\n        <ul id='metaslider_3056' class='rslides'>\n            <li aria-roledescription='slide' aria-labelledby='slide-0'><img loading=\"lazy\" decoding=\"async\" src=\"https:\/\/mosigkau-net.datel-dessau.de\/cms\/wp-content\/uploads\/2024\/08\/6-710x533.png\" height=\"600\" width=\"800\" alt=\"\" class=\"slider-3056 slide-3057 msDefaultImage\" title=\"6\" \/><\/li>\n            <li style='display: none;' aria-roledescription='slide' aria-labelledby='slide-1'><img loading=\"lazy\" decoding=\"async\" src=\"https:\/\/mosigkau-net.datel-dessau.de\/cms\/wp-content\/uploads\/2024\/08\/5-710x533.png\" height=\"600\" width=\"800\" alt=\"\" class=\"slider-3056 slide-3058 msDefaultImage\" title=\"5\" \/><\/li>\n            <li style='display: none;' aria-roledescription='slide' aria-labelledby='slide-2'><img loading=\"lazy\" decoding=\"async\" src=\"https:\/\/mosigkau-net.datel-dessau.de\/cms\/wp-content\/uploads\/2024\/08\/4-710x533.png\" height=\"600\" width=\"800\" alt=\"\" class=\"slider-3056 slide-3059 msDefaultImage\" title=\"4\" \/><\/li>\n            <li style='display: none;' aria-roledescription='slide' aria-labelledby='slide-3'><img loading=\"lazy\" decoding=\"async\" src=\"https:\/\/mosigkau-net.datel-dessau.de\/cms\/wp-content\/uploads\/2024\/08\/3-710x533.png\" height=\"600\" width=\"800\" alt=\"\" class=\"slider-3056 slide-3060 msDefaultImage\" title=\"3\" \/><\/li>\n            <li style='display: none;' aria-roledescription='slide' aria-labelledby='slide-4'><img loading=\"lazy\" decoding=\"async\" src=\"https:\/\/mosigkau-net.datel-dessau.de\/cms\/wp-content\/uploads\/2024\/08\/2-710x533.png\" height=\"600\" width=\"800\" alt=\"\" class=\"slider-3056 slide-3061 msDefaultImage\" title=\"2\" \/><\/li>\n        <\/ul>\n        \n    <\/div>\n<\/div>\n<p>Die G\u00e4ste k\u00f6nnen sich auf ein breites Angebot freuen, das von frisch ger\u00f6stetem Kaffee der renommierten Kaffeer\u00f6sterei Hannemann bis hin zu Lettlands K\u00f6stlichkeiten und frischen Schafsk\u00e4se vom Hof Jaare wird es geben . Auch die Fischliebhaber kommen auf ihre Kosten: frischer und ger\u00e4ucherter Fisch von der Buchholzm\u00fchle wird es zum Schlemmen geben. Um die Geschmacksknospen weiter zu verw\u00f6hnen, pr\u00e4sentiert Martin Zschoche aus Repau erntefrisches Obst und Gem\u00fcse, das die Besucher in seiner Vielfalt begeistern wird. Auch wird es leckere Weine geben von der Weinmanufaktur Zwicker in Jessen, welche durch die Weinbar &#8222;Feinherb&#8220; pr\u00e4sentiert werden.<\/p>\n<p>\u201eWir m\u00f6chten unseren G\u00e4sten Genuss auf die unterschiedlichsten Weisen n\u00e4herbringen und die Qualit\u00e4t regionaler Produkte in den Fokus r\u00fccken\u201c, so die Organisatoren der Genussmesse: Antje Pilz-Bresching, Sandra Gr\u00fcger und Michael Fr\u00fchauf. Die Genussmesse verspricht nicht nur kulinarische H\u00f6hepunkte, sondern auch die M\u00f6glichkeit, in geselliger Runde neue Kontakte zu kn\u00fcpfen und sich auszutauschen.<\/p>\n<p>Seien Sie dabei und erleben Sie am 22. M\u00e4rz 2025 ein unvergessliches Event voller Geschmackserlebnisse in Mosigkau!<\/p>\n","protected":false},"excerpt":{"rendered":"<p>2. Genussmesse in Mosigkau:\u00a0 &#8222;Mosigkauer Fr\u00fchlingszauber&#8220; am 22.03.2025 Nach dem vollen Erfolg im vorletzten Jahr findet<\/p>\n","protected":false},"author":2,"featured_media":3350,"template":"","meta":{"_tribe_events_status":"","_tribe_events_status_reason":"","footnotes":""},"tags":[],"tribe_events_cat":[],"class_list":["post-2420","tribe_events","type-tribe_events","status-publish","has-post-thumbnail","hentry"],"yoast_head":"<!-- This site is optimized with the Yoast SEO plugin v28.3 - https:\/\/yoast.com\/product\/yoast-seo-wordpress\/ -->\n<title>2. Genussmesse - Mosigkauer Fr\u00fchlingszauber - Mosigkau NET(T)<\/title>\n<meta name=\"robots\" content=\"index, follow, max-snippet:-1, max-image-preview:large, max-video-preview:-1\" \/>\n<link rel=\"canonical\" href=\"https:\/\/mosigkau-net.datel-dessau.de\/cms\/event\/2-genussmesse-mosigkauer-fruehlingszauber\/\" \/>\n<meta property=\"og:locale\" content=\"de_DE\" \/>\n<meta property=\"og:type\" content=\"article\" \/>\n<meta property=\"og:title\" content=\"2. Genussmesse - Mosigkauer Fr\u00fchlingszauber - Mosigkau NET(T)\" \/>\n<meta property=\"og:description\" content=\"2. Genussmesse in Mosigkau:\u00a0 &#8222;Mosigkauer Fr\u00fchlingszauber&#8220; am 22.03.2025 Nach dem vollen Erfolg im vorletzten Jahr findet\" \/>\n<meta property=\"og:url\" content=\"https:\/\/mosigkau-net.datel-dessau.de\/cms\/event\/2-genussmesse-mosigkauer-fruehlingszauber\/\" \/>\n<meta property=\"og:site_name\" content=\"Mosigkau NET(T)\" \/>\n<meta property=\"article:modified_time\" content=\"2025-03-17T20:57:28+00:00\" \/>\n<meta property=\"og:image\" content=\"https:\/\/mosigkau-net.datel-dessau.de\/cms\/cms\/wp-content\/uploads\/2025\/01\/2.genussmesse.png\" \/>\n\t<meta property=\"og:image:width\" content=\"500\" \/>\n\t<meta property=\"og:image:height\" content=\"355\" \/>\n\t<meta property=\"og:image:type\" content=\"image\/png\" \/>\n<meta name=\"twitter:card\" content=\"summary_large_image\" \/>\n<meta name=\"twitter:label1\" content=\"Gesch\u00e4tzte Lesezeit\" \/>\n\t<meta name=\"twitter:data1\" content=\"2\u00a0Minuten\" \/>\n<script type=\"application\/ld+json\" class=\"yoast-schema-graph\">{\"@context\":\"https:\\\/\\\/schema.org\",\"@graph\":[{\"@type\":\"WebPage\",\"@id\":\"https:\\\/\\\/mosigkau-net.datel-dessau.de\\\/cms\\\/event\\\/2-genussmesse-mosigkauer-fruehlingszauber\\\/\",\"url\":\"https:\\\/\\\/mosigkau-net.datel-dessau.de\\\/cms\\\/event\\\/2-genussmesse-mosigkauer-fruehlingszauber\\\/\",\"name\":\"2. Genussmesse - Mosigkauer Fr\u00fchlingszauber - Mosigkau NET(T)\",\"isPartOf\":{\"@id\":\"https:\\\/\\\/mosigkau-net.datel-dessau.de\\\/cms\\\/#website\"},\"primaryImageOfPage\":{\"@id\":\"https:\\\/\\\/mosigkau-net.datel-dessau.de\\\/cms\\\/event\\\/2-genussmesse-mosigkauer-fruehlingszauber\\\/#primaryimage\"},\"image\":{\"@id\":\"https:\\\/\\\/mosigkau-net.datel-dessau.de\\\/cms\\\/event\\\/2-genussmesse-mosigkauer-fruehlingszauber\\\/#primaryimage\"},\"thumbnailUrl\":\"https:\\\/\\\/mosigkau-net.datel-dessau.de\\\/cms\\\/wp-content\\\/uploads\\\/2025\\\/01\\\/2.genussmesse.png\",\"datePublished\":\"2023-11-06T16:02:57+00:00\",\"dateModified\":\"2025-03-17T20:57:28+00:00\",\"breadcrumb\":{\"@id\":\"https:\\\/\\\/mosigkau-net.datel-dessau.de\\\/cms\\\/event\\\/2-genussmesse-mosigkauer-fruehlingszauber\\\/#breadcrumb\"},\"inLanguage\":\"de\",\"potentialAction\":[{\"@type\":\"ReadAction\",\"target\":[\"https:\\\/\\\/mosigkau-net.datel-dessau.de\\\/cms\\\/event\\\/2-genussmesse-mosigkauer-fruehlingszauber\\\/\"]}]},{\"@type\":\"ImageObject\",\"inLanguage\":\"de\",\"@id\":\"https:\\\/\\\/mosigkau-net.datel-dessau.de\\\/cms\\\/event\\\/2-genussmesse-mosigkauer-fruehlingszauber\\\/#primaryimage\",\"url\":\"https:\\\/\\\/mosigkau-net.datel-dessau.de\\\/cms\\\/wp-content\\\/uploads\\\/2025\\\/01\\\/2.genussmesse.png\",\"contentUrl\":\"https:\\\/\\\/mosigkau-net.datel-dessau.de\\\/cms\\\/wp-content\\\/uploads\\\/2025\\\/01\\\/2.genussmesse.png\",\"width\":500,\"height\":355},{\"@type\":\"BreadcrumbList\",\"@id\":\"https:\\\/\\\/mosigkau-net.datel-dessau.de\\\/cms\\\/event\\\/2-genussmesse-mosigkauer-fruehlingszauber\\\/#breadcrumb\",\"itemListElement\":[{\"@type\":\"ListItem\",\"position\":1,\"name\":\"Startseite\",\"item\":\"https:\\\/\\\/mosigkau-net.datel-dessau.de\\\/cms\\\/\"},{\"@type\":\"ListItem\",\"position\":2,\"name\":\"Veranstaltungen\",\"item\":\"https:\\\/\\\/mosigkau-net.datel-dessau.de\\\/cms\\\/events\\\/\"},{\"@type\":\"ListItem\",\"position\":3,\"name\":\"2. Genussmesse &#8211; Mosigkauer Fr\u00fchlingszauber\"}]},{\"@type\":\"WebSite\",\"@id\":\"https:\\\/\\\/mosigkau-net.datel-dessau.de\\\/cms\\\/#website\",\"url\":\"https:\\\/\\\/mosigkau-net.datel-dessau.de\\\/cms\\\/\",\"name\":\"Mosigkau NET(T)\",\"description\":\"Informationen rund um Mosigkau\",\"publisher\":{\"@id\":\"https:\\\/\\\/mosigkau-net.datel-dessau.de\\\/cms\\\/#organization\"},\"potentialAction\":[{\"@type\":\"SearchAction\",\"target\":{\"@type\":\"EntryPoint\",\"urlTemplate\":\"https:\\\/\\\/mosigkau-net.datel-dessau.de\\\/cms\\\/?s={search_term_string}\"},\"query-input\":{\"@type\":\"PropertyValueSpecification\",\"valueRequired\":true,\"valueName\":\"search_term_string\"}}],\"inLanguage\":\"de\"},{\"@type\":\"Organization\",\"@id\":\"https:\\\/\\\/mosigkau-net.datel-dessau.de\\\/cms\\\/#organization\",\"name\":\"Mosigkau NET(T)\",\"url\":\"https:\\\/\\\/mosigkau-net.datel-dessau.de\\\/cms\\\/\",\"logo\":{\"@type\":\"ImageObject\",\"inLanguage\":\"de\",\"@id\":\"https:\\\/\\\/mosigkau-net.datel-dessau.de\\\/cms\\\/#\\\/schema\\\/logo\\\/image\\\/\",\"url\":\"https:\\\/\\\/mosigkau-net.datel-dessau.de\\\/cms\\\/cms\\\/wp-content\\\/uploads\\\/2021\\\/08\\\/wappen.png\",\"contentUrl\":\"https:\\\/\\\/mosigkau-net.datel-dessau.de\\\/cms\\\/cms\\\/wp-content\\\/uploads\\\/2021\\\/08\\\/wappen.png\",\"width\":512,\"height\":512,\"caption\":\"Mosigkau NET(T)\"},\"image\":{\"@id\":\"https:\\\/\\\/mosigkau-net.datel-dessau.de\\\/cms\\\/#\\\/schema\\\/logo\\\/image\\\/\"}}]}<\/script>\n<!-- \/ Yoast SEO plugin. -->","yoast_head_json":{"title":"2. Genussmesse - Mosigkauer Fr\u00fchlingszauber - Mosigkau NET(T)","robots":{"index":"index","follow":"follow","max-snippet":"max-snippet:-1","max-image-preview":"max-image-preview:large","max-video-preview":"max-video-preview:-1"},"canonical":"https:\/\/mosigkau-net.datel-dessau.de\/cms\/event\/2-genussmesse-mosigkauer-fruehlingszauber\/","og_locale":"de_DE","og_type":"article","og_title":"2. Genussmesse - Mosigkauer Fr\u00fchlingszauber - Mosigkau NET(T)","og_description":"2. Genussmesse in Mosigkau:\u00a0 &#8222;Mosigkauer Fr\u00fchlingszauber&#8220; am 22.03.2025 Nach dem vollen Erfolg im vorletzten Jahr findet","og_url":"https:\/\/mosigkau-net.datel-dessau.de\/cms\/event\/2-genussmesse-mosigkauer-fruehlingszauber\/","og_site_name":"Mosigkau NET(T)","article_modified_time":"2025-03-17T20:57:28+00:00","og_image":[{"width":500,"height":355,"url":"https:\/\/mosigkau-net.datel-dessau.de\/cms\/cms\/wp-content\/uploads\/2025\/01\/2.genussmesse.png","type":"image\/png"}],"twitter_card":"summary_large_image","twitter_misc":{"Gesch\u00e4tzte Lesezeit":"2\u00a0Minuten"},"schema":{"@context":"https:\/\/schema.org","@graph":[{"@type":"WebPage","@id":"https:\/\/mosigkau-net.datel-dessau.de\/cms\/event\/2-genussmesse-mosigkauer-fruehlingszauber\/","url":"https:\/\/mosigkau-net.datel-dessau.de\/cms\/event\/2-genussmesse-mosigkauer-fruehlingszauber\/","name":"2. Genussmesse - Mosigkauer Fr\u00fchlingszauber - Mosigkau NET(T)","isPartOf":{"@id":"https:\/\/mosigkau-net.datel-dessau.de\/cms\/#website"},"primaryImageOfPage":{"@id":"https:\/\/mosigkau-net.datel-dessau.de\/cms\/event\/2-genussmesse-mosigkauer-fruehlingszauber\/#primaryimage"},"image":{"@id":"https:\/\/mosigkau-net.datel-dessau.de\/cms\/event\/2-genussmesse-mosigkauer-fruehlingszauber\/#primaryimage"},"thumbnailUrl":"https:\/\/mosigkau-net.datel-dessau.de\/cms\/wp-content\/uploads\/2025\/01\/2.genussmesse.png","datePublished":"2023-11-06T16:02:57+00:00","dateModified":"2025-03-17T20:57:28+00:00","breadcrumb":{"@id":"https:\/\/mosigkau-net.datel-dessau.de\/cms\/event\/2-genussmesse-mosigkauer-fruehlingszauber\/#breadcrumb"},"inLanguage":"de","potentialAction":[{"@type":"ReadAction","target":["https:\/\/mosigkau-net.datel-dessau.de\/cms\/event\/2-genussmesse-mosigkauer-fruehlingszauber\/"]}]},{"@type":"ImageObject","inLanguage":"de","@id":"https:\/\/mosigkau-net.datel-dessau.de\/cms\/event\/2-genussmesse-mosigkauer-fruehlingszauber\/#primaryimage","url":"https:\/\/mosigkau-net.datel-dessau.de\/cms\/wp-content\/uploads\/2025\/01\/2.genussmesse.png","contentUrl":"https:\/\/mosigkau-net.datel-dessau.de\/cms\/wp-content\/uploads\/2025\/01\/2.genussmesse.png","width":500,"height":355},{"@type":"BreadcrumbList","@id":"https:\/\/mosigkau-net.datel-dessau.de\/cms\/event\/2-genussmesse-mosigkauer-fruehlingszauber\/#breadcrumb","itemListElement":[{"@type":"ListItem","position":1,"name":"Startseite","item":"https:\/\/mosigkau-net.datel-dessau.de\/cms\/"},{"@type":"ListItem","position":2,"name":"Veranstaltungen","item":"https:\/\/mosigkau-net.datel-dessau.de\/cms\/events\/"},{"@type":"ListItem","position":3,"name":"2. Genussmesse &#8211; Mosigkauer Fr\u00fchlingszauber"}]},{"@type":"WebSite","@id":"https:\/\/mosigkau-net.datel-dessau.de\/cms\/#website","url":"https:\/\/mosigkau-net.datel-dessau.de\/cms\/","name":"Mosigkau NET(T)","description":"Informationen rund um Mosigkau","publisher":{"@id":"https:\/\/mosigkau-net.datel-dessau.de\/cms\/#organization"},"potentialAction":[{"@type":"SearchAction","target":{"@type":"EntryPoint","urlTemplate":"https:\/\/mosigkau-net.datel-dessau.de\/cms\/?s={search_term_string}"},"query-input":{"@type":"PropertyValueSpecification","valueRequired":true,"valueName":"search_term_string"}}],"inLanguage":"de"},{"@type":"Organization","@id":"https:\/\/mosigkau-net.datel-dessau.de\/cms\/#organization","name":"Mosigkau NET(T)","url":"https:\/\/mosigkau-net.datel-dessau.de\/cms\/","logo":{"@type":"ImageObject","inLanguage":"de","@id":"https:\/\/mosigkau-net.datel-dessau.de\/cms\/#\/schema\/logo\/image\/","url":"https:\/\/mosigkau-net.datel-dessau.de\/cms\/cms\/wp-content\/uploads\/2021\/08\/wappen.png","contentUrl":"https:\/\/mosigkau-net.datel-dessau.de\/cms\/cms\/wp-content\/uploads\/2021\/08\/wappen.png","width":512,"height":512,"caption":"Mosigkau NET(T)"},"image":{"@id":"https:\/\/mosigkau-net.datel-dessau.de\/cms\/#\/schema\/logo\/image\/"}}]}},"publishpress_future_workflow_manual_trigger":{"enabledWorkflows":[]},"_links":{"self":[{"href":"https:\/\/mosigkau-net.datel-dessau.de\/cms\/wp-json\/wp\/v2\/tribe_events\/2420","targetHints":{"allow":["GET"]}}],"collection":[{"href":"https:\/\/mosigkau-net.datel-dessau.de\/cms\/wp-json\/wp\/v2\/tribe_events"}],"about":[{"href":"https:\/\/mosigkau-net.datel-dessau.de\/cms\/wp-json\/wp\/v2\/types\/tribe_events"}],"author":[{"embeddable":true,"href":"https:\/\/mosigkau-net.datel-dessau.de\/cms\/wp-json\/wp\/v2\/users\/2"}],"version-history":[{"count":4,"href":"https:\/\/mosigkau-net.datel-dessau.de\/cms\/wp-json\/wp\/v2\/tribe_events\/2420\/revisions"}],"predecessor-version":[{"id":3658,"href":"https:\/\/mosigkau-net.datel-dessau.de\/cms\/wp-json\/wp\/v2\/tribe_events\/2420\/revisions\/3658"}],"wp:featuredmedia":[{"embeddable":true,"href":"https:\/\/mosigkau-net.datel-dessau.de\/cms\/wp-json\/wp\/v2\/media\/3350"}],"wp:attachment":[{"href":"https:\/\/mosigkau-net.datel-dessau.de\/cms\/wp-json\/wp\/v2\/media?parent=2420"}],"wp:term":[{"taxonomy":"post_tag","embeddable":true,"href":"https:\/\/mosigkau-net.datel-dessau.de\/cms\/wp-json\/wp\/v2\/tags?post=2420"},{"taxonomy":"tribe_events_cat","embeddable":true,"href":"https:\/\/mosigkau-net.datel-dessau.de\/cms\/wp-json\/wp\/v2\/tribe_events_cat?post=2420"}],"curies":[{"name":"wp","href":"https:\/\/api.w.org\/{rel}","templated":true}]}}