{"id":3780,"date":"2025-05-27T21:21:19","date_gmt":"2025-05-27T20:21:19","guid":{"rendered":"https:\/\/www.mosigkau.net\/?post_type=tribe_events&#038;p=3780"},"modified":"2025-05-27T21:46:22","modified_gmt":"2025-05-27T20:46:22","slug":"vortrag-ueber-anna-wilhelmine-prinzessin-von-anhalt-dessau","status":"publish","type":"tribe_events","link":"https:\/\/mosigkau-net.datel-dessau.de\/cms\/event\/vortrag-ueber-anna-wilhelmine-prinzessin-von-anhalt-dessau\/","title":{"rendered":"Vortrag \u00fcber Anna Wilhelmine Prinzessin von Anhalt-Dessau"},"content":{"rendered":"<p>Nach der gro\u00dfen Resonanz im vergangenen Jahr, freuen wir uns, dass sich auch 2025 Kristina Schlansky wieder bereit erkl\u00e4rt hat, einen Vortrag \u00fcber unsere Prinzessin Wilhelmine zu halten. Das wird ein wunderbarer Auftakt am Donnerstagabend vor dem Wilhelminenfest im Garten des B\u00fcrgerhauses.<\/p>\n<p>Es ist gen\u00fcgend Platz und f\u00fcr Verpflegung wird gesorgt, dennoch sind Anmeldungen w\u00fcnschenswert.<\/p>\n<p>Jetzt anmelden: <a href=\"mailto:marion.fricke@dessau-rosslau.de\">marion.fricke@dessau-rosslau.de<\/a> oder Telefon <a href=\"tel:+493405612323\">0340 561-2323<\/a><br \/>\nEinlass 17:30 Uhr, Knobelsdorffallee 4, 06847 Dessau-Ro\u00dflau<\/p>\n","protected":false},"excerpt":{"rendered":"<p>Nach der gro\u00dfen Resonanz im vergangenen Jahr, freuen wir uns, dass sich auch 2025 Kristina Schlansky<\/p>\n","protected":false},"author":2,"featured_media":3785,"template":"","meta":{"_tribe_events_status":"","_tribe_events_status_reason":"","footnotes":""},"tags":[],"tribe_events_cat":[],"class_list":["post-3780","tribe_events","type-tribe_events","status-publish","has-post-thumbnail","hentry"],"yoast_head":"<!-- This site is optimized with the Yoast SEO plugin v28.3 - https:\/\/yoast.com\/product\/yoast-seo-wordpress\/ -->\n<title>Vortrag \u00fcber Anna Wilhelmine Prinzessin von Anhalt-Dessau - Mosigkau NET(T)<\/title>\n<meta name=\"robots\" content=\"index, follow, max-snippet:-1, max-image-preview:large, max-video-preview:-1\" \/>\n<link rel=\"canonical\" href=\"https:\/\/mosigkau-net.datel-dessau.de\/cms\/event\/vortrag-ueber-anna-wilhelmine-prinzessin-von-anhalt-dessau\/\" \/>\n<meta property=\"og:locale\" content=\"de_DE\" \/>\n<meta property=\"og:type\" content=\"article\" \/>\n<meta property=\"og:title\" content=\"Vortrag \u00fcber Anna Wilhelmine Prinzessin von Anhalt-Dessau - Mosigkau NET(T)\" \/>\n<meta property=\"og:description\" content=\"Nach der gro\u00dfen Resonanz im vergangenen Jahr, freuen wir uns, dass sich auch 2025 Kristina Schlansky\" \/>\n<meta property=\"og:url\" content=\"https:\/\/mosigkau-net.datel-dessau.de\/cms\/event\/vortrag-ueber-anna-wilhelmine-prinzessin-von-anhalt-dessau\/\" \/>\n<meta property=\"og:site_name\" content=\"Mosigkau NET(T)\" \/>\n<meta property=\"article:modified_time\" content=\"2025-05-27T20:46:22+00:00\" \/>\n<meta property=\"og:image\" content=\"https:\/\/mosigkau-net.datel-dessau.de\/cms\/cms\/wp-content\/uploads\/2025\/05\/anna2-scaled.jpeg\" \/>\n\t<meta property=\"og:image:width\" content=\"1440\" \/>\n\t<meta property=\"og:image:height\" content=\"2560\" \/>\n\t<meta property=\"og:image:type\" content=\"image\/jpeg\" \/>\n<meta name=\"twitter:card\" content=\"summary_large_image\" \/>\n<meta name=\"twitter:label1\" content=\"Gesch\u00e4tzte Lesezeit\" \/>\n\t<meta name=\"twitter:data1\" content=\"1\u00a0Minute\" \/>\n<script type=\"application\/ld+json\" class=\"yoast-schema-graph\">{\"@context\":\"https:\\\/\\\/schema.org\",\"@graph\":[{\"@type\":\"WebPage\",\"@id\":\"https:\\\/\\\/mosigkau-net.datel-dessau.de\\\/cms\\\/event\\\/vortrag-ueber-anna-wilhelmine-prinzessin-von-anhalt-dessau\\\/\",\"url\":\"https:\\\/\\\/mosigkau-net.datel-dessau.de\\\/cms\\\/event\\\/vortrag-ueber-anna-wilhelmine-prinzessin-von-anhalt-dessau\\\/\",\"name\":\"Vortrag \u00fcber Anna Wilhelmine Prinzessin von Anhalt-Dessau - Mosigkau NET(T)\",\"isPartOf\":{\"@id\":\"https:\\\/\\\/mosigkau-net.datel-dessau.de\\\/cms\\\/#website\"},\"primaryImageOfPage\":{\"@id\":\"https:\\\/\\\/mosigkau-net.datel-dessau.de\\\/cms\\\/event\\\/vortrag-ueber-anna-wilhelmine-prinzessin-von-anhalt-dessau\\\/#primaryimage\"},\"image\":{\"@id\":\"https:\\\/\\\/mosigkau-net.datel-dessau.de\\\/cms\\\/event\\\/vortrag-ueber-anna-wilhelmine-prinzessin-von-anhalt-dessau\\\/#primaryimage\"},\"thumbnailUrl\":\"https:\\\/\\\/mosigkau-net.datel-dessau.de\\\/cms\\\/wp-content\\\/uploads\\\/2025\\\/05\\\/anna2-scaled.jpeg\",\"datePublished\":\"2025-05-27T20:21:19+00:00\",\"dateModified\":\"2025-05-27T20:46:22+00:00\",\"breadcrumb\":{\"@id\":\"https:\\\/\\\/mosigkau-net.datel-dessau.de\\\/cms\\\/event\\\/vortrag-ueber-anna-wilhelmine-prinzessin-von-anhalt-dessau\\\/#breadcrumb\"},\"inLanguage\":\"de\",\"potentialAction\":[{\"@type\":\"ReadAction\",\"target\":[\"https:\\\/\\\/mosigkau-net.datel-dessau.de\\\/cms\\\/event\\\/vortrag-ueber-anna-wilhelmine-prinzessin-von-anhalt-dessau\\\/\"]}]},{\"@type\":\"ImageObject\",\"inLanguage\":\"de\",\"@id\":\"https:\\\/\\\/mosigkau-net.datel-dessau.de\\\/cms\\\/event\\\/vortrag-ueber-anna-wilhelmine-prinzessin-von-anhalt-dessau\\\/#primaryimage\",\"url\":\"https:\\\/\\\/mosigkau-net.datel-dessau.de\\\/cms\\\/wp-content\\\/uploads\\\/2025\\\/05\\\/anna2-scaled.jpeg\",\"contentUrl\":\"https:\\\/\\\/mosigkau-net.datel-dessau.de\\\/cms\\\/wp-content\\\/uploads\\\/2025\\\/05\\\/anna2-scaled.jpeg\",\"width\":1440,\"height\":2560},{\"@type\":\"BreadcrumbList\",\"@id\":\"https:\\\/\\\/mosigkau-net.datel-dessau.de\\\/cms\\\/event\\\/vortrag-ueber-anna-wilhelmine-prinzessin-von-anhalt-dessau\\\/#breadcrumb\",\"itemListElement\":[{\"@type\":\"ListItem\",\"position\":1,\"name\":\"Startseite\",\"item\":\"https:\\\/\\\/mosigkau-net.datel-dessau.de\\\/cms\\\/\"},{\"@type\":\"ListItem\",\"position\":2,\"name\":\"Veranstaltungen\",\"item\":\"https:\\\/\\\/mosigkau-net.datel-dessau.de\\\/cms\\\/events\\\/\"},{\"@type\":\"ListItem\",\"position\":3,\"name\":\"Vortrag \u00fcber Anna Wilhelmine Prinzessin von Anhalt-Dessau\"}]},{\"@type\":\"WebSite\",\"@id\":\"https:\\\/\\\/mosigkau-net.datel-dessau.de\\\/cms\\\/#website\",\"url\":\"https:\\\/\\\/mosigkau-net.datel-dessau.de\\\/cms\\\/\",\"name\":\"Mosigkau NET(T)\",\"description\":\"Informationen rund um Mosigkau\",\"publisher\":{\"@id\":\"https:\\\/\\\/mosigkau-net.datel-dessau.de\\\/cms\\\/#organization\"},\"potentialAction\":[{\"@type\":\"SearchAction\",\"target\":{\"@type\":\"EntryPoint\",\"urlTemplate\":\"https:\\\/\\\/mosigkau-net.datel-dessau.de\\\/cms\\\/?s={search_term_string}\"},\"query-input\":{\"@type\":\"PropertyValueSpecification\",\"valueRequired\":true,\"valueName\":\"search_term_string\"}}],\"inLanguage\":\"de\"},{\"@type\":\"Organization\",\"@id\":\"https:\\\/\\\/mosigkau-net.datel-dessau.de\\\/cms\\\/#organization\",\"name\":\"Mosigkau NET(T)\",\"url\":\"https:\\\/\\\/mosigkau-net.datel-dessau.de\\\/cms\\\/\",\"logo\":{\"@type\":\"ImageObject\",\"inLanguage\":\"de\",\"@id\":\"https:\\\/\\\/mosigkau-net.datel-dessau.de\\\/cms\\\/#\\\/schema\\\/logo\\\/image\\\/\",\"url\":\"https:\\\/\\\/mosigkau-net.datel-dessau.de\\\/cms\\\/cms\\\/wp-content\\\/uploads\\\/2021\\\/08\\\/wappen.png\",\"contentUrl\":\"https:\\\/\\\/mosigkau-net.datel-dessau.de\\\/cms\\\/cms\\\/wp-content\\\/uploads\\\/2021\\\/08\\\/wappen.png\",\"width\":512,\"height\":512,\"caption\":\"Mosigkau NET(T)\"},\"image\":{\"@id\":\"https:\\\/\\\/mosigkau-net.datel-dessau.de\\\/cms\\\/#\\\/schema\\\/logo\\\/image\\\/\"}}]}<\/script>\n<!-- \/ Yoast SEO plugin. -->","yoast_head_json":{"title":"Vortrag \u00fcber Anna Wilhelmine Prinzessin von Anhalt-Dessau - Mosigkau NET(T)","robots":{"index":"index","follow":"follow","max-snippet":"max-snippet:-1","max-image-preview":"max-image-preview:large","max-video-preview":"max-video-preview:-1"},"canonical":"https:\/\/mosigkau-net.datel-dessau.de\/cms\/event\/vortrag-ueber-anna-wilhelmine-prinzessin-von-anhalt-dessau\/","og_locale":"de_DE","og_type":"article","og_title":"Vortrag \u00fcber Anna Wilhelmine Prinzessin von Anhalt-Dessau - Mosigkau NET(T)","og_description":"Nach der gro\u00dfen Resonanz im vergangenen Jahr, freuen wir uns, dass sich auch 2025 Kristina Schlansky","og_url":"https:\/\/mosigkau-net.datel-dessau.de\/cms\/event\/vortrag-ueber-anna-wilhelmine-prinzessin-von-anhalt-dessau\/","og_site_name":"Mosigkau NET(T)","article_modified_time":"2025-05-27T20:46:22+00:00","og_image":[{"width":1440,"height":2560,"url":"https:\/\/mosigkau-net.datel-dessau.de\/cms\/cms\/wp-content\/uploads\/2025\/05\/anna2-scaled.jpeg","type":"image\/jpeg"}],"twitter_card":"summary_large_image","twitter_misc":{"Gesch\u00e4tzte Lesezeit":"1\u00a0Minute"},"schema":{"@context":"https:\/\/schema.org","@graph":[{"@type":"WebPage","@id":"https:\/\/mosigkau-net.datel-dessau.de\/cms\/event\/vortrag-ueber-anna-wilhelmine-prinzessin-von-anhalt-dessau\/","url":"https:\/\/mosigkau-net.datel-dessau.de\/cms\/event\/vortrag-ueber-anna-wilhelmine-prinzessin-von-anhalt-dessau\/","name":"Vortrag \u00fcber Anna Wilhelmine Prinzessin von Anhalt-Dessau - Mosigkau NET(T)","isPartOf":{"@id":"https:\/\/mosigkau-net.datel-dessau.de\/cms\/#website"},"primaryImageOfPage":{"@id":"https:\/\/mosigkau-net.datel-dessau.de\/cms\/event\/vortrag-ueber-anna-wilhelmine-prinzessin-von-anhalt-dessau\/#primaryimage"},"image":{"@id":"https:\/\/mosigkau-net.datel-dessau.de\/cms\/event\/vortrag-ueber-anna-wilhelmine-prinzessin-von-anhalt-dessau\/#primaryimage"},"thumbnailUrl":"https:\/\/mosigkau-net.datel-dessau.de\/cms\/wp-content\/uploads\/2025\/05\/anna2-scaled.jpeg","datePublished":"2025-05-27T20:21:19+00:00","dateModified":"2025-05-27T20:46:22+00:00","breadcrumb":{"@id":"https:\/\/mosigkau-net.datel-dessau.de\/cms\/event\/vortrag-ueber-anna-wilhelmine-prinzessin-von-anhalt-dessau\/#breadcrumb"},"inLanguage":"de","potentialAction":[{"@type":"ReadAction","target":["https:\/\/mosigkau-net.datel-dessau.de\/cms\/event\/vortrag-ueber-anna-wilhelmine-prinzessin-von-anhalt-dessau\/"]}]},{"@type":"ImageObject","inLanguage":"de","@id":"https:\/\/mosigkau-net.datel-dessau.de\/cms\/event\/vortrag-ueber-anna-wilhelmine-prinzessin-von-anhalt-dessau\/#primaryimage","url":"https:\/\/mosigkau-net.datel-dessau.de\/cms\/wp-content\/uploads\/2025\/05\/anna2-scaled.jpeg","contentUrl":"https:\/\/mosigkau-net.datel-dessau.de\/cms\/wp-content\/uploads\/2025\/05\/anna2-scaled.jpeg","width":1440,"height":2560},{"@type":"BreadcrumbList","@id":"https:\/\/mosigkau-net.datel-dessau.de\/cms\/event\/vortrag-ueber-anna-wilhelmine-prinzessin-von-anhalt-dessau\/#breadcrumb","itemListElement":[{"@type":"ListItem","position":1,"name":"Startseite","item":"https:\/\/mosigkau-net.datel-dessau.de\/cms\/"},{"@type":"ListItem","position":2,"name":"Veranstaltungen","item":"https:\/\/mosigkau-net.datel-dessau.de\/cms\/events\/"},{"@type":"ListItem","position":3,"name":"Vortrag \u00fcber Anna Wilhelmine Prinzessin von Anhalt-Dessau"}]},{"@type":"WebSite","@id":"https:\/\/mosigkau-net.datel-dessau.de\/cms\/#website","url":"https:\/\/mosigkau-net.datel-dessau.de\/cms\/","name":"Mosigkau NET(T)","description":"Informationen rund um Mosigkau","publisher":{"@id":"https:\/\/mosigkau-net.datel-dessau.de\/cms\/#organization"},"potentialAction":[{"@type":"SearchAction","target":{"@type":"EntryPoint","urlTemplate":"https:\/\/mosigkau-net.datel-dessau.de\/cms\/?s={search_term_string}"},"query-input":{"@type":"PropertyValueSpecification","valueRequired":true,"valueName":"search_term_string"}}],"inLanguage":"de"},{"@type":"Organization","@id":"https:\/\/mosigkau-net.datel-dessau.de\/cms\/#organization","name":"Mosigkau NET(T)","url":"https:\/\/mosigkau-net.datel-dessau.de\/cms\/","logo":{"@type":"ImageObject","inLanguage":"de","@id":"https:\/\/mosigkau-net.datel-dessau.de\/cms\/#\/schema\/logo\/image\/","url":"https:\/\/mosigkau-net.datel-dessau.de\/cms\/cms\/wp-content\/uploads\/2021\/08\/wappen.png","contentUrl":"https:\/\/mosigkau-net.datel-dessau.de\/cms\/cms\/wp-content\/uploads\/2021\/08\/wappen.png","width":512,"height":512,"caption":"Mosigkau NET(T)"},"image":{"@id":"https:\/\/mosigkau-net.datel-dessau.de\/cms\/#\/schema\/logo\/image\/"}}]}},"publishpress_future_workflow_manual_trigger":{"enabledWorkflows":[]},"_links":{"self":[{"href":"https:\/\/mosigkau-net.datel-dessau.de\/cms\/wp-json\/wp\/v2\/tribe_events\/3780","targetHints":{"allow":["GET"]}}],"collection":[{"href":"https:\/\/mosigkau-net.datel-dessau.de\/cms\/wp-json\/wp\/v2\/tribe_events"}],"about":[{"href":"https:\/\/mosigkau-net.datel-dessau.de\/cms\/wp-json\/wp\/v2\/types\/tribe_events"}],"author":[{"embeddable":true,"href":"https:\/\/mosigkau-net.datel-dessau.de\/cms\/wp-json\/wp\/v2\/users\/2"}],"version-history":[{"count":4,"href":"https:\/\/mosigkau-net.datel-dessau.de\/cms\/wp-json\/wp\/v2\/tribe_events\/3780\/revisions"}],"predecessor-version":[{"id":3784,"href":"https:\/\/mosigkau-net.datel-dessau.de\/cms\/wp-json\/wp\/v2\/tribe_events\/3780\/revisions\/3784"}],"wp:featuredmedia":[{"embeddable":true,"href":"https:\/\/mosigkau-net.datel-dessau.de\/cms\/wp-json\/wp\/v2\/media\/3785"}],"wp:attachment":[{"href":"https:\/\/mosigkau-net.datel-dessau.de\/cms\/wp-json\/wp\/v2\/media?parent=3780"}],"wp:term":[{"taxonomy":"post_tag","embeddable":true,"href":"https:\/\/mosigkau-net.datel-dessau.de\/cms\/wp-json\/wp\/v2\/tags?post=3780"},{"taxonomy":"tribe_events_cat","embeddable":true,"href":"https:\/\/mosigkau-net.datel-dessau.de\/cms\/wp-json\/wp\/v2\/tribe_events_cat?post=3780"}],"curies":[{"name":"wp","href":"https:\/\/api.w.org\/{rel}","templated":true}]}}